{"id":6382,"date":"2025-08-07T04:02:40","date_gmt":"2025-08-06T23:02:40","guid":{"rendered":"http:\/\/intsuperior.edu.ec\/?page_id=6382"},"modified":"2025-08-14T06:36:47","modified_gmt":"2025-08-14T01:36:47","slug":"plantadocenteespecialiadm","status":"publish","type":"page","link":"http:\/\/intsuperior.edu.ec\/?page_id=6382","title":{"rendered":"PLANTADOCENTEESPECIALIADM"},"content":{"rendered":"<div class=\"\" style=\"\" >\n    \n    <section class=\"u-align-center u-clearfix u-container-align-center u-image u-section-2\" id=\"sec-aae9\" data-image-width=\"2560\" data-image-height=\"889\" style=\"background-image: url(&quot;http:\/\/intsuperior.edu.ec\/wp-content\/uploads\/2025\/08\/plantadocente-scaled.jpg&quot;);\">\n      <div class=\"u-clearfix u-sheet u-sheet-1\"><\/div>\n    <\/section>\n    <section class=\"u-clearfix u-section-3\" id=\"sec-9265\">\n      <div class=\"u-clearfix u-sheet u-sheet-1\">\n        <h2 class=\"u-align-center u-text u-text-default u-text-1\">\n          <span class=\"u-text-black\">PLANTA DOCENTE<\/span>\n          <br>\n          <span class=\"u-text-palette-2-base\">ESPECIALIZADA&nbsp;<\/span>\n        <\/h2>\n      <\/div>\n    <\/section>\n    <section class=\"u-clearfix u-grey-5 u-section-4\" id=\"carousel_9d60\">\n      <div class=\"u-clearfix u-sheet u-sheet-1\">\n        <div class=\"data-layout-selected u-clearfix u-expanded-width u-gutter-10 u-layout-wrap u-layout-wrap-1\">\n          <div class=\"u-layout\" style=\"\">\n            <div class=\"u-layout-row\" style=\"\">\n              <div class=\"u-align-center u-container-align-center u-container-style u-image u-layout-cell u-left-cell u-size-30 u-size-xs-60 u-image-1\" src=\"\" data-image-width=\"4364\" data-image-height=\"3092\" style=\"background-image: url(&quot;http:\/\/intsuperior.edu.ec\/wp-content\/uploads\/2025\/06\/20250121_163744-scaled.jpg&quot;);\">\n                <div class=\"u-container-layout u-container-layout-1\" src=\"\"><\/div>\n              <\/div>\n              <div class=\"u-container-style u-grey-80 u-layout-cell u-right-cell u-size-30 u-size-xs-60 u-layout-cell-2\" src=\"\">\n                <div class=\"u-container-layout u-container-layout-2\">\n                  <p class=\"u-align-center u-text u-text-1\">Sample text. Lorem ipsum dolor sit amet, consectetur adipiscing elit nullam nunc justo sagittis suscipit ultrices.<\/p>\n                  <h6 class=\"u-align-left u-text u-text-2\">\n                    <span style=\"font-weight: 700; font-style: italic;\"> Mgs. Graciela de la Mercedes Villacis Barriga<\/span>\n                    <br>\n                    <span class=\"u-text-palette-2-base\">Coordinadora<\/span>\n                    <br> Ingeniera en Marketing y Gesti\u00f3n de Negocios<br>M\u00e1ster Universitario en Direcci\u00f3n y Administraci\u00f3n de Empresas.\n                  <\/h6>\n                  <p class=\"u-align-center u-text u-text-3\">JKHJKHJK<\/p>\n                  <h6 class=\"u-align-justify u-text u-text-4\"> Profesional con\n12 a\u00f1os de experiencia en docencia, con competencias en liderazgo, gesti\u00f3n\norganizacional, toma de decisiones, optimizaci\u00f3n de recursos y formaci\u00f3n\nacad\u00e9mica orientada al crecimiento sostenible y la eficiencia en entornos\nempresariales.<\/h6>\n                <\/div>\n              <\/div>\n            <\/div>\n          <\/div>\n        <\/div>\n      <\/div>\n    <\/section>\n    <section class=\"u-clearfix u-grey-5 u-section-5\" id=\"carousel_e39d\">\n      <div class=\"u-clearfix u-sheet u-valign-middle u-sheet-1\">\n        <div class=\"data-layout-selected u-clearfix u-gutter-10 u-layout-wrap u-layout-wrap-1\">\n          <div class=\"u-layout\" style=\"\">\n            <div class=\"u-layout-row\" style=\"\">\n              <div class=\"u-container-style u-grey-80 u-layout-cell u-left-cell u-size-30 u-size-xs-60 u-layout-cell-1\" src=\"\">\n                <div class=\"u-container-layout u-valign-bottom u-container-layout-1\">\n                  <p class=\"u-align-center u-text u-text-1\">Sample text. Lorem ipsum dolor sit amet, consectetur adipiscing elit nullam nunc justo sagittis suscipit ultrices.<\/p>\n                  <h6 class=\"u-align-left u-text u-text-2\">\n                    <span style=\"font-weight: 700; font-style: italic;\"> Mgs. \u200bMaritza\nAlexandra Puentestar G\u00f3mez&nbsp;<\/span>\n                    <br>\n                    <span class=\"u-text-palette-2-base\"> Sub Coordinadora<\/span>\n                    <br> Ingeniera en Econom\u00eda&nbsp;<br> Magister en Dise\u00f1o\ny Evaluaci\u00f3n de Proyectos\n                  <\/h6>\n                  <p class=\"u-align-center u-text u-text-3\">JKHJKHJK<\/p>\n                  <h6 class=\"u-align-justify u-text u-text-4\"> Profesional en\nEconom\u00eda y Finanzas, Mag\u00edster en Dise\u00f1o y Evaluaci\u00f3n de Proyectos, con\nexperiencia en planificaci\u00f3n y an\u00e1lisis de proyectos en GADs y MAGAP;\nactualmente docente en Administraci\u00f3n en el INT.<\/h6>\n                <\/div>\n              <\/div>\n              <div class=\"u-align-center u-container-align-center u-container-style u-image u-layout-cell u-right-cell u-size-30 u-size-xs-60 u-image-1\" src=\"\" data-image-width=\"4624\" data-image-height=\"3468\" style=\"background-image: url(&quot;http:\/\/intsuperior.edu.ec\/wp-content\/uploads\/2025\/06\/20250121_171027-scaled.jpg&quot;);\">\n                <div class=\"u-container-layout u-container-layout-2\" src=\"\"><\/div>\n              <\/div>\n            <\/div>\n          <\/div>\n        <\/div>\n      <\/div>\n    <\/section>\n    <section class=\"u-clearfix u-grey-5 u-section-6\" id=\"carousel_943e\">\n      <div class=\"u-clearfix u-sheet u-sheet-1\">\n        <div class=\"data-layout-selected u-clearfix u-expanded-width u-gutter-10 u-layout-wrap u-layout-wrap-1\">\n          <div class=\"u-layout\" style=\"\">\n            <div class=\"u-layout-row\" style=\"\">\n              <div class=\"u-align-center u-container-align-center u-container-style u-image u-layout-cell u-left-cell u-size-30 u-size-xs-60 u-image-1\" src=\"\" data-image-width=\"4624\" data-image-height=\"3468\" style=\"background-image: url(&quot;http:\/\/intsuperior.edu.ec\/wp-content\/uploads\/2025\/06\/20250121_165628-scaled.jpg&quot;);\">\n                <div class=\"u-container-layout u-container-layout-1\" src=\"\"><\/div>\n              <\/div>\n              <div class=\"u-container-style u-grey-15 u-layout-cell u-right-cell u-size-30 u-size-xs-60 u-layout-cell-2\" src=\"\">\n                <div class=\"u-container-layout u-valign-bottom u-container-layout-2\">\n                  <p class=\"u-align-center u-text u-text-1\">Sample text. Lorem ipsum dolor sit amet, consectetur adipiscing elit nullam nunc justo sagittis suscipit ultrices.<\/p>\n                  <h6 class=\"u-align-left u-text u-text-2\">\n                    <span style=\"font-weight: 700; font-style: italic;\">Mgs. Darwin\nPatricio Abalco Cruz<\/span>\n                    <br>\n                    <span class=\"u-text-palette-2-base\">Docente <\/span>\n                    <br> Ingeniero en Empresas.<br>Magister en\nAdministraci\u00f3n de Empresas\n                  <\/h6>\n                  <p class=\"u-align-center u-text u-text-3\">JKHJKHJK<\/p>\n                  <h6 class=\"u-align-justify u-text u-text-4\"> Docente del\nInstituto Superior Tecnol\u00f3gico \u201cNelson Torres\u201d, 16 a\u00f1os a la fecha, he\ndesempe\u00f1ado como administrador de la comercializadora Baycar y he cumplido las\nfunciones de Perito Administrativo y Contable del Consejo de la Judicatura.<\/h6>\n                <\/div>\n              <\/div>\n            <\/div>\n          <\/div>\n        <\/div>\n      <\/div>\n    <\/section>\n    <section class=\"u-clearfix u-grey-5 u-section-7\" id=\"carousel_8c5d\">\n      <div class=\"u-clearfix u-sheet u-valign-middle u-sheet-1\">\n        <div class=\"data-layout-selected u-clearfix u-expanded-width u-gutter-10 u-layout-wrap u-layout-wrap-1\">\n          <div class=\"u-layout\" style=\"\">\n            <div class=\"u-layout-row\" style=\"\">\n              <div class=\"u-container-style u-grey-80 u-layout-cell u-left-cell u-size-30 u-size-xs-60 u-layout-cell-1\" src=\"\">\n                <div class=\"u-container-layout u-container-layout-1\">\n                  <p class=\"u-align-center u-text u-text-1\">Sample text. Lorem ipsum dolor sit amet, consectetur adipiscing elit nullam nunc justo sagittis suscipit ultrices.<\/p>\n                  <h6 class=\"u-align-left u-text u-text-2\">\n                    <span style=\"font-weight: 700; font-style: italic;\"> Ing. Romel\nAlejandro Aulestia Rueda&nbsp;&nbsp;<\/span>\n                    <br>\n                    <span class=\"u-text-palette-2-base\">Docente <\/span>\n                    <br> Ingeniero en Administraci\u00f3n de Empresas y Marketing&nbsp;\n                  <\/h6>\n                  <p class=\"u-align-center u-text u-text-3\">JKHJKHJK<\/p>\n                  <h6 class=\"u-align-justify u-text u-text-4\">\n                    <span class=\"u-text-palette-2-base\"><\/span>Ingeniero en Administraci\u00f3n y Marketing con experiencia en direcci\u00f3n de\ncomercializaci\u00f3n y en el \u00e1rea de operaciones en inversiones en cooperativa. Seis\na\u00f1os de desempe\u00f1o docente en instituciones de educaci\u00f3n superior avaladas por\nla Senescyt.\n                  <\/h6>\n                <\/div>\n              <\/div>\n              <div class=\"u-align-center u-container-align-center u-container-style u-image u-layout-cell u-right-cell u-size-30 u-size-xs-60 u-image-1\" src=\"\" data-image-width=\"4624\" data-image-height=\"3468\" style=\"background-image: url(&quot;http:\/\/intsuperior.edu.ec\/wp-content\/uploads\/2025\/06\/20250121_1637300-scaled.jpg&quot;);\">\n                <div class=\"u-container-layout u-container-layout-2\" src=\"\"><\/div>\n              <\/div>\n            <\/div>\n          <\/div>\n        <\/div>\n      <\/div>\n    <\/section>\n    <section class=\"u-clearfix u-grey-5 u-section-8\" id=\"carousel_7d29\">\n      <div class=\"u-clearfix u-sheet u-valign-middle u-sheet-1\">\n        <div class=\"data-layout-selected u-clearfix u-expanded-width u-gutter-10 u-layout-wrap u-layout-wrap-1\">\n          <div class=\"u-layout\" style=\"\">\n            <div class=\"u-layout-row\" style=\"\">\n              <div class=\"u-align-center u-container-align-center u-container-style u-image u-layout-cell u-left-cell u-size-30 u-size-xs-60 u-image-1\" src=\"\" data-image-width=\"4624\" data-image-height=\"3468\" style=\"background-image: url(&quot;http:\/\/intsuperior.edu.ec\/wp-content\/uploads\/2025\/06\/20250121_165427-scaled.jpg&quot;);\">\n                <div class=\"u-container-layout u-container-layout-1\" src=\"\"><\/div>\n              <\/div>\n              <div class=\"u-container-style u-grey-15 u-layout-cell u-right-cell u-size-30 u-size-xs-60 u-layout-cell-2\" src=\"\">\n                <div class=\"u-container-layout u-container-layout-2\">\n                  <p class=\"u-align-center u-text u-text-1\">Sample text. Lorem ipsum dolor sit amet, consectetur adipiscing elit nullam nunc justo sagittis suscipit ultrices.<\/p>\n                  <h6 class=\"u-align-left u-text u-text-2\">\n                    <span style=\"font-weight: 700; font-style: italic;\">Mgs. Juan Carlos Anaguano P\u00e9rez&nbsp;&nbsp;<\/span>\n                    <br>\n                    <span class=\"u-text-palette-2-base\">Docente <\/span>\n                    <br> Ingeniero Comercial<br>Magister en Gerencia Empresarial, MBA Menci\u00f3n en Gesti\u00f3n de Proyectos\n                  <\/h6>\n                  <p class=\"u-align-center u-text u-text-3\">JKHJKHJK<\/p>\n                  <h6 class=\"u-align-justify u-text u-text-4\">\n                    <span class=\"u-text-palette-2-base\"><\/span>Profesional con 20 a\u00f1os de experiencia en el \u00e1rea empresarial en empresas l\u00edderes del pa\u00eds. Adem\u00e1s, tengo 7 a\u00f1os de experiencia como Docente en la Carrera de Administraci\u00f3n del INT.\n                  <\/h6>\n                <\/div>\n              <\/div>\n            <\/div>\n          <\/div>\n        <\/div>\n      <\/div>\n    <\/section>\n    <section class=\"u-clearfix u-grey-5 u-section-9\" id=\"carousel_8f20\">\n      <div class=\"u-clearfix u-sheet u-sheet-1\">\n        <div class=\"data-layout-selected u-clearfix u-expanded-width u-gutter-10 u-layout-wrap u-layout-wrap-1\">\n          <div class=\"u-layout\" style=\"\">\n            <div class=\"u-layout-row\" style=\"\">\n              <div class=\"u-container-style u-grey-80 u-layout-cell u-left-cell u-size-30 u-size-xs-60 u-layout-cell-1\" src=\"\">\n                <div class=\"u-container-layout u-valign-bottom u-container-layout-1\">\n                  <p class=\"u-align-center u-text u-text-1\">Sample text. Lorem ipsum dolor sit amet, consectetur adipiscing elit nullam nunc justo sagittis suscipit ultrices.<\/p>\n                  <h6 class=\"u-align-left u-text u-text-2\">\n                    <span style=\"font-weight: 700; font-style: italic;\"> Mgs. Marian\nde Jes\u00fas Carvajal&nbsp;<\/span>\n                    <br>\n                    <span class=\"u-text-palette-2-base\">&nbsp;Docente&nbsp; <\/span>\n                    <br> Licenciada en Contabilidad Superior, Auditor\u00eda y&nbsp;Finanzas&nbsp;CPA <br>Mag\u00edster en\nContabilidad y Finanzas\n                  <\/h6>\n                  <p class=\"u-align-center u-text u-text-3\">JKHJKHJK<\/p>\n                  <h6 class=\"u-align-justify u-text u-text-4\">\n                    <span class=\"u-text-palette-2-base\"><\/span>Profesional con 8\na\u00f1os de experiencia desempe\u00f1ando funciones en el \u00e1rea de docencia, investigaci\u00f3n, \u00e1reas\nadministrativas como contabilidad, compras p\u00fablicas, gesti\u00f3n de proyectos inversi\u00f3n p\u00fablica en instituciones p\u00fablicas, privadas y de econom\u00eda popular y\nsolidaria.\n                  <\/h6>\n                <\/div>\n              <\/div>\n              <div class=\"u-align-center u-container-align-center u-container-style u-image u-layout-cell u-right-cell u-size-30 u-size-xs-60 u-image-1\" src=\"\" data-image-width=\"4624\" data-image-height=\"3468\" style=\"background-image: url(&quot;http:\/\/intsuperior.edu.ec\/wp-content\/uploads\/2025\/06\/20250121_164752-scaled.jpg&quot;);\">\n                <div class=\"u-container-layout u-container-layout-2\" src=\"\"><\/div>\n              <\/div>\n            <\/div>\n          <\/div>\n        <\/div>\n      <\/div>\n    <\/section>\n    <section class=\"u-clearfix u-grey-5 u-section-10\" id=\"sec-656c\">\n      <div class=\"u-clearfix u-sheet u-valign-middle u-sheet-1\">\n        <div class=\"data-layout-selected u-clearfix u-expanded-width u-gutter-10 u-layout-wrap u-layout-wrap-1\">\n          <div class=\"u-layout\" style=\"\">\n            <div class=\"u-layout-row\" style=\"\">\n              <div class=\"u-align-center u-container-align-center u-container-style u-image u-layout-cell u-left-cell u-size-30 u-size-xs-60 u-image-1\" src=\"\" data-image-width=\"4624\" data-image-height=\"3468\" style=\"background-image: url(&quot;http:\/\/intsuperior.edu.ec\/wp-content\/uploads\/2025\/06\/20250121_171134-scaled.jpg&quot;);\">\n                <div class=\"u-container-layout u-container-layout-1\" src=\"\"><\/div>\n              <\/div>\n              <div class=\"u-container-style u-grey-10 u-layout-cell u-right-cell u-size-30 u-size-xs-60 u-layout-cell-2\" src=\"\">\n                <div class=\"u-container-layout u-container-layout-2\">\n                  <p class=\"u-align-center u-text u-text-1\">Sample text. Lorem ipsum dolor sit amet, consectetur adipiscing elit nullam nunc justo sagittis suscipit ultrices.<\/p>\n                  <h6 class=\"u-align-left u-text u-text-2\">\n                    <span style=\"font-style: italic; font-weight: 700;\"> Mgs. B\u00e9lgica\nAuxiliadora Chavarr\u00eda Briones<\/span>\n                    <br>\n                    <span class=\"u-text-palette-2-base\">Docente <\/span>\n                    <br> Abogada de los Tribunales y Juzgados de la Republica<br>M\u00e1ster\nUniversitaria en Derechos Humanos\n                  <\/h6>\n                  <p class=\"u-align-center u-text u-text-3\">JKHJKHJK<\/p>\n                  <h6 class=\"u-align-justify u-text u-text-4\"> Abogada con m\u00e1s\nde 16 a\u00f1os de experiencia en derecho, especializada en Derechos Humanos.\nDestaca por su \u00e9tica, habilidades comunicativas, docencia, asesor\u00eda legal\nintegral y compromiso con la formaci\u00f3n profesional y responsabilidad social.<\/h6>\n                <\/div>\n              <\/div>\n            <\/div>\n          <\/div>\n        <\/div>\n      <\/div>\n    <\/section>\n    <section class=\"u-clearfix u-grey-5 u-section-11\" id=\"carousel_1390\">\n      <div class=\"u-clearfix u-sheet u-sheet-1\">\n        <div class=\"data-layout-selected u-clearfix u-gutter-10 u-layout-wrap u-layout-wrap-1\">\n          <div class=\"u-layout\" style=\"\">\n            <div class=\"u-layout-row\" style=\"\">\n              <div class=\"u-container-style u-grey-80 u-layout-cell u-left-cell u-size-30 u-size-xs-60 u-layout-cell-1\" src=\"\">\n                <div class=\"u-container-layout u-container-layout-1\">\n                  <p class=\"u-align-center u-text u-text-1\">Sample text. Lorem ipsum dolor sit amet, consectetur adipiscing elit nullam nunc justo sagittis suscipit ultrices.<\/p>\n                  <h6 class=\"u-align-left u-text u-text-2\">\n                    <span style=\"font-weight: 700; font-style: italic;\"> Mgs. Marlon\nRodrigo Gaibor Viteri&nbsp;&nbsp;<\/span>\n                    <br>\n                    <span class=\"u-text-palette-2-base\">Docente <\/span>\n                    <br> Ingeniero Comercial<br>Master Universitario en Imagen, Publicidad e Identidad Corporativa\n                  <\/h6>\n                  <p class=\"u-align-center u-text u-text-3\">JKHJKHJK<\/p>\n                  <h6 class=\"u-align-justify u-text u-text-4\"> Ingeniero Comercial con M\u00e1ster en Comunicaci\u00f3n Corporativa y experiencia de 18 a\u00f1os en sector p\u00fablico y privado con enfoque en Administraci\u00f3n, Desarrollo Humano y Comunicaci\u00f3n Organizacional. Certificado ante el MDT como formador de formadores<\/h6>\n                <\/div>\n              <\/div>\n              <div class=\"u-align-center u-container-align-center u-container-style u-image u-layout-cell u-right-cell u-size-30 u-size-xs-60 u-image-1\" src=\"\" data-animation-name=\"\" data-animation-duration=\"0\" data-animation-delay=\"0\" data-animation-direction=\"\" data-image-width=\"4624\" data-image-height=\"3156\" style=\"background-image: url(&quot;http:\/\/intsuperior.edu.ec\/wp-content\/uploads\/2025\/06\/20250121_164147-scaled.jpg&quot;);\">\n                <div class=\"u-container-layout u-container-layout-2\" src=\"\"><\/div>\n              <\/div>\n            <\/div>\n          <\/div>\n        <\/div>\n      <\/div>\n    <\/section>\n    <section class=\"u-clearfix u-grey-5 u-section-12\" id=\"carousel_6af4\">\n      <div class=\"u-clearfix u-sheet u-sheet-1\">\n        <div class=\"data-layout-selected u-clearfix u-expanded-width u-gutter-10 u-layout-wrap u-layout-wrap-1\">\n          <div class=\"u-layout\" style=\"\">\n            <div class=\"u-layout-row\" style=\"\">\n              <div class=\"u-align-center u-container-align-center u-container-style u-image u-layout-cell u-left-cell u-size-30 u-size-xs-60 u-image-1\" src=\"\" data-image-width=\"4624\" data-image-height=\"3468\" style=\"background-image: url(&quot;http:\/\/intsuperior.edu.ec\/wp-content\/uploads\/2025\/06\/20250121_170200-scaled.jpg&quot;);\">\n                <div class=\"u-container-layout u-container-layout-1\" src=\"\"><\/div>\n              <\/div>\n              <div class=\"u-container-style u-grey-10 u-layout-cell u-right-cell u-size-30 u-size-xs-60 u-layout-cell-2\" src=\"\">\n                <div class=\"u-container-layout u-container-layout-2\">\n                  <p class=\"u-align-center u-text u-text-1\">Sample text. Lorem ipsum dolor sit amet, consectetur adipiscing elit nullam nunc justo sagittis suscipit ultrices.<\/p>\n                  <h6 class=\"u-align-left u-text u-text-2\">\n                    <span style=\"font-style: italic; font-weight: 700;\">Ing. Nancy Maricela Ga\u00f3n Rojas<\/span>\n                    <br>\n                    <span class=\"u-text-palette-2-base\">Docente <\/span>\n                    <br> Ingeniera en Administraci\u00f3n de Empresas y Marketing&nbsp;\n                  <\/h6>\n                  <p class=\"u-align-center u-text u-text-3\">JKHJKHJK<\/p>\n                  <h6 class=\"u-align-justify u-text u-text-4\"> Actualmente curso una Maestr\u00eda en Administraci\u00f3n y Direcci\u00f3n de Empresas. He trabajado en \u00e1reas administrativas, adquiriendo experiencia en gesti\u00f3n y liderazgo adem\u00e1s de&nbsp; desempe\u00f1arme&nbsp; como docente, comprometida con la formaci\u00f3n acad\u00e9mica y personal de los estudiantes.<\/h6>\n                <\/div>\n              <\/div>\n            <\/div>\n          <\/div>\n        <\/div>\n      <\/div>\n    <\/section>\n    <section class=\"u-clearfix u-grey-5 u-section-13\" id=\"carousel_0db6\">\n      <div class=\"u-clearfix u-sheet u-sheet-1\">\n        <div class=\"data-layout-selected u-clearfix u-gutter-10 u-layout-wrap u-layout-wrap-1\">\n          <div class=\"u-layout\" style=\"\">\n            <div class=\"u-layout-row\" style=\"\">\n              <div class=\"u-container-style u-grey-80 u-layout-cell u-left-cell u-size-30 u-size-xs-60 u-layout-cell-1\" src=\"\">\n                <div class=\"u-container-layout u-container-layout-1\">\n                  <p class=\"u-align-center u-text u-text-1\">Sample text. Lorem ipsum dolor sit amet, consectetur adipiscing elit nullam nunc justo sagittis suscipit ultrices.<\/p>\n                  <h6 class=\"u-align-left u-text u-text-2\">\n                    <span style=\"font-weight: 700; font-style: italic;\"> Mgs. Wilfrido Alejandro Garz\u00f3n Puetate<\/span>\n                    <br>\n                    <span class=\"u-text-palette-2-base\">Docente <\/span>\n                    <br> Ingeniero en Administraci\u00f3n de Empresas y Marketing <br>Master Universitario en Formaci\u00f3n De Educadores para la Intervenci\u00f3n Socio comunitaria\n                  <\/h6>\n                  <p class=\"u-align-center u-text u-text-3\">JKHJKHJK<\/p>\n                  <h6 class=\"u-align-justify u-text u-text-4\"> Profesional administrativo con 20 a\u00f1os de experiencia en \u00e1reas como: talento humano, bodega, ventas, auditor\u00eda, marketing, gesti\u00f3n educativa y docencia. Ha liderado equipos, coordinado procesos estrat\u00e9gicos y desempe\u00f1ado funciones de alto nivel en instituciones p\u00fablicas y privadas.<\/h6>\n                <\/div>\n              <\/div>\n              <div class=\"u-align-center u-container-align-center u-container-style u-image u-layout-cell u-right-cell u-size-30 u-size-xs-60 u-image-1\" src=\"\" data-animation-name=\"\" data-animation-duration=\"0\" data-animation-delay=\"0\" data-animation-direction=\"\" data-image-width=\"4492\" data-image-height=\"3468\" style=\"background-image: url(&quot;http:\/\/intsuperior.edu.ec\/wp-content\/uploads\/2025\/06\/20250203_175348-scaled.jpg&quot;);\">\n                <div class=\"u-container-layout u-container-layout-2\" src=\"\"><\/div>\n              <\/div>\n            <\/div>\n          <\/div>\n        <\/div>\n      <\/div>\n    <\/section>\n    <section class=\"u-clearfix u-grey-5 u-section-14\" id=\"carousel_964c\">\n      <div class=\"u-clearfix u-sheet u-sheet-1\">\n        <div class=\"data-layout-selected u-clearfix u-expanded-width u-gutter-10 u-layout-wrap u-layout-wrap-1\">\n          <div class=\"u-layout\" style=\"\">\n            <div class=\"u-layout-row\" style=\"\">\n              <div class=\"u-align-center u-container-align-center u-container-style u-image u-layout-cell u-left-cell u-size-30 u-size-xs-60 u-image-1\" src=\"\" data-image-width=\"4624\" data-image-height=\"3468\" style=\"background-image: url(&quot;http:\/\/intsuperior.edu.ec\/wp-content\/uploads\/2025\/06\/20250121_1705101-scaled.jpg&quot;);\">\n                <div class=\"u-container-layout u-container-layout-1\" src=\"\"><\/div>\n              <\/div>\n              <div class=\"u-container-style u-grey-10 u-layout-cell u-right-cell u-size-30 u-size-xs-60 u-layout-cell-2\" src=\"\">\n                <div class=\"u-container-layout u-container-layout-2\">\n                  <p class=\"u-align-center u-text u-text-1\">Sample text. Lorem ipsum dolor sit amet, consectetur adipiscing elit nullam nunc justo sagittis suscipit ultrices.<\/p>\n                  <h6 class=\"u-align-left u-text u-text-2\">\n                    <span style=\"font-style: italic; font-weight: 700;\">Tnlgo. Walter Javier Gavilanes Mart\u00ednez<\/span>\n                    <br>\n                    <span class=\"u-text-palette-2-base\">Docente <\/span>\n                    <br> Tecn\u00f3logo Superior en Administraci\u00f3n\n                  <\/h6>\n                  <p class=\"u-align-center u-text u-text-3\">JKHJKHJK<\/p>\n                  <h6 class=\"u-align-justify u-text u-text-4\"> Tecn\u00f3logo en Administraci\u00f3n con m\u00e1s de 5 a\u00f1os de experiencia en el sector privado y 2 en la docencia de educaci\u00f3n superior p\u00fablica y privada, comprometido con la calidad educativa, la formaci\u00f3n profesional y el desarrollo estudiantil integral.<\/h6>\n                <\/div>\n              <\/div>\n            <\/div>\n          <\/div>\n        <\/div>\n      <\/div>\n    <\/section>\n    <section class=\"u-clearfix u-grey-5 u-section-15\" id=\"carousel_e85e\">\n      <div class=\"u-clearfix u-sheet u-sheet-1\">\n        <div class=\"data-layout-selected u-clearfix u-gutter-10 u-layout-wrap u-layout-wrap-1\">\n          <div class=\"u-layout\" style=\"\">\n            <div class=\"u-layout-row\" style=\"\">\n              <div class=\"u-container-style u-grey-80 u-layout-cell u-left-cell u-size-30 u-size-xs-60 u-layout-cell-1\" src=\"\">\n                <div class=\"u-container-layout u-container-layout-1\">\n                  <p class=\"u-align-center u-text u-text-1\">Sample text. Lorem ipsum dolor sit amet, consectetur adipiscing elit nullam nunc justo sagittis suscipit ultrices.<\/p>\n                  <h6 class=\"u-align-left u-text u-text-2\">\n                    <span style=\"font-weight: 700; font-style: italic;\">Lic. Patricia Emperatriz Lanchango Quimbiulco<\/span>\n                    <br>\n                    <span class=\"u-text-palette-2-base\">Docente <\/span>\n                    <br> Licenciada en Administraci\u00f3n de Empresas.<br>\n                  <\/h6>\n                  <p class=\"u-align-center u-text u-text-3\">JKHJKHJK<\/p>\n                  <h6 class=\"u-align-justify u-text u-text-4\"> Licenciada en Administraci\u00f3n de Empresas y Mag\u00edster en Inteligencia de Negocios. Experiencia en gesti\u00f3n de proyectos, liderazgo, toma de decisiones, comunicaci\u00f3n eficaz, finanzas, tecnolog\u00eda, recursos humanos y \u00e9tica profesional.<\/h6>\n                <\/div>\n              <\/div>\n              <div class=\"u-align-center u-container-align-center u-container-style u-image u-layout-cell u-right-cell u-size-30 u-size-xs-60 u-image-1\" src=\"\" data-animation-name=\"\" data-animation-duration=\"0\" data-animation-delay=\"0\" data-animation-direction=\"\" data-image-width=\"4624\" data-image-height=\"3468\" style=\"background-image: url(&quot;http:\/\/intsuperior.edu.ec\/wp-content\/uploads\/2025\/06\/20250122_160251.4-scaled.jpg&quot;);\">\n                <div class=\"u-container-layout u-container-layout-2\" src=\"\"><\/div>\n              <\/div>\n            <\/div>\n          <\/div>\n        <\/div>\n      <\/div>\n    <\/section>\n    <section class=\"u-clearfix u-grey-5 u-section-16\" id=\"carousel_83a2\">\n      <div class=\"u-clearfix u-sheet u-sheet-1\">\n        <div class=\"data-layout-selected u-clearfix u-expanded-width u-gutter-10 u-layout-wrap u-layout-wrap-1\">\n          <div class=\"u-layout\" style=\"\">\n            <div class=\"u-layout-row\" style=\"\">\n              <div class=\"u-align-center u-container-align-center u-container-style u-image u-layout-cell u-left-cell u-size-30 u-size-xs-60 u-image-1\" src=\"\" data-image-width=\"4624\" data-image-height=\"3330\" style=\"background-image: url(&quot;http:\/\/intsuperior.edu.ec\/wp-content\/uploads\/2025\/06\/20250121_165822-scaled.jpg&quot;);\">\n                <div class=\"u-container-layout u-container-layout-1\" src=\"\"><\/div>\n              <\/div>\n              <div class=\"u-container-style u-grey-10 u-layout-cell u-right-cell u-size-30 u-size-xs-60 u-layout-cell-2\" src=\"\">\n                <div class=\"u-container-layout u-container-layout-2\">\n                  <p class=\"u-align-center u-text u-text-1\">Sample text. Lorem ipsum dolor sit amet, consectetur adipiscing elit nullam nunc justo sagittis suscipit ultrices.<\/p>\n                  <h6 class=\"u-align-left u-text u-text-2\">\n                    <span style=\"font-style: italic; font-weight: 700;\">Mgs. Silvia de los \u00c1ngeles Montesdeoca V\u00e1squez<\/span>\n                    <br>\n                    <span class=\"u-text-palette-2-base\">Docente <\/span>\n                    <br> Ingeniera Comercial<br>Magister en Educaci\u00f3n Menci\u00f3n Orientaci\u00f3n Educativa\n                  <\/h6>\n                  <p class=\"u-align-center u-text u-text-3\">JKHJKHJK<\/p>\n                  <h6 class=\"u-align-justify u-text u-text-4\">Profesional enfocada en integrar an\u00e1lisis estrat\u00e9gico y metodolog\u00edas innovadoras para potenciar la formaci\u00f3n acad\u00e9mica y el desarrollo profesional con enfoque integral en diferentes \u00e1reas de la administraci\u00f3n.<\/h6>\n                <\/div>\n              <\/div>\n            <\/div>\n          <\/div>\n        <\/div>\n      <\/div>\n    <\/section>\n    <section class=\"u-clearfix u-grey-5 u-section-17\" id=\"carousel_3bc5\">\n      <div class=\"u-clearfix u-sheet u-sheet-1\">\n        <div class=\"data-layout-selected u-clearfix u-gutter-10 u-layout-wrap u-layout-wrap-1\">\n          <div class=\"u-layout\" style=\"\">\n            <div class=\"u-layout-row\" style=\"\">\n              <div class=\"u-container-style u-grey-80 u-layout-cell u-left-cell u-size-30 u-size-xs-60 u-layout-cell-1\" src=\"\">\n                <div class=\"u-container-layout u-container-layout-1\">\n                  <p class=\"u-align-center u-text u-text-1\">Sample text. Lorem ipsum dolor sit amet, consectetur adipiscing elit nullam nunc justo sagittis suscipit ultrices.<\/p>\n                  <h6 class=\"u-align-left u-text u-text-2\">\n                    <span style=\"font-weight: 700; font-style: italic;\">Mgs. Yeny Patricia Morales<\/span>\n                    <br>\n                    <span class=\"u-text-palette-2-base\">Docente <\/span>\n                    <br> Contadora P\u00fablica<br>Magister en Contabilidad y Auditoria&nbsp;<br>\n                  <\/h6>\n                  <p class=\"u-align-center u-text u-text-3\">JKHJKHJK<\/p>\n                  <h6 class=\"u-align-justify u-text u-text-4\"> Ingeniera y magister en contabilidad y auditor\u00eda con 15 a\u00f1os de experiencia. Soy un profesional capaz de implementar, analizar, presupuestar, gestionar y auditar todos los procesos contables y financieros de una empresa.<\/h6>\n                <\/div>\n              <\/div>\n              <div class=\"u-align-center u-container-align-center u-container-style u-image u-layout-cell u-right-cell u-size-30 u-size-xs-60 u-image-1\" src=\"\" data-animation-name=\"\" data-animation-duration=\"0\" data-animation-delay=\"0\" data-animation-direction=\"\" data-image-width=\"4624\" data-image-height=\"3468\" style=\"background-image: url(&quot;http:\/\/intsuperior.edu.ec\/wp-content\/uploads\/2025\/06\/20250122_160251.3-scaled.jpg&quot;);\">\n                <div class=\"u-container-layout u-container-layout-2\" src=\"\"><\/div>\n              <\/div>\n            <\/div>\n          <\/div>\n        <\/div>\n      <\/div>\n    <\/section>\n    <section class=\"u-clearfix u-grey-5 u-section-18\" id=\"carousel_6f21\">\n      <div class=\"u-clearfix u-sheet u-valign-middle u-sheet-1\">\n        <div class=\"data-layout-selected u-clearfix u-expanded-width u-gutter-10 u-layout-wrap u-layout-wrap-1\">\n          <div class=\"u-layout\" style=\"\">\n            <div class=\"u-layout-row\" style=\"\">\n              <div class=\"u-align-center u-container-align-center u-container-style u-image u-layout-cell u-left-cell u-size-30 u-size-xs-60 u-image-1\" src=\"\" data-image-width=\"4624\" data-image-height=\"3468\" style=\"background-image: url(&quot;http:\/\/intsuperior.edu.ec\/wp-content\/uploads\/2025\/06\/20250121_170005-scaled.jpg&quot;);\">\n                <div class=\"u-container-layout u-container-layout-1\" src=\"\"><\/div>\n              <\/div>\n              <div class=\"u-container-style u-grey-10 u-layout-cell u-right-cell u-size-30 u-size-xs-60 u-layout-cell-2\" src=\"\">\n                <div class=\"u-container-layout u-container-layout-2\">\n                  <p class=\"u-align-center u-text u-text-1\">Sample text. Lorem ipsum dolor sit amet, consectetur adipiscing elit nullam nunc justo sagittis suscipit ultrices.<\/p>\n                  <h6 class=\"u-align-left u-text u-text-2\">\n                    <span style=\"font-style: italic; font-weight: 700;\">Mgs. Augusto Leonidas Moran Cabezas.<\/span>\n                    <br>\n                    <span class=\"u-text-palette-2-base\">Docente <\/span>\n                    <br> Ingeniero Comercial<br>Mag\u00edster en Administraci\u00f3n de las Organizaciones de la Econom\u00eda Social y Solidaria\n                  <\/h6>\n                  <p class=\"u-align-center u-text u-text-3\">JKHJKHJK<\/p>\n                  <h6 class=\"u-align-justify u-text u-text-4\"> Soy Mag\u00edster en Administraci\u00f3n con s\u00f3lida experiencia en docencia, gesti\u00f3n empresarial y pr\u00e1ctica profesional. Apasionado por la formaci\u00f3n acad\u00e9mica y el liderazgo organizacional, contribuyo al crecimiento y eficiencia empresarial con estrategias innovadoras y visi\u00f3n estrat\u00e9gica.<\/h6>\n                <\/div>\n              <\/div>\n            <\/div>\n          <\/div>\n        <\/div>\n      <\/div>\n    <\/section>\n    <section class=\"u-clearfix u-grey-5 u-section-19\" id=\"carousel_3a8b\">\n      <div class=\"u-clearfix u-sheet u-valign-middle u-sheet-1\">\n        <div class=\"data-layout-selected u-clearfix u-expanded-width u-gutter-10 u-layout-wrap u-layout-wrap-1\">\n          <div class=\"u-layout\" style=\"\">\n            <div class=\"u-layout-row\" style=\"\">\n              <div class=\"u-container-style u-grey-80 u-layout-cell u-left-cell u-size-30 u-size-xs-60 u-layout-cell-1\" src=\"\">\n                <div class=\"u-container-layout u-container-layout-1\">\n                  <p class=\"u-align-center u-text u-text-1\">Sample text. Lorem ipsum dolor sit amet, consectetur adipiscing elit nullam nunc justo sagittis suscipit ultrices.<\/p>\n                  <h6 class=\"u-align-left u-text u-text-2\">\n                    <span style=\"font-weight: 700; font-style: italic;\">Mgs. Jorge Enrique Paredes Moyano<\/span>\n                    <br>\n                    <span class=\"u-text-palette-2-base\">Docente <\/span>\n                    <br> Ingeniero en Finanzas<br>Magister en Dise\u00f1o y Evaluaci\u00f3n de Proyectos<br>\n                  <\/h6>\n                  <p class=\"u-align-center u-text u-text-3\">JKHJKHJK<\/p>\n                  <h6 class=\"u-align-justify u-text u-text-4\"> Soy un profesional en el \u00e1rea financiera con una maestr\u00eda en Dise\u00f1o y Evaluaci\u00f3n de Proyectos, poseo una ardua experiencia en el \u00e1rea de la docencia. Actualmente me desempe\u00f1o como Coordinador Acad\u00e9mico y docente en la Instituci\u00f3n, en la cual llevo laborando alrededor de 10 a\u00f1os.<\/h6>\n                <\/div>\n              <\/div>\n              <div class=\"u-align-center u-container-align-center u-container-style u-image u-layout-cell u-right-cell u-size-30 u-size-xs-60 u-image-1\" src=\"\" data-animation-name=\"\" data-animation-duration=\"0\" data-animation-delay=\"0\" data-animation-direction=\"\" data-image-width=\"4624\" data-image-height=\"3336\" style=\"background-image: url(&quot;http:\/\/intsuperior.edu.ec\/wp-content\/uploads\/2025\/06\/20250121_163551-scaled.jpg&quot;);\">\n                <div class=\"u-container-layout u-container-layout-2\" src=\"\"><\/div>\n              <\/div>\n            <\/div>\n          <\/div>\n        <\/div>\n      <\/div>\n    <\/section>\n    <section class=\"u-clearfix u-grey-5 u-section-20\" id=\"carousel_189b\">\n      <div class=\"u-clearfix u-sheet u-valign-middle u-sheet-1\">\n        <div class=\"data-layout-selected u-clearfix u-expanded-width u-gutter-10 u-layout-wrap u-layout-wrap-1\">\n          <div class=\"u-layout\" style=\"\">\n            <div class=\"u-layout-row\" style=\"\">\n              <div class=\"u-align-center u-container-align-center u-container-style u-image u-layout-cell u-left-cell u-size-30 u-size-xs-60 u-image-1\" src=\"\" data-image-width=\"4624\" data-image-height=\"3468\" style=\"background-image: url(&quot;http:\/\/intsuperior.edu.ec\/wp-content\/uploads\/2025\/06\/20250121_165147-scaled.jpg&quot;);\">\n                <div class=\"u-container-layout u-container-layout-1\" src=\"\"><\/div>\n              <\/div>\n              <div class=\"u-container-style u-grey-10 u-layout-cell u-right-cell u-size-30 u-size-xs-60 u-layout-cell-2\" src=\"\">\n                <div class=\"u-container-layout u-container-layout-2\">\n                  <p class=\"u-align-center u-text u-text-1\">Sample text. Lorem ipsum dolor sit amet, consectetur adipiscing elit nullam nunc justo sagittis suscipit ultrices.<\/p>\n                  <h6 class=\"u-align-left u-text u-text-2\">\n                    <span style=\"font-style: italic; font-weight: 700;\">Ing. \u00c1ngel Reimundo Quilumbaquin Imbaquingo.<\/span>\n                    <br>\n                    <span class=\"u-text-palette-2-base\">Docente <\/span>\n                    <br> Ingeniero en Administraci\u00f3n de Empresas<br>\n                    <br>\n                  <\/h6>\n                  <p class=\"u-align-center u-text u-text-3\">JKHJKHJK<\/p>\n                  <h6 class=\"u-align-justify u-text u-text-4\"> Ingeniero en Administraci\u00f3n de Empresas con s\u00f3lida trayectoria combinada en docencia universitaria (3 a\u00f1os) y gesti\u00f3n administrativo-financiera (7 a\u00f1os) en sectores p\u00fablico y privado. Enfoque en optimizaci\u00f3n de procesos, control presupuestario y cumplimiento normativo.<\/h6>\n                <\/div>\n              <\/div>\n            <\/div>\n          <\/div>\n        <\/div>\n      <\/div>\n    <\/section>\n    <section class=\"u-clearfix u-grey-5 u-section-21\" id=\"carousel_35ad\">\n      <div class=\"u-clearfix u-sheet u-valign-middle u-sheet-1\">\n        <div class=\"data-layout-selected u-clearfix u-expanded-width u-gutter-10 u-layout-wrap u-layout-wrap-1\">\n          <div class=\"u-layout\" style=\"\">\n            <div class=\"u-layout-row\" style=\"\">\n              <div class=\"u-container-style u-grey-80 u-layout-cell u-left-cell u-size-30 u-size-xs-60 u-layout-cell-1\" src=\"\">\n                <div class=\"u-container-layout u-container-layout-1\">\n                  <p class=\"u-align-center u-text u-text-1\">Sample text. Lorem ipsum dolor sit amet, consectetur adipiscing elit nullam nunc justo sagittis suscipit ultrices.<\/p>\n                  <h6 class=\"u-align-left u-text u-text-2\">\n                    <span style=\"font-weight: 700; font-style: italic;\">Mgs. Margoth Edit Reveca Rea Vozmediano<\/span>\n                    <br>\n                    <span class=\"u-text-palette-2-base\">Docente <\/span>\n                    <br> Licenciada Contadora P\u00fablica Autorizada<br>Magister en Contabilidad y Auditoria&nbsp;<br>\n                  <\/h6>\n                  <p class=\"u-align-center u-text u-text-3\">JKHJKHJK<\/p>\n                  <h6 class=\"u-align-justify u-text u-text-4\"> Mag\u00edster en Contabilidad y Auditor\u00eda, menci\u00f3n en Riesgos Operativos y Financieros, con m\u00e1s de 8 a\u00f1os de experiencia en docencia y gesti\u00f3n acad\u00e9mica, enfocada en pr\u00e1cticas preprofesionales, planificaci\u00f3n y formaci\u00f3n integral en contabilidad y administraci\u00f3n.<\/h6>\n                <\/div>\n              <\/div>\n              <div class=\"u-align-center u-container-align-center u-container-style u-image u-layout-cell u-right-cell u-size-30 u-size-xs-60 u-image-1\" src=\"\" data-animation-name=\"\" data-animation-duration=\"0\" data-animation-delay=\"0\" data-animation-direction=\"\" data-image-width=\"4624\" data-image-height=\"3468\" style=\"background-image: url(&quot;http:\/\/intsuperior.edu.ec\/wp-content\/uploads\/2025\/06\/20250121_170644-scaled.jpg&quot;);\">\n                <div class=\"u-container-layout u-container-layout-2\" src=\"\"><\/div>\n              <\/div>\n            <\/div>\n          <\/div>\n        <\/div>\n      <\/div>\n    <\/section>\n    <section class=\"u-clearfix u-grey-5 u-section-22\" id=\"carousel_ec0a\">\n      <div class=\"u-clearfix u-sheet u-valign-middle u-sheet-1\">\n        <div class=\"data-layout-selected u-clearfix u-expanded-width u-gutter-10 u-layout-wrap u-layout-wrap-1\">\n          <div class=\"u-layout\" style=\"\">\n            <div class=\"u-layout-row\" style=\"\">\n              <div class=\"u-align-center u-container-align-center u-container-style u-image u-layout-cell u-left-cell u-size-30 u-size-xs-60 u-image-1\" src=\"\" data-image-width=\"1280\" data-image-height=\"853\" style=\"background-image: url(&quot;http:\/\/intsuperior.edu.ec\/wp-content\/uploads\/2025\/05\/0bd803cd17b4ae5d95a1cb4784c1a8c8f42c39db6dd4da8dab23b12fba45c1dedd2df06bc3a3b44004d805775c540320318d0eaec2192cb5bbd4d4_1280-2.jpg&quot;);\">\n                <div class=\"u-container-layout u-container-layout-1\" src=\"\"><\/div>\n              <\/div>\n              <div class=\"u-container-style u-grey-10 u-layout-cell u-right-cell u-size-30 u-size-xs-60 u-layout-cell-2\" src=\"\">\n                <div class=\"u-container-layout u-container-layout-2\">\n                  <p class=\"u-align-center u-text u-text-1\">Sample text. Lorem ipsum dolor sit amet, consectetur adipiscing elit nullam nunc justo sagittis suscipit ultrices.<\/p>\n                  <h6 class=\"u-align-left u-text u-text-2\">\n                    <span style=\"font-style: italic; font-weight: 700;\">Mgs. Daniela Michelle Salazar Sig\u00fcenza.<\/span>\n                    <br>\n                    <span class=\"u-text-palette-2-base\">Docente <\/span>\n                    <br> Ingeniera en Finanzas<br>Magister en Dise\u00f1o y Evaluaci\u00f3n de Proyectos<br>\n                    <br>\n                  <\/h6>\n                  <p class=\"u-align-center u-text u-text-3\">JKHJKHJK<\/p>\n                  <h6 class=\"u-align-justify u-text u-text-4\"> Ingeniera en Finanzas con Maestr\u00eda en Dise\u00f1o y Evaluaci\u00f3n de Proyectos. Especialista en an\u00e1lisis y estructuraci\u00f3n de inversiones p\u00fablicas y privadas. Docente universitaria en \u00e1reas de finanzas, evaluaci\u00f3n de proyectos, estad\u00edstica y an\u00e1lisis de datos, con experiencia acad\u00e9mica s\u00f3lida.<\/h6>\n                <\/div>\n              <\/div>\n            <\/div>\n          <\/div>\n        <\/div>\n      <\/div>\n    <\/section>\n    <section class=\"u-clearfix u-grey-5 u-section-23\" id=\"carousel_59c3\">\n      <div class=\"u-clearfix u-sheet u-valign-middle u-sheet-1\">\n        <div class=\"data-layout-selected u-clearfix u-expanded-width u-gutter-10 u-layout-wrap u-layout-wrap-1\">\n          <div class=\"u-layout\" style=\"\">\n            <div class=\"u-layout-row\" style=\"\">\n              <div class=\"u-container-style u-grey-80 u-layout-cell u-left-cell u-size-30 u-size-xs-60 u-layout-cell-1\" src=\"\">\n                <div class=\"u-container-layout u-container-layout-1\">\n                  <p class=\"u-align-center u-text u-text-1\">Sample text. Lorem ipsum dolor sit amet, consectetur adipiscing elit nullam nunc justo sagittis suscipit ultrices.<\/p>\n                  <h6 class=\"u-align-left u-text u-text-2\">\n                    <span style=\"font-weight: 700; font-style: italic;\">Mgs. Jenny Elizabeth Sandoval Flores<\/span>\n                    <br>\n                    <span class=\"u-text-palette-2-base\">Docente <\/span>\n                    <br> Ingeniera en Contabilidad Auditoria y Finanzas<br>Magister en Administraci\u00f3n de Empresas.<br>\n                  <\/h6>\n                  <p class=\"u-align-center u-text u-text-3\">JKHJKHJK<\/p>\n                  <h6 class=\"u-align-justify u-text u-text-4\"> Profesional con 15 a\u00f1os de experiencia en Banca y Finanzas, 9 a\u00f1os en Salud y administraci\u00f3n de hospitales, 4 a\u00f1os de experiencia en docencia universitaria, y manejo de contabilidades externas.<\/h6>\n                <\/div>\n              <\/div>\n              <div class=\"u-align-center u-container-align-center u-container-style u-image u-layout-cell u-right-cell u-size-30 u-size-xs-60 u-image-1\" src=\"\" data-animation-name=\"\" data-animation-duration=\"0\" data-animation-delay=\"0\" data-animation-direction=\"\" data-image-width=\"4624\" data-image-height=\"3354\" style=\"background-image: url(&quot;http:\/\/intsuperior.edu.ec\/wp-content\/uploads\/2025\/06\/20250205_143439-scaled.jpg&quot;);\">\n                <div class=\"u-container-layout u-container-layout-2\" src=\"\"><\/div>\n              <\/div>\n            <\/div>\n          <\/div>\n        <\/div>\n      <\/div>\n    <\/section>\n    <section class=\"u-clearfix u-grey-5 u-section-24\" id=\"carousel_d483\">\n      <div class=\"u-clearfix u-sheet u-valign-middle u-sheet-1\">\n        <div class=\"data-layout-selected u-clearfix u-expanded-width u-gutter-10 u-layout-wrap u-layout-wrap-1\">\n          <div class=\"u-layout\" style=\"\">\n            <div class=\"u-layout-row\" style=\"\">\n              <div class=\"u-align-center u-container-align-center u-container-style u-image u-layout-cell u-left-cell u-size-30 u-size-xs-60 u-image-1\" src=\"\" data-image-width=\"4624\" data-image-height=\"3468\" style=\"background-image: url(&quot;http:\/\/intsuperior.edu.ec\/wp-content\/uploads\/2025\/06\/20250121_164650-scaled.jpg&quot;);\">\n                <div class=\"u-container-layout u-container-layout-1\" src=\"\"><\/div>\n              <\/div>\n              <div class=\"u-container-style u-grey-10 u-layout-cell u-right-cell u-size-30 u-size-xs-60 u-layout-cell-2\" src=\"\">\n                <div class=\"u-container-layout u-container-layout-2\">\n                  <p class=\"u-align-center u-text u-text-1\">Sample text. Lorem ipsum dolor sit amet, consectetur adipiscing elit nullam nunc justo sagittis suscipit ultrices.<\/p>\n                  <h6 class=\"u-align-left u-text u-text-2\">\n                    <span style=\"font-style: italic; font-weight: 700;\">Ing. Elizabeth Alexandra Vega Mu\u00f1oz.<\/span>\n                    <br>\n                    <span class=\"u-text-palette-2-base\">Docente <\/span>\n                    <br> Ingeniera en Contabilidad Superior Auditoria y Finanzas CPA<br>\n                    <br>\n                  <\/h6>\n                  <p class=\"u-align-center u-text u-text-3\">JKHJKHJK<\/p>\n                  <h6 class=\"u-align-justify u-text u-text-4\"> Profesional con 10 a\u00f1os como contadora y 3 a\u00f1os como docente en educaci\u00f3n superior, he desarrollado habilidades t\u00e9cnicas, pedag\u00f3gicas y de liderazgo, promoviendo la excelencia profesional y acad\u00e9mica<\/h6>\n                <\/div>\n              <\/div>\n            <\/div>\n          <\/div>\n        <\/div>\n      <\/div>\n    <\/section>\n    <section class=\"u-clearfix u-grey-5 u-section-25\" id=\"carousel_6a73\">\n      <div class=\"u-clearfix u-sheet u-valign-middle u-sheet-1\">\n        <div class=\"data-layout-selected u-clearfix u-expanded-width u-gutter-10 u-layout-wrap u-layout-wrap-1\">\n          <div class=\"u-layout\" style=\"\">\n            <div class=\"u-layout-row\" style=\"\">\n              <div class=\"u-container-style u-grey-80 u-layout-cell u-left-cell u-size-30 u-size-xs-60 u-layout-cell-1\" src=\"\">\n                <div class=\"u-container-layout u-container-layout-1\">\n                  <p class=\"u-align-center u-text u-text-1\">Sample text. Lorem ipsum dolor sit amet, consectetur adipiscing elit nullam nunc justo sagittis suscipit ultrices.<\/p>\n                  <h6 class=\"u-align-left u-text u-text-2\">\n                    <span style=\"font-weight: 700; font-style: italic;\">Mgs. Ra\u00fal Santiago Vinueza Zapata.<\/span>\n                    <br>\n                    <span class=\"u-text-palette-2-base\">Docente <\/span>\n                    <br> Ingeniero Comercial<br>M\u00e1ster Universitario en Direcci\u00f3n y Gesti\u00f3n de Empresas<br>\n                  <\/h6>\n                  <p class=\"u-align-center u-text u-text-3\">JKHJKHJK<\/p>\n                  <h6 class=\"u-align-justify u-text u-text-4\"> Ingeniero Comercial con Master en Direcci\u00f3n y Gesti\u00f3n Financiera, con competencias en planificaci\u00f3n, gesti\u00f3n operativa, an\u00e1lisis financiero y docencia superior. Enfocado en compartir conocimientos, desarrollar habilidades y promover el desarrollo organizacional con eficiencia y visi\u00f3n.<\/h6>\n                <\/div>\n              <\/div>\n              <div class=\"u-align-center u-container-align-center u-container-style u-image u-layout-cell u-right-cell u-size-30 u-size-xs-60 u-image-1\" src=\"\" data-animation-name=\"\" data-animation-duration=\"0\" data-animation-delay=\"0\" data-animation-direction=\"\" data-image-width=\"4624\" data-image-height=\"3405\" style=\"background-image: url(&quot;http:\/\/intsuperior.edu.ec\/wp-content\/uploads\/2025\/06\/20250121_163730-scaled.jpg&quot;);\">\n                <div class=\"u-container-layout u-container-layout-2\" src=\"\"><\/div>\n              <\/div>\n            <\/div>\n          <\/div>\n        <\/div>\n      <\/div>\n    <\/section>\n    \n    \n    \n  \n<\/div>","protected":false},"excerpt":{"rendered":"<p>PLANTA DOCENTE ESPECIALIZADA&nbsp; Sample text. Lorem ipsum dolor sit amet, consectetur adipiscing elit nullam nunc justo sagittis suscipit ultrices. Mgs. [&hellip;]<\/p>\n","protected":false},"author":6,"featured_media":0,"parent":0,"menu_order":0,"comment_status":"closed","ping_status":"closed","template":"","meta":{"site-sidebar-layout":"default","site-content-layout":"","ast-site-content-layout":"default","site-content-style":"default","site-sidebar-style":"default","ast-global-header-display":"","ast-banner-title-visibility":"","ast-main-header-display":"","ast-hfb-above-header-display":"","ast-hfb-below-header-display":"","ast-hfb-mobile-header-display":"","site-post-title":"","ast-breadcrumbs-content":"","ast-featured-img":"","footer-sml-layout":"","theme-transparent-header-meta":"default","adv-header-id-meta":"","stick-header-meta":"","header-above-stick-meta":"","header-main-stick-meta":"","header-below-stick-meta":"","astra-migrate-meta-layouts":"set","ast-page-background-enabled":"default","ast-page-background-meta":{"desktop":{"background-color":"var(--ast-global-color-4)","background-image":"","background-repeat":"repeat","background-position":"center center","background-size":"auto","background-attachment":"scroll","background-type":"","background-media":"","overlay-type":"","overlay-color":"","overlay-gradient":""},"tablet":{"background-color":"","background-image":"","background-repeat":"repeat","background-position":"center center","background-size":"auto","background-attachment":"scroll","background-type":"","background-media":"","overlay-type":"","overlay-color":"","overlay-gradient":""},"mobile":{"background-color":"","background-image":"","background-repeat":"repeat","background-position":"center center","background-size":"auto","background-attachment":"scroll","background-type":"","background-media":"","overlay-type":"","overlay-color":"","overlay-gradient":""}},"ast-content-background-meta":{"desktop":{"background-color":"var(--ast-global-color-5)","background-image":"","background-repeat":"repeat","background-position":"center center","background-size":"auto","background-attachment":"scroll","background-type":"","background-media":"","overlay-type":"","overlay-color":"","overlay-gradient":""},"tablet":{"background-color":"var(--ast-global-color-5)","background-image":"","background-repeat":"repeat","background-position":"center center","background-size":"auto","background-attachment":"scroll","background-type":"","background-media":"","overlay-type":"","overlay-color":"","overlay-gradient":""},"mobile":{"background-color":"var(--ast-global-color-5)","background-image":"","background-repeat":"repeat","background-position":"center center","background-size":"auto","background-attachment":"scroll","background-type":"","background-media":"","overlay-type":"","overlay-color":"","overlay-gradient":""}},"footnotes":""},"_links":{"self":[{"href":"http:\/\/intsuperior.edu.ec\/index.php?rest_route=\/wp\/v2\/pages\/6382"}],"collection":[{"href":"http:\/\/intsuperior.edu.ec\/index.php?rest_route=\/wp\/v2\/pages"}],"about":[{"href":"http:\/\/intsuperior.edu.ec\/index.php?rest_route=\/wp\/v2\/types\/page"}],"author":[{"embeddable":true,"href":"http:\/\/intsuperior.edu.ec\/index.php?rest_route=\/wp\/v2\/users\/6"}],"replies":[{"embeddable":true,"href":"http:\/\/intsuperior.edu.ec\/index.php?rest_route=%2Fwp%2Fv2%2Fcomments&post=6382"}],"version-history":[{"count":8,"href":"http:\/\/intsuperior.edu.ec\/index.php?rest_route=\/wp\/v2\/pages\/6382\/revisions"}],"predecessor-version":[{"id":6743,"href":"http:\/\/intsuperior.edu.ec\/index.php?rest_route=\/wp\/v2\/pages\/6382\/revisions\/6743"}],"wp:attachment":[{"href":"http:\/\/intsuperior.edu.ec\/index.php?rest_route=%2Fwp%2Fv2%2Fmedia&parent=6382"}],"curies":[{"name":"wp","href":"https:\/\/api.w.org\/{rel}","templated":true}]}}