{"id":1211,"date":"2024-06-06T21:45:24","date_gmt":"2024-06-06T21:45:24","guid":{"rendered":"http:\/\/eva.intsuperior.edu.ec\/intsuperior\/?page_id=1211"},"modified":"2025-06-05T00:53:52","modified_gmt":"2025-06-04T19:53:52","slug":"filosofia-institucional","status":"publish","type":"page","link":"http:\/\/intsuperior.edu.ec\/?page_id=1211","title":{"rendered":"FILOSOF\u00cdA INSTITUCIONAL"},"content":{"rendered":"<div class=\"\" style=\"\" >\n    \n    <section class=\"u-clearfix u-container-align-center u-image u-section-2\" id=\"sec-3dc7\" data-image-width=\"1080\" data-image-height=\"1080\" style=\"background-image: url(&quot;http:\/\/intsuperior.edu.ec\/wp-content\/uploads\/2024\/05\/Casaabierta.jpeg&quot;);\">\n      <div class=\"u-clearfix u-sheet u-sheet-1\"><\/div>\n    <\/section>\n    <section class=\"u-align-center u-clearfix u-container-align-center u-white u-section-3\" id=\"sec-cc9c\">\n      <div class=\"u-clearfix u-sheet u-sheet-1\">\n        <h5 class=\"u-align-center u-text u-text-default u-text-1\">\n          <font style=\"vertical-align: inherit;\">\n            <font style=\"vertical-align: inherit;\">Bienvenidos<\/font>\n          <\/font>\n        <\/h5>\n        <h2 class=\"u-align-center u-custom-font u-font-montserrat u-text u-text-default u-text-2\">\n          <font style=\"vertical-align: inherit;\">\n            <font style=\"vertical-align: inherit;\">Filosof\u00eda&nbsp; <\/font>\n          <\/font>\n          <font color=\"#e7232c\">\n            <font style=\"vertical-align: inherit;\">\n              <font style=\"vertical-align: inherit;\">Institucional<\/font>\n            <\/font>\n          <\/font>\n        <\/h2>\n        <p class=\"u-align-center u-text u-text-3\">\n          <font style=\"vertical-align: inherit;\">\n            <font style=\"vertical-align: inherit;\">Introducci\u00f3n a lo que hace la unidad <\/font>\n          <\/font>\n        <\/p>\n      <\/div>\n    <\/section>\n    <section class=\"u-align-center u-clearfix u-container-align-left-sm u-container-align-left-xs u-section-4\" id=\"sec-958b\">\n      <div class=\"u-clearfix u-sheet u-sheet-1\">\n        <h2 class=\"u-align-left u-custom-font u-font-montserrat u-text u-text-1\" data-animation-name=\"\" data-animation-duration=\"0\" data-animation-delay=\"0\" data-animation-direction=\"\">\n          <font style=\"vertical-align: inherit;\">\n            <font style=\"vertical-align: inherit;\">Instituto Superior Nelson Torres<\/font>\n          <\/font>\n        <\/h2>\n        <div class=\"data-layout-selected u-clearfix u-expanded-width u-layout-wrap u-layout-wrap-1\">\n          <div class=\"u-layout\">\n            <div class=\"u-layout-row\">\n              <div class=\"u-align-justify u-container-align-left u-container-style u-layout-cell u-left-cell u-size-30 u-layout-cell-1\">\n                <div class=\"u-container-layout u-valign-top u-container-layout-1\">\n                  <p class=\"u-large-text u-text u-text-default u-text-variant u-text-2\">\n                    <font style=\"vertical-align: inherit;\">\n                      <font style=\"vertical-align: inherit;\"> El INT naci\u00f3 hace 27 a\u00f1os como respuesta a las necesidades educativas de Cayambe y sus alrededores, impulsado por visionarios educadores y l\u00edderes, la instituci\u00f3n se desarroll\u00f3 con el firme prop\u00f3sito de ofrecer una formaci\u00f3n t\u00e9cnica y tecnol\u00f3gica de calidad. <\/font>\n                    <\/font>\n                    <br>\n                    <br>\n                    <font style=\"vertical-align: inherit;\">\n                      <font style=\"vertical-align: inherit;\">Este proyecto educativo innovador combin\u00f3 desde sus inicios la teor\u00eda con la pr\u00e1ctica, formando profesionales capaces de enfrentar los desaf\u00edos del mundo laboral.&nbsp; &nbsp; <\/font>\n                    <\/font>\n                    <br>\n                    <br>\n                    <font style=\"vertical-align: inherit;\">\n                      <font style=\"vertical-align: inherit;\">&nbsp;A trav\u00e9s de su trayectoria, el instituto ha demostrado un crecimiento constante y significativo, ampliando su oferta acad\u00e9mica y modernizando su infraestructura. <\/font>\n                    <\/font>\n                  <\/p>\n                <\/div>\n              <\/div>\n              <div class=\"u-align-justify u-container-align-left u-container-style u-layout-cell u-right-cell u-size-30 u-layout-cell-2\">\n                <div class=\"u-container-layout u-valign-top u-container-layout-2\">\n                  <p class=\"u-large-text u-text u-text-default u-text-variant u-text-3\">\n                    <font style=\"vertical-align: inherit;\">\n                      <font style=\"vertical-align: inherit;\"> Su compromiso con la excelencia educativa lo ha posicionado como un referente en la formaci\u00f3n t\u00e9cnica superior, estableciendo alianzas estrat\u00e9gicas con el sector empresarial.&nbsp; &nbsp; <\/font>\n                    <\/font>\n                    <br>\n                    <br>\n                    <font style=\"vertical-align: inherit;\">\n                      <font style=\"vertical-align: inherit;\">El impacto del Instituto Nelson Torres trasciende las aulas, manifest\u00e1ndose en el desarrollo socioecon\u00f3mico de la regi\u00f3n, con una metodolog\u00eda innovadora, ha formado generaciones de profesionales competentes y comprometidos.&nbsp; &nbsp; &nbsp; <\/font>\n                    <\/font>\n                    <br>\n                    <br>\n                    <font style=\"vertical-align: inherit;\">\n                      <font style=\"vertical-align: inherit;\">Su trabajo social y educativo ha transformado la vida de miles de estudiantes, contribuyendo significativamente al progreso de Cayambe y sus comunidades. <\/font>\n                    <\/font>\n                  <\/p>\n                <\/div>\n              <\/div>\n            <\/div>\n          <\/div>\n        <\/div>\n      <\/div>\n    <\/section>\n    <section class=\"u-clearfix u-grey-75 u-section-5\" id=\"sec-2ad6\">\n      <div class=\"data-layout-selected u-clearfix u-gutter-0 u-layout-wrap u-layout-wrap-1\">\n        <div class=\"u-gutter-0 u-layout\">\n          <div class=\"u-layout-row\">\n            <div class=\"u-align-left u-container-style u-layout-cell u-left-cell u-size-60 u-layout-cell-1\">\n              <div class=\"u-container-layout u-container-layout-1\">\n                <h2 class=\"u-align-left u-text u-text-1\">\n                  <span class=\"u-text-palette-2-base\">\n                    <span class=\"u-text-white\">\n                      <font style=\"vertical-align: inherit;\">\n                        <font style=\"vertical-align: inherit;\">\n                          <font style=\"vertical-align: inherit;\">\n                            <font style=\"vertical-align: inherit;\">Misi\u00f3n<\/font>\n                          <\/font>\n                        <\/font>\n                      <\/font>\n                    <\/span>\n                    <font style=\"vertical-align: inherit;\">\n                      <font style=\"vertical-align: inherit;\">\n                        <font style=\"vertical-align: inherit;\">\n                          <font style=\"vertical-align: inherit;\"> &nbsp;INT&nbsp;<\/font>\n                        <\/font>\n                      <\/font>\n                    <\/font>\n                  <\/span>\n                <\/h2>\n                <p class=\"u-text u-text-2\">\n                  <font style=\"vertical-align: inherit;\">\n                    <font style=\"vertical-align: inherit;\">\n                      <font style=\"vertical-align: inherit;\">\n                        <font style=\"vertical-align: inherit;\">Texto de muestra. Haz clic para seleccionar el elemento de Texto.<\/font>\n                      <\/font>\n                    <\/font>\n                  <\/font>\n                <\/p>\n                <p class=\"u-text u-text-3\">\n                  <font style=\"vertical-align: inherit;\">\n                    <font style=\"vertical-align: inherit;\">\n                      <font style=\"vertical-align: inherit;\">\n                        <font style=\"vertical-align: inherit;\">350 5ta Avenida, Nueva York, NY 10118<\/font>\n                      <\/font>\n                    <\/font>\n                  <\/font>\n                <\/p>\n              <\/div>\n            <\/div>\n          <\/div>\n        <\/div>\n      <\/div>\n    <\/section>\n    <section class=\"u-clearfix u-container-align-center u-section-6\" id=\"sec-5144\">\n      <div class=\"u-clearfix u-sheet u-sheet-1\">\n        <div class=\"data-layout-selected u-clearfix u-expanded-width u-gutter-30 u-layout-wrap u-layout-wrap-1\">\n          <div class=\"u-layout\">\n            <div class=\"u-layout-row\">\n              <div class=\"u-align-justify u-container-style u-layout-cell u-right-cell u-size-30 u-layout-cell-1\">\n                <div class=\"u-container-layout u-container-layout-1\">\n                  <p class=\"u-large-text u-text u-text-variant u-text-1\">\n                    <font style=\"vertical-align: inherit;\">\n                      <font style=\"vertical-align: inherit;\"><\/font>\n                    <\/font>El Instituto Superior Tecnol\u00f3gico \u201cNelson Torres\u201d, forma profesionales\nt\u00e9cnicos, socialmente responsables, capaces de innovar, crear y liderar los\nnuevos procesos productivos, econ\u00f3micos y empresariales del pa\u00eds, comprometidos\ncon la educaci\u00f3n superior de calidad, garantizando una formaci\u00f3n s\u00f3lida y\npertinente, pensando en\nlas necesidades de sus grupos de inter\u00e9s.<b>\n                      <font style=\"vertical-align: inherit;\">\n                        <font style=\"vertical-align: inherit;\"><\/font>\n                      <\/font><\/b>\n                  <\/p>\n                <\/div>\n              <\/div>\n              <div class=\"u-align-left u-container-align-center u-container-style u-image u-layout-cell u-left-cell u-size-30 u-image-1\" data-image-width=\"2048\" data-image-height=\"1539\" style=\"background-image: url(&quot;http:\/\/intsuperior.edu.ec\/wp-content\/uploads\/2025\/01\/Graduado20243.jpg&quot;);\">\n                <div class=\"u-container-layout u-container-layout-2\"><\/div>\n              <\/div>\n            <\/div>\n          <\/div>\n        <\/div>\n      <\/div>\n    <\/section>\n    <section class=\"u-clearfix u-grey-75 u-section-7\" id=\"carousel_1da7\">\n      <div class=\"data-layout-selected u-clearfix u-gutter-0 u-layout-wrap u-layout-wrap-1\">\n        <div class=\"u-gutter-0 u-layout\">\n          <div class=\"u-layout-row\">\n            <div class=\"u-align-left u-container-style u-layout-cell u-left-cell u-size-60 u-layout-cell-1\">\n              <div class=\"u-container-layout u-container-layout-1\">\n                <h2 class=\"u-align-left u-text u-text-1\">\n                  <span class=\"u-text-palette-2-base\">\n                    <span class=\"u-text-white\">\n                      <font style=\"vertical-align: inherit;\">\n                        <font style=\"vertical-align: inherit;\">\n                          <font style=\"vertical-align: inherit;\">\n                            <font style=\"vertical-align: inherit;\">Visi\u00f3n<\/font>\n                          <\/font>\n                        <\/font>\n                      <\/font>\n                    <\/span>\n                    <font style=\"vertical-align: inherit;\">\n                      <font style=\"vertical-align: inherit;\">\n                        <font style=\"vertical-align: inherit;\">\n                          <font style=\"vertical-align: inherit;\"> &nbsp;INT&nbsp;<\/font>\n                        <\/font>\n                      <\/font>\n                    <\/font>\n                  <\/span>\n                <\/h2>\n                <p class=\"u-text u-text-2\">\n                  <font style=\"vertical-align: inherit;\">\n                    <font style=\"vertical-align: inherit;\">\n                      <font style=\"vertical-align: inherit;\">\n                        <font style=\"vertical-align: inherit;\">Texto de muestra. Haz clic para seleccionar el elemento de Texto.<\/font>\n                      <\/font>\n                    <\/font>\n                  <\/font>\n                <\/p>\n                <p class=\"u-text u-text-3\">\n                  <font style=\"vertical-align: inherit;\">\n                    <font style=\"vertical-align: inherit;\">\n                      <font style=\"vertical-align: inherit;\">\n                        <font style=\"vertical-align: inherit;\">350 5ta Avenida, Nueva York, NY 10118<\/font>\n                      <\/font>\n                    <\/font>\n                  <\/font>\n                <\/p>\n              <\/div>\n            <\/div>\n          <\/div>\n        <\/div>\n      <\/div>\n    <\/section>\n    <section class=\"u-clearfix u-container-align-center u-section-8\" id=\"carousel_124b\">\n      <div class=\"u-clearfix u-sheet u-sheet-1\">\n        <div class=\"data-layout-selected u-clearfix u-expanded-width u-gutter-30 u-layout-wrap u-layout-wrap-1\">\n          <div class=\"u-layout\">\n            <div class=\"u-layout-row\">\n              <div class=\"u-align-left u-container-align-center u-container-style u-image u-layout-cell u-left-cell u-size-30 u-image-1\" data-image-width=\"1600\" data-image-height=\"1366\" style=\"background-image: url(&quot;http:\/\/intsuperior.edu.ec\/wp-content\/uploads\/2025\/01\/VivianaZurita.jpeg&quot;);\">\n                <div class=\"u-container-layout u-container-layout-1\"><\/div>\n              <\/div>\n              <div class=\"u-align-justify u-container-align-left u-container-style u-layout-cell u-right-cell u-size-30 u-layout-cell-2\">\n                <div class=\"u-container-layout u-container-layout-2\">\n                  <p class=\"u-large-text u-text u-text-variant u-text-1\">\n                    <font style=\"vertical-align: inherit;\">\n                      <font style=\"vertical-align: inherit;\"><\/font>\n                    <\/font>\n                    <font style=\"vertical-align: inherit;\">\n                      <font style=\"vertical-align: inherit;\">Ser el instituto de\nformaci\u00f3n t\u00e9cnica referente en la zona Sierra Centro y Norte del pa\u00eds,\nreconocido por su excelencia acad\u00e9mica, capacidad de innovaci\u00f3n y compromiso\ncon el desarrollo integral de su entorno.<br>\n                        <br> Nuestra creatividad y esp\u00edritu emprendedor nos encaminan a nuevas propuestas\neducativas, con un claro enfoque hacia la inclusi\u00f3n y sostenibilidad. \u200b&nbsp; \u200b&nbsp;&nbsp;\n                      <\/font>\n                    <\/font>\n                  <\/p>\n                <\/div>\n              <\/div>\n            <\/div>\n          <\/div>\n        <\/div>\n      <\/div>\n    <\/section>\n    <section class=\"u-clearfix u-grey-75 u-section-9\" id=\"carousel_87ea\">\n      <div class=\"data-layout-selected u-clearfix u-gutter-0 u-layout-wrap u-layout-wrap-1\">\n        <div class=\"u-gutter-0 u-layout\">\n          <div class=\"u-layout-row\">\n            <div class=\"u-align-left u-container-style u-layout-cell u-left-cell u-size-60 u-layout-cell-1\">\n              <div class=\"u-container-layout u-container-layout-1\">\n                <h2 class=\"u-align-left u-text u-text-1\">\n                  <span class=\"u-text-palette-2-base\">\n                    <span class=\"u-text-white\">\n                      <font style=\"vertical-align: inherit;\">\n                        <font style=\"vertical-align: inherit;\">\n                          <font style=\"vertical-align: inherit;\">\n                            <font style=\"vertical-align: inherit;\">Valores<\/font>\n                          <\/font>\n                        <\/font>\n                      <\/font>\n                    <\/span>\n                    <font style=\"vertical-align: inherit;\">\n                      <font style=\"vertical-align: inherit;\">\n                        <font style=\"vertical-align: inherit;\">\n                          <font style=\"vertical-align: inherit;\"> &nbsp;INT&nbsp;<\/font>\n                        <\/font>\n                      <\/font>\n                    <\/font>\n                  <\/span>\n                <\/h2>\n                <p class=\"u-text u-text-2\">\n                  <font style=\"vertical-align: inherit;\">\n                    <font style=\"vertical-align: inherit;\">\n                      <font style=\"vertical-align: inherit;\">\n                        <font style=\"vertical-align: inherit;\">Texto de muestra. Haz clic para seleccionar el elemento de Texto.<\/font>\n                      <\/font>\n                    <\/font>\n                  <\/font>\n                <\/p>\n                <p class=\"u-text u-text-3\">\n                  <font style=\"vertical-align: inherit;\">\n                    <font style=\"vertical-align: inherit;\">\n                      <font style=\"vertical-align: inherit;\">\n                        <font style=\"vertical-align: inherit;\">350 5ta Avenida, Nueva York, NY 10118<\/font>\n                      <\/font>\n                    <\/font>\n                  <\/font>\n                <\/p>\n              <\/div>\n            <\/div>\n          <\/div>\n        <\/div>\n      <\/div>\n    <\/section>\n    <section class=\"u-clearfix u-container-align-center u-section-10\" id=\"carousel_39e4\">\n      <div class=\"u-clearfix u-sheet u-sheet-1\">\n        <div class=\"data-layout-selected u-clearfix u-gutter-30 u-layout-wrap u-layout-wrap-1\">\n          <div class=\"u-layout\" style=\"\">\n            <div class=\"u-layout-row\" style=\"\">\n              <div class=\"u-align-justify u-container-align-left u-container-style u-layout-cell u-right-cell u-size-30 u-layout-cell-1\">\n                <div class=\"u-container-layout u-valign-top u-container-layout-1\">\n                  <ul class=\"u-large-text u-text u-text-variant u-text-1\">\n                    <li>&nbsp;Excelencia acad\u00e9mica<\/li>\n                    <li>&nbsp;Autonom\u00eda y libertad&nbsp;<\/li>\n                    <li>&nbsp;Diversidad e\ninclusi\u00f3n&nbsp;<\/li>\n                    <li>&nbsp;Innovaci\u00f3n<\/li>\n                    <li>Compromiso\ncon los grupos de inter\u00e9s<\/li>\n                  <\/ul>\n                <\/div>\n              <\/div>\n              <div class=\"u-align-left u-container-align-center u-container-style u-image u-layout-cell u-left-cell u-size-30 u-image-1\" data-image-width=\"1600\" data-image-height=\"1201\" style=\"background-image: url(&quot;http:\/\/intsuperior.edu.ec\/wp-content\/uploads\/2024\/12\/COMUNIDAD-INT1.jpeg&quot;);\">\n                <div class=\"u-container-layout u-container-layout-2\"><\/div>\n              <\/div>\n            <\/div>\n          <\/div>\n        <\/div>\n      <\/div>\n    <\/section>\n    <section class=\"u-clearfix u-grey-75 u-section-11\" id=\"carousel_924e\">\n      <div class=\"data-layout-selected u-clearfix u-gutter-0 u-layout-wrap u-layout-wrap-1\">\n        <div class=\"u-gutter-0 u-layout\">\n          <div class=\"u-layout-row\">\n            <div class=\"u-align-left u-container-style u-layout-cell u-left-cell u-size-60 u-layout-cell-1\">\n              <div class=\"u-container-layout u-container-layout-1\">\n                <h2 class=\"u-text u-text-1\">\n                  <span class=\"u-text-palette-2-base\">\n                    <span class=\"u-text-white\">\n                      <font style=\"vertical-align: inherit;\">\n                        <font style=\"vertical-align: inherit;\">\n                          <font style=\"vertical-align: inherit;\">\n                            <font style=\"vertical-align: inherit;\">Principios&nbsp;<\/font>\n                          <\/font>\n                        <\/font>\n                      <\/font>\n                    <\/span>\n                    <font style=\"vertical-align: inherit;\">\n                      <font style=\"vertical-align: inherit;\">\n                        <font style=\"vertical-align: inherit;\">\n                          <font style=\"vertical-align: inherit;\"> &nbsp;Institucionales<\/font>\n                        <\/font>\n                      <\/font>\n                    <\/font>\n                  <\/span>\n                <\/h2>\n                <p class=\"u-text u-text-2\">\n                  <font style=\"vertical-align: inherit;\">\n                    <font style=\"vertical-align: inherit;\">\n                      <font style=\"vertical-align: inherit;\">\n                        <font style=\"vertical-align: inherit;\">Texto de muestra. Haz clic para seleccionar el elemento de Texto.<\/font>\n                      <\/font>\n                    <\/font>\n                  <\/font>\n                <\/p>\n                <p class=\"u-text u-text-3\">\n                  <font style=\"vertical-align: inherit;\">\n                    <font style=\"vertical-align: inherit;\">\n                      <font style=\"vertical-align: inherit;\">\n                        <font style=\"vertical-align: inherit;\">350 5ta Avenida, Nueva York, NY 10118<\/font>\n                      <\/font>\n                    <\/font>\n                  <\/font>\n                <\/p>\n              <\/div>\n            <\/div>\n          <\/div>\n        <\/div>\n      <\/div>\n    <\/section>\n    <section class=\"u-clearfix u-container-align-center u-section-12\" id=\"carousel_7449\">\n      <div class=\"u-clearfix u-sheet u-sheet-1\">\n        <div class=\"data-layout-selected u-clearfix u-gutter-30 u-layout-wrap u-layout-wrap-1\">\n          <div class=\"u-layout\" style=\"\">\n            <div class=\"u-layout-row\" style=\"\">\n              <div class=\"u-align-left u-container-align-center u-container-style u-image u-layout-cell u-right-cell u-size-30 u-image-1\" data-image-width=\"1600\" data-image-height=\"935\" style=\"background-image: url(&quot;http:\/\/intsuperior.edu.ec\/wp-content\/uploads\/2024\/12\/INICIO3.jpeg&quot;);\">\n                <div class=\"u-container-layout u-container-layout-1\"><\/div>\n              <\/div>\n              <div class=\"u-align-justify u-container-align-left u-container-style u-layout-cell u-left-cell u-size-30 u-layout-cell-2\">\n                <div class=\"u-container-layout u-valign-top u-container-layout-2\">\n                  <ul class=\"u-align-left u-large-text u-text u-text-variant u-text-1\">\n                    <li>&nbsp; \u200bIgualdad de oportunidades&nbsp;<\/li>\n                    <li>&nbsp;\nCalidad&nbsp;<\/li>\n                    <li>&nbsp;\nPertinencia&nbsp;<\/li>\n                    <li>&nbsp;\nEquidad&nbsp;<\/li>\n                    <li>&nbsp;\nInterculturalidad&nbsp;<\/li>\n                    <li>&nbsp;\nMovilidad&nbsp;<\/li>\n                    <li>&nbsp; <span style=\"font-weight: 700;\">No<\/span> discriminaci\u00f3n\n                    <\/li>\n                  <\/ul>\n                <\/div>\n              <\/div>\n            <\/div>\n          <\/div>\n        <\/div>\n      <\/div>\n    <\/section>\n    <section class=\"u-clearfix u-grey-75 u-section-13\" id=\"carousel_f08f\">\n      <div class=\"data-layout-selected u-clearfix u-gutter-0 u-layout-wrap u-layout-wrap-1\">\n        <div class=\"u-gutter-0 u-layout\">\n          <div class=\"u-layout-row\">\n            <div class=\"u-align-left u-container-style u-layout-cell u-left-cell u-size-60 u-layout-cell-1\">\n              <div class=\"u-container-layout u-container-layout-1\">\n                <h2 class=\"u-text u-text-1\">\n                  <span class=\"u-text-white\">\n                    <font style=\"vertical-align: inherit;\">\n                      <font style=\"vertical-align: inherit;\">\n                        <font style=\"vertical-align: inherit;\">\n                          <font style=\"vertical-align: inherit;\"><\/font>\n                        <\/font>\n                      <\/font>\n                    <\/font>\n                  <\/span><b>Propuesta <span class=\"u-text-palette-2-base\">\u00fanica de<\/span> Formaci\u00f3n<\/b>\n                <\/h2>\n                <p class=\"u-text u-text-2\">\n                  <font style=\"vertical-align: inherit;\">\n                    <font style=\"vertical-align: inherit;\">\n                      <font style=\"vertical-align: inherit;\">\n                        <font style=\"vertical-align: inherit;\">Texto de muestra. Haz clic para seleccionar el elemento de Texto.<\/font>\n                      <\/font>\n                    <\/font>\n                  <\/font>\n                <\/p>\n                <p class=\"u-text u-text-3\">\n                  <font style=\"vertical-align: inherit;\">\n                    <font style=\"vertical-align: inherit;\">\n                      <font style=\"vertical-align: inherit;\">\n                        <font style=\"vertical-align: inherit;\">350 5ta Avenida, Nueva York, NY 10118<\/font>\n                      <\/font>\n                    <\/font>\n                  <\/font>\n                <\/p>\n              <\/div>\n            <\/div>\n          <\/div>\n        <\/div>\n      <\/div>\n    <\/section>\n    <section class=\"u-clearfix u-container-align-center u-section-14\" id=\"carousel_40e2\">\n      <div class=\"u-clearfix u-sheet u-sheet-1\">\n        <div class=\"data-layout-selected u-clearfix u-gutter-30 u-layout-wrap u-layout-wrap-1\">\n          <div class=\"u-layout\" style=\"\">\n            <div class=\"u-layout-row\" style=\"\">\n              <div class=\"u-align-justify u-container-align-left u-container-style u-layout-cell u-right-cell u-size-30 u-layout-cell-1\">\n                <div class=\"u-container-layout u-valign-top u-container-layout-1\">\n                  <ul class=\"u-align-left u-large-text u-text u-text-variant u-text-1\">\n                    <li> Excelencia Educativa&nbsp;<\/li>\n                    <li>Innovaci\u00f3n&nbsp;<\/li>\n                    <li>Desarrollo Sostenible<\/li>\n                  <\/ul>\n                <\/div>\n              <\/div>\n              <div class=\"u-align-left u-container-align-center u-container-style u-image u-layout-cell u-left-cell u-size-30 u-image-1\" data-image-width=\"2048\" data-image-height=\"1539\" style=\"background-image: url(&quot;http:\/\/intsuperior.edu.ec\/wp-content\/uploads\/2025\/01\/Graduado20248.jpg&quot;);\">\n                <div class=\"u-container-layout u-container-layout-2\"><\/div>\n              <\/div>\n            <\/div>\n          <\/div>\n        <\/div>\n      <\/div>\n    <\/section>\n    <section class=\"u-clearfix u-grey-75 u-section-15\" id=\"carousel_763c\">\n      <div class=\"data-layout-selected u-clearfix u-gutter-0 u-layout-wrap u-layout-wrap-1\">\n        <div class=\"u-gutter-0 u-layout\">\n          <div class=\"u-layout-row\">\n            <div class=\"u-align-left u-container-style u-layout-cell u-left-cell u-size-60 u-layout-cell-1\">\n              <div class=\"u-container-layout u-container-layout-1\">\n                <h2 class=\"u-align-center u-text u-text-1\">\n                  <span class=\"u-text-palette-2-base\">\n                    <span class=\"u-text-white\">\n                      <font style=\"vertical-align: inherit;\">\n                        <font style=\"vertical-align: inherit;\">\n                          <font style=\"vertical-align: inherit;\">\n                            <font style=\"vertical-align: inherit;\">Organigrama<\/font>\n                          <\/font>\n                        <\/font>\n                      <\/font>\n                    <\/span>\n                    <font style=\"vertical-align: inherit;\">\n                      <font style=\"vertical-align: inherit;\">\n                        <font style=\"vertical-align: inherit;\">\n                          <font style=\"vertical-align: inherit;\"> &nbsp;INT&nbsp;<\/font>\n                        <\/font>\n                      <\/font>\n                    <\/font>\n                  <\/span>\n                <\/h2>\n                <p class=\"u-text u-text-2\">\n                  <font style=\"vertical-align: inherit;\">\n                    <font style=\"vertical-align: inherit;\">\n                      <font style=\"vertical-align: inherit;\">\n                        <font style=\"vertical-align: inherit;\">Texto de muestra. Haz clic para seleccionar el elemento de Texto.<\/font>\n                      <\/font>\n                    <\/font>\n                  <\/font>\n                <\/p>\n                <p class=\"u-text u-text-3\">\n                  <font style=\"vertical-align: inherit;\">\n                    <font style=\"vertical-align: inherit;\">\n                      <font style=\"vertical-align: inherit;\">\n                        <font style=\"vertical-align: inherit;\">350 5ta Avenida, Nueva York, NY 10118<\/font>\n                      <\/font>\n                    <\/font>\n                  <\/font>\n                <\/p>\n              <\/div>\n            <\/div>\n          <\/div>\n        <\/div>\n      <\/div>\n    <\/section>\n    <section class=\"u-align-center u-clearfix u-container-align-center u-image u-image-contain u-section-16\" id=\"sec-d21a\" data-image-width=\"5833\" data-image-height=\"2917\" style=\"background-image: url(&quot;http:\/\/intsuperior.edu.ec\/wp-content\/uploads\/2025\/01\/ORGANIGRAMAESTRUCTURALINT_Mesadetrabajo1-scaled.jpg&quot;);\">\n      <div class=\"u-clearfix u-sheet u-sheet-1\"><\/div>\n    <\/section>\n    \n    \n    \n    \n  \n<\/div>","protected":false},"excerpt":{"rendered":"<p>Bienvenidos Filosof\u00eda&nbsp; Institucional Introducci\u00f3n a lo que hace la unidad Instituto Superior Nelson Torres El INT naci\u00f3 hace 27 a\u00f1os [&hellip;]<\/p>\n","protected":false},"author":1,"featured_media":0,"parent":0,"menu_order":0,"comment_status":"closed","ping_status":"closed","template":"","meta":{"site-sidebar-layout":"no-sidebar","site-content-layout":"","ast-site-content-layout":"full-width-container","site-content-style":"default","site-sidebar-style":"default","ast-global-header-display":"","ast-banner-title-visibility":"","ast-main-header-display":"","ast-hfb-above-header-display":"","ast-hfb-below-header-display":"","ast-hfb-mobile-header-display":"","site-post-title":"disabled","ast-breadcrumbs-content":"","ast-featured-img":"disabled","footer-sml-layout":"","theme-transparent-header-meta":"default","adv-header-id-meta":"","stick-header-meta":"","header-above-stick-meta":"","header-main-stick-meta":"","header-below-stick-meta":"","astra-migrate-meta-layouts":"set","ast-page-background-enabled":"default","ast-page-background-meta":{"desktop":{"background-color":"var(--ast-global-color-4)","background-image":"","background-repeat":"repeat","background-position":"center center","background-size":"auto","background-attachment":"scroll","background-type":"","background-media":"","overlay-type":"","overlay-color":"","overlay-gradient":""},"tablet":{"background-color":"","background-image":"","background-repeat":"repeat","background-position":"center center","background-size":"auto","background-attachment":"scroll","background-type":"","background-media":"","overlay-type":"","overlay-color":"","overlay-gradient":""},"mobile":{"background-color":"","background-image":"","background-repeat":"repeat","background-position":"center center","background-size":"auto","background-attachment":"scroll","background-type":"","background-media":"","overlay-type":"","overlay-color":"","overlay-gradient":""}},"ast-content-background-meta":{"desktop":{"background-color":"var(--ast-global-color-5)","background-image":"","background-repeat":"repeat","background-position":"center center","background-size":"auto","background-attachment":"scroll","background-type":"","background-media":"","overlay-type":"","overlay-color":"","overlay-gradient":""},"tablet":{"background-color":"var(--ast-global-color-5)","background-image":"","background-repeat":"repeat","background-position":"center center","background-size":"auto","background-attachment":"scroll","background-type":"","background-media":"","overlay-type":"","overlay-color":"","overlay-gradient":""},"mobile":{"background-color":"var(--ast-global-color-5)","background-image":"","background-repeat":"repeat","background-position":"center center","background-size":"auto","background-attachment":"scroll","background-type":"","background-media":"","overlay-type":"","overlay-color":"","overlay-gradient":""}},"footnotes":""},"_links":{"self":[{"href":"http:\/\/intsuperior.edu.ec\/index.php?rest_route=\/wp\/v2\/pages\/1211"}],"collection":[{"href":"http:\/\/intsuperior.edu.ec\/index.php?rest_route=\/wp\/v2\/pages"}],"about":[{"href":"http:\/\/intsuperior.edu.ec\/index.php?rest_route=\/wp\/v2\/types\/page"}],"author":[{"embeddable":true,"href":"http:\/\/intsuperior.edu.ec\/index.php?rest_route=\/wp\/v2\/users\/1"}],"replies":[{"embeddable":true,"href":"http:\/\/intsuperior.edu.ec\/index.php?rest_route=%2Fwp%2Fv2%2Fcomments&post=1211"}],"version-history":[{"count":47,"href":"http:\/\/intsuperior.edu.ec\/index.php?rest_route=\/wp\/v2\/pages\/1211\/revisions"}],"predecessor-version":[{"id":6343,"href":"http:\/\/intsuperior.edu.ec\/index.php?rest_route=\/wp\/v2\/pages\/1211\/revisions\/6343"}],"wp:attachment":[{"href":"http:\/\/intsuperior.edu.ec\/index.php?rest_route=%2Fwp%2Fv2%2Fmedia&parent=1211"}],"curies":[{"name":"wp","href":"https:\/\/api.w.org\/{rel}","templated":true}]}}