{"id":1209,"date":"2024-06-06T21:44:56","date_gmt":"2024-06-06T21:44:56","guid":{"rendered":"http:\/\/eva.intsuperior.edu.ec\/intsuperior\/?page_id=1209"},"modified":"2025-06-05T01:25:28","modified_gmt":"2025-06-04T20:25:28","slug":"autoridades","status":"publish","type":"page","link":"http:\/\/intsuperior.edu.ec\/?page_id=1209","title":{"rendered":"AUTORIDADES"},"content":{"rendered":"<div class=\"\" style=\"\" >\n    \n    <section class=\"u-clearfix u-grey-75 u-section-2\" id=\"sec-0396\">\n      <div class=\"data-layout-selected u-clearfix u-expanded-width u-gutter-0 u-layout-wrap u-layout-wrap-1\">\n        <div class=\"u-gutter-0 u-layout\">\n          <div class=\"u-layout-row\">\n            <div class=\"u-align-left u-container-style u-layout-cell u-left-cell u-size-60 u-layout-cell-1\">\n              <div class=\"u-container-layout u-container-layout-1\">\n                <h2 class=\"u-align-left u-text u-text-1\">\n                  <font style=\"vertical-align: inherit;\">\n                    <font style=\"vertical-align: inherit;\">\n                      <font style=\"vertical-align: inherit;\">\n                        <font style=\"vertical-align: inherit;\">\n                          <font style=\"vertical-align: inherit;\">\n                            <font style=\"vertical-align: inherit;\">\n                              <font style=\"vertical-align: inherit;\">\n                                <font style=\"vertical-align: inherit;\">\n                                  <font style=\"vertical-align: inherit;\">\n                                    <font style=\"vertical-align: inherit;\">\n                                      <font style=\"vertical-align: inherit;\">\n                                        <font style=\"vertical-align: inherit;\">Rector <\/font>\n                                      <\/font>\n                                    <\/font>\n                                  <\/font>\n                                <\/font>\n                              <\/font>\n                            <\/font>\n                          <\/font>\n                        <\/font>\n                      <\/font>\n                      <span class=\"u-text-palette-2-base\">\n                        <font style=\"vertical-align: inherit;\">\n                          <font style=\"vertical-align: inherit;\">\n                            <font style=\"vertical-align: inherit;\">\n                              <font style=\"vertical-align: inherit;\">\n                                <font style=\"vertical-align: inherit;\">\n                                  <font style=\"vertical-align: inherit;\">\n                                    <font style=\"vertical-align: inherit;\">\n                                      <font style=\"vertical-align: inherit;\">\n                                        <font style=\"vertical-align: inherit;\">\n                                          <font style=\"vertical-align: inherit;\">INT<\/font>\n                                        <\/font>\n                                      <\/font>\n                                    <\/font>\n                                  <\/font>\n                                <\/font>\n                              <\/font>\n                            <\/font>\n                          <\/font>\n                        <\/font>\n                      <\/span>\n                    <\/font>\n                  <\/font>\n                <\/h2>\n                <p class=\"u-text u-text-2\">\n                  <font style=\"vertical-align: inherit;\">\n                    <font style=\"vertical-align: inherit;\">\n                      <font style=\"vertical-align: inherit;\">\n                        <font style=\"vertical-align: inherit;\">\n                          <font style=\"vertical-align: inherit;\">\n                            <font style=\"vertical-align: inherit;\">\n                              <font style=\"vertical-align: inherit;\">\n                                <font style=\"vertical-align: inherit;\">\n                                  <font style=\"vertical-align: inherit;\">\n                                    <font style=\"vertical-align: inherit;\">\n                                      <font style=\"vertical-align: inherit;\">\n                                        <font style=\"vertical-align: inherit;\">\n                                          <font style=\"vertical-align: inherit;\">\n                                            <font style=\"vertical-align: inherit;\">Texto de muestra. Haz clic para seleccionar el elemento de Texto.<\/font>\n                                          <\/font>\n                                        <\/font>\n                                      <\/font>\n                                    <\/font>\n                                  <\/font>\n                                <\/font>\n                              <\/font>\n                            <\/font>\n                          <\/font>\n                        <\/font>\n                      <\/font>\n                    <\/font>\n                  <\/font>\n                <\/p>\n                <p class=\"u-text u-text-3\">\n                  <font style=\"vertical-align: inherit;\">\n                    <font style=\"vertical-align: inherit;\">\n                      <font style=\"vertical-align: inherit;\">\n                        <font style=\"vertical-align: inherit;\">\n                          <font style=\"vertical-align: inherit;\">\n                            <font style=\"vertical-align: inherit;\">\n                              <font style=\"vertical-align: inherit;\">\n                                <font style=\"vertical-align: inherit;\">\n                                  <font style=\"vertical-align: inherit;\">\n                                    <font style=\"vertical-align: inherit;\">\n                                      <font style=\"vertical-align: inherit;\">\n                                        <font style=\"vertical-align: inherit;\">\n                                          <font style=\"vertical-align: inherit;\">\n                                            <font style=\"vertical-align: inherit;\">350 5ta Avenida, Nueva York, NY 10118<\/font>\n                                          <\/font>\n                                        <\/font>\n                                      <\/font>\n                                    <\/font>\n                                  <\/font>\n                                <\/font>\n                              <\/font>\n                            <\/font>\n                          <\/font>\n                        <\/font>\n                      <\/font>\n                    <\/font>\n                  <\/font>\n                <\/p>\n              <\/div>\n            <\/div>\n          <\/div>\n        <\/div>\n      <\/div>\n    <\/section>\n    <section class=\"u-clearfix u-container-align-center u-section-3\" id=\"sec-8181\">\n      <div class=\"u-clearfix u-sheet u-sheet-1\">\n        <div class=\"data-layout-selected u-clearfix u-expanded-width u-gutter-30 u-layout-wrap u-layout-wrap-1\">\n          <div class=\"u-layout\">\n            <div class=\"u-layout-row\">\n              <div class=\"u-container-style u-image u-layout-cell u-left-cell u-size-28 u-image-1\" data-image-width=\"3468\" data-image-height=\"3556\" style=\"background-image: url(&quot;http:\/\/intsuperior.edu.ec\/wp-content\/uploads\/2025\/02\/JuanUshia-scaled.jpg&quot;);\">\n                <div class=\"u-container-layout\"><\/div>\n              <\/div>\n              <div class=\"u-container-align-left u-container-style u-layout-cell u-right-cell u-size-32 u-layout-cell-2\">\n                <div class=\"u-container-layout u-container-layout-2\">\n                  <h2 class=\"u-align-left u-text u-text-default u-text-1\"><b>Eco. <font style=\"vertical-align: inherit;\">\n                        <font style=\"vertical-align: inherit;\">\n                          <font style=\"vertical-align: inherit;\">\n                            <font style=\"vertical-align: inherit;\">\n                              <font style=\"vertical-align: inherit;\">\n                                <font style=\"vertical-align: inherit;\">\n                                  <font style=\"vertical-align: inherit;\">\n                                    <font style=\"vertical-align: inherit;\">\n                                      <font style=\"vertical-align: inherit;\">\n                                        <font style=\"vertical-align: inherit;\">\n                                          <font style=\"vertical-align: inherit;\">\n                                            <font style=\"vertical-align: inherit;\">\n                                              <font style=\"vertical-align: inherit;\">\n                                                <font style=\"vertical-align: inherit;\">\n                                                  <font style=\"vertical-align: inherit;\">\n                                                    <font style=\"vertical-align: inherit;\">Juan Ushi\u00f1a. PhD.<\/font>\n                                                  <\/font>\n                                                <\/font>\n                                              <\/font>\n                                            <\/font>\n                                          <\/font>\n                                        <\/font>\n                                      <\/font>\n                                    <\/font>\n                                  <\/font>\n                                <\/font>\n                              <\/font>\n                            <\/font>\n                          <\/font>\n                        <\/font>\n                      <\/font><\/b>\n                  <\/h2>\n                  <h6 class=\"u-align-left u-text u-text-custom-color-23 u-text-2\">\n                    <font style=\"vertical-align: inherit;\">\n                      <font style=\"vertical-align: inherit;\">\n                        <font style=\"vertical-align: inherit;\">\n                          <font style=\"vertical-align: inherit;\">\n                            <font style=\"vertical-align: inherit;\">\n                              <font style=\"vertical-align: inherit;\">\n                                <font style=\"vertical-align: inherit;\">\n                                  <font style=\"vertical-align: inherit;\">\n                                    <font style=\"vertical-align: inherit;\">\n                                      <font style=\"vertical-align: inherit;\">\n                                        <font style=\"vertical-align: inherit;\">\n                                          <font style=\"vertical-align: inherit;\">\n                                            <font style=\"vertical-align: inherit;\">\n                                              <font style=\"vertical-align: inherit;\">\n                                                <font style=\"vertical-align: inherit;\">\n                                                  <font style=\"vertical-align: inherit;\">Rector<\/font>\n                                                <\/font>\n                                              <\/font>\n                                            <\/font>\n                                          <\/font>\n                                        <\/font>\n                                      <\/font>\n                                    <\/font>\n                                  <\/font>\n                                <\/font>\n                              <\/font>\n                            <\/font>\n                          <\/font>\n                        <\/font>\n                      <\/font>\n                    <\/font>\n                  <\/h6>\n                  <p class=\"u-align-left u-heading-font u-text u-text-3\">\n                    <font style=\"vertical-align: inherit;\">\n                      <font style=\"vertical-align: inherit;\">\n                        <font style=\"vertical-align: inherit;\">\n                          <font style=\"vertical-align: inherit;\">\n                            <font style=\"vertical-align: inherit;\">\n                              <font style=\"vertical-align: inherit;\">\n                                <font style=\"vertical-align: inherit;\">\n                                  <font style=\"vertical-align: inherit;\">\n                                    <font style=\"vertical-align: inherit;\">\n                                      <font style=\"vertical-align: inherit;\">\n                                        <font style=\"vertical-align: inherit;\">\n                                          <font style=\"vertical-align: inherit;\">\n                                            <font style=\"vertical-align: inherit;\">\n                                              <font style=\"vertical-align: inherit;\">\n                                                <font style=\"vertical-align: inherit;\">\n                                                  <font style=\"vertical-align: inherit;\">Texto de muestra. Haz clic para seleccionar el elemento de Texto.<\/font>\n                                                <\/font>\n                                              <\/font>\n                                            <\/font>\n                                          <\/font>\n                                        <\/font>\n                                      <\/font>\n                                    <\/font>\n                                  <\/font>\n                                <\/font>\n                              <\/font>\n                            <\/font>\n                          <\/font>\n                        <\/font>\n                      <\/font>\n                    <\/font>\n                  <\/p>\n                  <p class=\"u-align-left u-text u-text-4\">\n                    <font style=\"vertical-align: inherit;\">\n                      <font style=\"vertical-align: inherit;\">\n                        <font style=\"vertical-align: inherit;\">\n                          <font style=\"vertical-align: inherit;\">\n                            <font style=\"vertical-align: inherit;\">\n                              <font style=\"vertical-align: inherit;\">\n                                <font style=\"vertical-align: inherit;\">\n                                  <font style=\"vertical-align: inherit;\">\n                                    <font style=\"vertical-align: inherit;\">\n                                      <font style=\"vertical-align: inherit;\">\n                                        <font style=\"vertical-align: inherit;\">\n                                          <font style=\"vertical-align: inherit;\">\n                                            <font style=\"vertical-align: inherit;\">\n                                              <font style=\"vertical-align: inherit;\">\n                                                <font style=\"vertical-align: inherit;\">\n                                                  <font style=\"vertical-align: inherit;\">\n                                                    <font style=\"vertical-align: inherit;\">\n                                                      <font style=\"vertical-align: inherit;\">Texto de muestra. Lorem ipsum dolor sit amet, consectetur adipiscing elit nullam nunc justo sagittis suscipit ultrices.<\/font>\n                                                    <\/font>\n                                                  <\/font>\n                                                <\/font>\n                                              <\/font>\n                                            <\/font>\n                                          <\/font>\n                                        <\/font>\n                                      <\/font>\n                                    <\/font>\n                                  <\/font>\n                                <\/font>\n                              <\/font>\n                            <\/font>\n                          <\/font>\n                        <\/font>\n                      <\/font>\n                    <\/font>\n                  <\/p>\n                  <p class=\"u-align-justify u-custom-font u-font-montserrat u-text u-text-5\">\n                    <font style=\"vertical-align: inherit;\">\n                      <font style=\"vertical-align: inherit;\">\n                        <font style=\"vertical-align: inherit;\">\n                          <font style=\"vertical-align: inherit;\">\n                            <font style=\"vertical-align: inherit;\">\n                              <font style=\"vertical-align: inherit;\">\n                                <font style=\"vertical-align: inherit;\">\n                                  <font style=\"vertical-align: inherit;\">\n                                    <font style=\"vertical-align: inherit;\">\n                                      <font style=\"vertical-align: inherit;\">\n                                        <font style=\"vertical-align: inherit;\">\n                                          <font style=\"vertical-align: inherit;\">\n                                            <font style=\"vertical-align: inherit;\">\n                                              <font style=\"vertical-align: inherit;\">\n                                                <font style=\"vertical-align: inherit;\">\n                                                  <font style=\"vertical-align: inherit;\"> Economista titulado en la Universidad Central del Ecuador con 22 a\u00f1os de experiencia en docencia y gesti\u00f3n educativa superior.&nbsp; <\/font>\n                                                <\/font>\n                                              <\/font>\n                                            <\/font>\n                                          <\/font>\n                                        <\/font>\n                                      <\/font>\n                                    <\/font>\n                                  <\/font>\n                                <\/font>\n                              <\/font>\n                            <\/font>\n                            <br>\n                            <br>\n                            <font style=\"vertical-align: inherit;\">\n                              <font style=\"vertical-align: inherit;\">\n                                <font style=\"vertical-align: inherit;\">\n                                  <font style=\"vertical-align: inherit;\">\n                                    <font style=\"vertical-align: inherit;\">\n                                      <font style=\"vertical-align: inherit;\">\n                                        <font style=\"vertical-align: inherit;\">\n                                          <font style=\"vertical-align: inherit;\">\n                                            <font style=\"vertical-align: inherit;\">\n                                              <font style=\"vertical-align: inherit;\">\n                                                <font style=\"vertical-align: inherit;\">\n                                                  <font style=\"vertical-align: inherit;\">Posee dos maestr\u00edas:&nbsp; <\/font>\n                                                <\/font>\n                                              <\/font>\n                                            <\/font>\n                                          <\/font>\n                                        <\/font>\n                                      <\/font>\n                                    <\/font>\n                                  <\/font>\n                                <\/font>\n                              <\/font>\n                            <\/font>\n                            <br>\n                            <font style=\"vertical-align: inherit;\">\n                              <font style=\"vertical-align: inherit;\">\n                                <font style=\"vertical-align: inherit;\">\n                                  <font style=\"vertical-align: inherit;\">\n                                    <font style=\"vertical-align: inherit;\">\n                                      <font style=\"vertical-align: inherit;\">\n                                        <font style=\"vertical-align: inherit;\">\n                                          <font style=\"vertical-align: inherit;\">\n                                            <font style=\"vertical-align: inherit;\">\n                                              <font style=\"vertical-align: inherit;\">\n                                                <font style=\"vertical-align: inherit;\">\n                                                  <font style=\"vertical-align: inherit;\">Gerencia Educativa (2013, Universidad Metropolitana) y Dise\u00f1o de Proyectos (2016, UCE).&nbsp; <\/font>\n                                                <\/font>\n                                              <\/font>\n                                            <\/font>\n                                          <\/font>\n                                        <\/font>\n                                      <\/font>\n                                    <\/font>\n                                  <\/font>\n                                <\/font>\n                              <\/font>\n                            <\/font>\n                            <br>\n                            <br>\n                            <font style=\"vertical-align: inherit;\">\n                              <font style=\"vertical-align: inherit;\">\n                                <font style=\"vertical-align: inherit;\">\n                                  <font style=\"vertical-align: inherit;\">\n                                    <font style=\"vertical-align: inherit;\">\n                                      <font style=\"vertical-align: inherit;\">\n                                        <font style=\"vertical-align: inherit;\">\n                                          <font style=\"vertical-align: inherit;\">\n                                            <font style=\"vertical-align: inherit;\">\n                                              <font style=\"vertical-align: inherit;\">\n                                                <font style=\"vertical-align: inherit;\">\n                                                  <font style=\"vertical-align: inherit;\">Es Ph.D. en Educaci\u00f3n (UCV).&nbsp; <\/font>\n                                                <\/font>\n                                              <\/font>\n                                            <\/font>\n                                          <\/font>\n                                        <\/font>\n                                      <\/font>\n                                    <\/font>\n                                  <\/font>\n                                <\/font>\n                              <\/font>\n                            <\/font>\n                            <br>\n                            <font style=\"vertical-align: inherit;\">\n                              <font style=\"vertical-align: inherit;\">\n                                <font style=\"vertical-align: inherit;\">\n                                  <font style=\"vertical-align: inherit;\">\n                                    <font style=\"vertical-align: inherit;\">\n                                      <font style=\"vertical-align: inherit;\">\n                                        <font style=\"vertical-align: inherit;\">\n                                          <font style=\"vertical-align: inherit;\">\n                                            <font style=\"vertical-align: inherit;\">\n                                              <font style=\"vertical-align: inherit;\">\n                                                <font style=\"vertical-align: inherit;\">\n                                                  <font style=\"vertical-align: inherit;\">Autor y ponente internacional.&nbsp;&nbsp;<\/font>\n                                                <\/font>\n                                              <\/font>\n                                            <\/font>\n                                          <\/font>\n                                        <\/font>\n                                      <\/font>\n                                    <\/font>\n                                  <\/font>\n                                <\/font>\n                              <\/font>\n                            <\/font>\n                          <\/font>\n                        <\/font>\n                      <\/font>\n                    <\/font>\n                  <\/p>\n                <\/div>\n              <\/div>\n            <\/div>\n          <\/div>\n        <\/div>\n      <\/div>\n    <\/section>\n    <section class=\"u-clearfix u-grey-75 u-section-4\" id=\"carousel_46e3\">\n      <div class=\"data-layout-selected u-clearfix u-expanded-width u-gutter-0 u-layout-wrap u-layout-wrap-1\">\n        <div class=\"u-gutter-0 u-layout\">\n          <div class=\"u-layout-row\">\n            <div class=\"u-align-left u-container-style u-layout-cell u-left-cell u-size-60 u-layout-cell-1\">\n              <div class=\"u-container-layout u-container-layout-1\">\n                <h2 class=\"u-align-left u-text u-text-1\">\n                  <font style=\"vertical-align: inherit;\">\n                    <font style=\"vertical-align: inherit;\">\n                      <font style=\"vertical-align: inherit;\">\n                        <font style=\"vertical-align: inherit;\">\n                          <font style=\"vertical-align: inherit;\">\n                            <font style=\"vertical-align: inherit;\">\n                              <font style=\"vertical-align: inherit;\">\n                                <font style=\"vertical-align: inherit;\">\n                                  <font style=\"vertical-align: inherit;\">\n                                    <font style=\"vertical-align: inherit;\">\n                                      <font style=\"vertical-align: inherit;\">\n                                        <font style=\"vertical-align: inherit;\">\n                                          <font style=\"vertical-align: inherit;\">\n                                            <font style=\"vertical-align: inherit;\">Coordinador Acad\u00e9mico&nbsp; <\/font>\n                                          <\/font>\n                                        <\/font>\n                                      <\/font>\n                                    <\/font>\n                                  <\/font>\n                                <\/font>\n                              <\/font>\n                            <\/font>\n                          <\/font>\n                        <\/font>\n                      <\/font>\n                      <span class=\"u-text-palette-2-base\">\n                        <font style=\"vertical-align: inherit;\">\n                          <font style=\"vertical-align: inherit;\">\n                            <font style=\"vertical-align: inherit;\">\n                              <font style=\"vertical-align: inherit;\">\n                                <font style=\"vertical-align: inherit;\">\n                                  <font style=\"vertical-align: inherit;\">\n                                    <font style=\"vertical-align: inherit;\">\n                                      <font style=\"vertical-align: inherit;\">\n                                        <font style=\"vertical-align: inherit;\">\n                                          <font style=\"vertical-align: inherit;\">\n                                            <font style=\"vertical-align: inherit;\">\n                                              <font style=\"vertical-align: inherit;\">INT<\/font>\n                                            <\/font>\n                                          <\/font>\n                                        <\/font>\n                                      <\/font>\n                                    <\/font>\n                                  <\/font>\n                                <\/font>\n                              <\/font>\n                            <\/font>\n                          <\/font>\n                        <\/font>\n                      <\/span>\n                    <\/font>\n                  <\/font>\n                <\/h2>\n                <p class=\"u-text u-text-2\">\n                  <font style=\"vertical-align: inherit;\">\n                    <font style=\"vertical-align: inherit;\">\n                      <font style=\"vertical-align: inherit;\">\n                        <font style=\"vertical-align: inherit;\">\n                          <font style=\"vertical-align: inherit;\">\n                            <font style=\"vertical-align: inherit;\">\n                              <font style=\"vertical-align: inherit;\">\n                                <font style=\"vertical-align: inherit;\">\n                                  <font style=\"vertical-align: inherit;\">\n                                    <font style=\"vertical-align: inherit;\">\n                                      <font style=\"vertical-align: inherit;\">\n                                        <font style=\"vertical-align: inherit;\">\n                                          <font style=\"vertical-align: inherit;\">\n                                            <font style=\"vertical-align: inherit;\">\n                                              <font style=\"vertical-align: inherit;\">\n                                                <font style=\"vertical-align: inherit;\">Texto de muestra. Haz clic para seleccionar el elemento de Texto.<\/font>\n                                              <\/font>\n                                            <\/font>\n                                          <\/font>\n                                        <\/font>\n                                      <\/font>\n                                    <\/font>\n                                  <\/font>\n                                <\/font>\n                              <\/font>\n                            <\/font>\n                          <\/font>\n                        <\/font>\n                      <\/font>\n                    <\/font>\n                  <\/font>\n                <\/p>\n                <p class=\"u-text u-text-3\">\n                  <font style=\"vertical-align: inherit;\">\n                    <font style=\"vertical-align: inherit;\">\n                      <font style=\"vertical-align: inherit;\">\n                        <font style=\"vertical-align: inherit;\">\n                          <font style=\"vertical-align: inherit;\">\n                            <font style=\"vertical-align: inherit;\">\n                              <font style=\"vertical-align: inherit;\">\n                                <font style=\"vertical-align: inherit;\">\n                                  <font style=\"vertical-align: inherit;\">\n                                    <font style=\"vertical-align: inherit;\">\n                                      <font style=\"vertical-align: inherit;\">\n                                        <font style=\"vertical-align: inherit;\">\n                                          <font style=\"vertical-align: inherit;\">\n                                            <font style=\"vertical-align: inherit;\">\n                                              <font style=\"vertical-align: inherit;\">\n                                                <font style=\"vertical-align: inherit;\">350 5ta Avenida, Nueva York, NY 10118<\/font>\n                                              <\/font>\n                                            <\/font>\n                                          <\/font>\n                                        <\/font>\n                                      <\/font>\n                                    <\/font>\n                                  <\/font>\n                                <\/font>\n                              <\/font>\n                            <\/font>\n                          <\/font>\n                        <\/font>\n                      <\/font>\n                    <\/font>\n                  <\/font>\n                <\/p>\n              <\/div>\n            <\/div>\n          <\/div>\n        <\/div>\n      <\/div>\n    <\/section>\n    <section class=\"u-clearfix u-section-5\" id=\"carousel_fa32\">\n      <div class=\"u-clearfix u-sheet u-sheet-1\">\n        <div class=\"data-layout-selected u-clearfix u-expanded-width u-gutter-30 u-layout-wrap u-layout-wrap-1\">\n          <div class=\"u-layout\">\n            <div class=\"u-layout-row\">\n              <div class=\"u-container-align-left u-container-style u-layout-cell u-right-cell u-size-32 u-layout-cell-1\">\n                <div class=\"u-container-layout u-container-layout-1\">\n                  <h2 class=\"u-align-left u-text u-text-default u-text-1\"><b>\n                      <font style=\"vertical-align: inherit;\">\n                        <font style=\"vertical-align: inherit;\">\n                          <font style=\"vertical-align: inherit;\">\n                            <font style=\"vertical-align: inherit;\">\n                              <font style=\"vertical-align: inherit;\">\n                                <font style=\"vertical-align: inherit;\">\n                                  <font style=\"vertical-align: inherit;\">\n                                    <font style=\"vertical-align: inherit;\">\n                                      <font style=\"vertical-align: inherit;\">\n                                        <font style=\"vertical-align: inherit;\">\n                                          <font style=\"vertical-align: inherit;\">\n                                            <font style=\"vertical-align: inherit;\">\n                                              <font style=\"vertical-align: inherit;\">\n                                                <font style=\"vertical-align: inherit;\">\n                                                  <font style=\"vertical-align: inherit;\">\n                                                    <font style=\"vertical-align: inherit;\">\n                                                      <font style=\"vertical-align: inherit;\">\n                                                        <font style=\"vertical-align: inherit;\">Msc. Jorge Paredes<\/font>\n                                                      <\/font>\n                                                    <\/font>\n                                                  <\/font>\n                                                <\/font>\n                                              <\/font>\n                                            <\/font>\n                                          <\/font>\n                                        <\/font>\n                                      <\/font>\n                                    <\/font>\n                                  <\/font>\n                                <\/font>\n                              <\/font>\n                            <\/font>\n                          <\/font>\n                        <\/font>\n                      <\/font><\/b>\n                  <\/h2>\n                  <h6 class=\"u-align-left u-text u-text-custom-color-23 u-text-2\">\n                    <font style=\"vertical-align: inherit;\">\n                      <font style=\"vertical-align: inherit;\">\n                        <font style=\"vertical-align: inherit;\">\n                          <font style=\"vertical-align: inherit;\">\n                            <font style=\"vertical-align: inherit;\">\n                              <font style=\"vertical-align: inherit;\">\n                                <font style=\"vertical-align: inherit;\">\n                                  <font style=\"vertical-align: inherit;\">\n                                    <font style=\"vertical-align: inherit;\">\n                                      <font style=\"vertical-align: inherit;\">\n                                        <font style=\"vertical-align: inherit;\">\n                                          <font style=\"vertical-align: inherit;\">\n                                            <font style=\"vertical-align: inherit;\">\n                                              <font style=\"vertical-align: inherit;\">\n                                                <font style=\"vertical-align: inherit;\">\n                                                  <font style=\"vertical-align: inherit;\">\n                                                    <font style=\"vertical-align: inherit;\">\n                                                      <font style=\"vertical-align: inherit;\">Coordinador Acad\u00e9mico<\/font>\n                                                    <\/font>\n                                                  <\/font>\n                                                <\/font>\n                                              <\/font>\n                                            <\/font>\n                                          <\/font>\n                                        <\/font>\n                                      <\/font>\n                                    <\/font>\n                                  <\/font>\n                                <\/font>\n                              <\/font>\n                            <\/font>\n                          <\/font>\n                        <\/font>\n                      <\/font>\n                    <\/font>\n                  <\/h6>\n                  <p class=\"u-align-left u-heading-font u-text u-text-3\">\n                    <font style=\"vertical-align: inherit;\">\n                      <font style=\"vertical-align: inherit;\">\n                        <font style=\"vertical-align: inherit;\">\n                          <font style=\"vertical-align: inherit;\">\n                            <font style=\"vertical-align: inherit;\">\n                              <font style=\"vertical-align: inherit;\">\n                                <font style=\"vertical-align: inherit;\">\n                                  <font style=\"vertical-align: inherit;\">\n                                    <font style=\"vertical-align: inherit;\">\n                                      <font style=\"vertical-align: inherit;\">\n                                        <font style=\"vertical-align: inherit;\">\n                                          <font style=\"vertical-align: inherit;\">\n                                            <font style=\"vertical-align: inherit;\">\n                                              <font style=\"vertical-align: inherit;\">\n                                                <font style=\"vertical-align: inherit;\">\n                                                  <font style=\"vertical-align: inherit;\">\n                                                    <font style=\"vertical-align: inherit;\">\n                                                      <font style=\"vertical-align: inherit;\">Texto de muestra. Haz clic para seleccionar el elemento de Texto.<\/font>\n                                                    <\/font>\n                                                  <\/font>\n                                                <\/font>\n                                              <\/font>\n                                            <\/font>\n                                          <\/font>\n                                        <\/font>\n                                      <\/font>\n                                    <\/font>\n                                  <\/font>\n                                <\/font>\n                              <\/font>\n                            <\/font>\n                          <\/font>\n                        <\/font>\n                      <\/font>\n                    <\/font>\n                  <\/p>\n                  <p class=\"u-align-left u-text u-text-4\">\n                    <font style=\"vertical-align: inherit;\">\n                      <font style=\"vertical-align: inherit;\">\n                        <font style=\"vertical-align: inherit;\">\n                          <font style=\"vertical-align: inherit;\">\n                            <font style=\"vertical-align: inherit;\">\n                              <font style=\"vertical-align: inherit;\">\n                                <font style=\"vertical-align: inherit;\">\n                                  <font style=\"vertical-align: inherit;\">\n                                    <font style=\"vertical-align: inherit;\">\n                                      <font style=\"vertical-align: inherit;\">\n                                        <font style=\"vertical-align: inherit;\">\n                                          <font style=\"vertical-align: inherit;\">\n                                            <font style=\"vertical-align: inherit;\">\n                                              <font style=\"vertical-align: inherit;\">\n                                                <font style=\"vertical-align: inherit;\">\n                                                  <font style=\"vertical-align: inherit;\">\n                                                    <font style=\"vertical-align: inherit;\">\n                                                      <font style=\"vertical-align: inherit;\">\n                                                        <font style=\"vertical-align: inherit;\">\n                                                          <font style=\"vertical-align: inherit;\">Texto de muestra. Lorem ipsum dolor sit amet, consectetur adipiscing elit nullam nunc justo sagittis suscipit ultrices.<\/font>\n                                                        <\/font>\n                                                      <\/font>\n                                                    <\/font>\n                                                  <\/font>\n                                                <\/font>\n                                              <\/font>\n                                            <\/font>\n                                          <\/font>\n                                        <\/font>\n                                      <\/font>\n                                    <\/font>\n                                  <\/font>\n                                <\/font>\n                              <\/font>\n                            <\/font>\n                          <\/font>\n                        <\/font>\n                      <\/font>\n                    <\/font>\n                  <\/p>\n                  <p class=\"u-align-justify u-custom-font u-font-montserrat u-text u-text-5\">\n                    <font style=\"vertical-align: inherit;\">\n                      <font style=\"vertical-align: inherit;\">\n                        <font style=\"vertical-align: inherit;\">\n                          <font style=\"vertical-align: inherit;\">\n                            <font style=\"vertical-align: inherit;\">\n                              <font style=\"vertical-align: inherit;\">\n                                <font style=\"vertical-align: inherit;\">\n                                  <font style=\"vertical-align: inherit;\">\n                                    <font style=\"vertical-align: inherit;\">\n                                      <font style=\"vertical-align: inherit;\">\n                                        <font style=\"vertical-align: inherit;\">\n                                          <font style=\"vertical-align: inherit;\">\n                                            <font style=\"vertical-align: inherit;\">\n                                              <font style=\"vertical-align: inherit;\">\n                                                <font style=\"vertical-align: inherit;\">\n                                                  <font style=\"vertical-align: inherit;\">\n                                                    <font style=\"vertical-align: inherit;\">\n                                                      <font style=\"vertical-align: inherit;\">Ingeniero<\/font>\n                                                    <\/font>\n                                                  <\/font>\n                                                <\/font>\n                                              <\/font>\n                                            <\/font>\n                                          <\/font>\n                                        <\/font>\n                                      <\/font>\n                                    <\/font>\n                                  <\/font>\n                                <\/font>\n                              <\/font>\n                            <\/font>\n                          <\/font>\n                        <\/font>\n                      <\/font>\n                    <\/font>\n                    <font style=\"vertical-align: inherit;\">\n                      <font style=\"vertical-align: inherit;\">\n                        <font style=\"vertical-align: inherit;\">\n                          <font style=\"vertical-align: inherit;\">\n                            <font style=\"vertical-align: inherit;\">\n                              <font style=\"vertical-align: inherit;\"> en Finanzas y Mag\u00edster en Dise\u00f1o y Evaluaci\u00f3n de Proyectos por la Universidad Central del Ecuador.&nbsp;<\/font>\n                            <\/font>\n                          <\/font>\n                        <\/font>\n                        <br>\n                        <br>\n                        <font style=\"vertical-align: inherit;\">\n                          <font style=\"vertical-align: inherit;\">\n                            <font style=\"vertical-align: inherit;\">\n                              <font style=\"vertical-align: inherit;\">Docente con experiencia en formaci\u00f3n acad\u00e9mica, an\u00e1lisis financiero y gesti\u00f3n de proyectos.&nbsp;<\/font>\n                            <\/font>\n                          <\/font>\n                        <\/font>\n                        <br>\n                        <br>\n                        <font style=\"vertical-align: inherit;\">\n                          <font style=\"vertical-align: inherit;\">\n                            <font style=\"vertical-align: inherit;\">\n                              <font style=\"vertical-align: inherit;\">Comprometido con la ense\u00f1anza y el desarrollo de profesionales integrales.<\/font>\n                            <\/font>\n                          <\/font>\n                        <\/font>\n                      <\/font>\n                    <\/font>\n                  <\/p>\n                <\/div>\n              <\/div>\n              <div class=\"u-container-style u-image u-layout-cell u-left-cell u-size-28 u-image-1\" data-image-width=\"3468\" data-image-height=\"3868\" style=\"background-image: url(&quot;http:\/\/intsuperior.edu.ec\/wp-content\/uploads\/2025\/02\/JorgeParez-scaled.jpg&quot;);\">\n                <div class=\"u-container-layout\"><\/div>\n              <\/div>\n            <\/div>\n          <\/div>\n        <\/div>\n      <\/div>\n    <\/section>\n    <section class=\"u-clearfix u-grey-75 u-section-6\" id=\"carousel_4922\">\n      <div class=\"data-layout-selected u-clearfix u-expanded-width u-gutter-0 u-layout-wrap u-layout-wrap-1\">\n        <div class=\"u-gutter-0 u-layout\">\n          <div class=\"u-layout-row\">\n            <div class=\"u-align-left u-container-style u-layout-cell u-left-cell u-size-60 u-layout-cell-1\">\n              <div class=\"u-container-layout u-container-layout-1\">\n                <h2 class=\"u-align-left u-text u-text-1\">\n                  <font style=\"vertical-align: inherit;\">\n                    <font style=\"vertical-align: inherit;\">\n                      <span class=\"u-text-palette-2-base\">\n                        <font style=\"vertical-align: inherit;\">\n                          <font style=\"vertical-align: inherit;\">\n                            <font color=\"#ffffff\">\n                              <font style=\"vertical-align: inherit;\">\n                                <font style=\"vertical-align: inherit;\">\n                                  <font style=\"vertical-align: inherit;\">\n                                    <font style=\"vertical-align: inherit;\">\n                                      <font style=\"vertical-align: inherit;\">\n                                        <font style=\"vertical-align: inherit;\">\n                                          <font style=\"vertical-align: inherit;\">\n                                            <font style=\"vertical-align: inherit;\">\n                                              <font style=\"vertical-align: inherit;\">\n                                                <font style=\"vertical-align: inherit;\">\n                                                  <font style=\"vertical-align: inherit;\">\n                                                    <font style=\"vertical-align: inherit;\">Coordinaciones de Carrera&nbsp;<\/font>\n                                                  <\/font>\n                                                <\/font>\n                                              <\/font>\n                                            <\/font>\n                                          <\/font>\n                                        <\/font>\n                                      <\/font>\n                                    <\/font>\n                                  <\/font>\n                                <\/font>\n                              <\/font>\n                            <\/font>\n                            <font style=\"vertical-align: inherit;\">\n                              <font style=\"vertical-align: inherit;\">\n                                <font style=\"vertical-align: inherit;\">\n                                  <font style=\"vertical-align: inherit;\">\n                                    <font style=\"vertical-align: inherit;\">\n                                      <font style=\"vertical-align: inherit;\">\n                                        <font style=\"vertical-align: inherit;\">\n                                          <font style=\"vertical-align: inherit;\">\n                                            <font style=\"vertical-align: inherit;\">\n                                              <font style=\"vertical-align: inherit;\">\n                                                <font style=\"vertical-align: inherit;\">\n                                                  <font style=\"vertical-align: inherit;\"> INT<\/font>\n                                                <\/font>\n                                              <\/font>\n                                            <\/font>\n                                          <\/font>\n                                        <\/font>\n                                      <\/font>\n                                    <\/font>\n                                  <\/font>\n                                <\/font>\n                              <\/font>\n                            <\/font>\n                          <\/font>\n                        <\/font>\n                      <\/span>\n                    <\/font>\n                  <\/font>\n                <\/h2>\n                <p class=\"u-text u-text-2\">\n                  <font style=\"vertical-align: inherit;\">\n                    <font style=\"vertical-align: inherit;\">\n                      <font style=\"vertical-align: inherit;\">\n                        <font style=\"vertical-align: inherit;\">\n                          <font style=\"vertical-align: inherit;\">\n                            <font style=\"vertical-align: inherit;\">\n                              <font style=\"vertical-align: inherit;\">\n                                <font style=\"vertical-align: inherit;\">\n                                  <font style=\"vertical-align: inherit;\">\n                                    <font style=\"vertical-align: inherit;\">\n                                      <font style=\"vertical-align: inherit;\">\n                                        <font style=\"vertical-align: inherit;\">\n                                          <font style=\"vertical-align: inherit;\">\n                                            <font style=\"vertical-align: inherit;\">\n                                              <font style=\"vertical-align: inherit;\">\n                                                <font style=\"vertical-align: inherit;\">\n                                                  <font style=\"vertical-align: inherit;\">\n                                                    <font style=\"vertical-align: inherit;\">Texto de muestra. Haz clic para seleccionar el elemento de Texto.<\/font>\n                                                  <\/font>\n                                                <\/font>\n                                              <\/font>\n                                            <\/font>\n                                          <\/font>\n                                        <\/font>\n                                      <\/font>\n                                    <\/font>\n                                  <\/font>\n                                <\/font>\n                              <\/font>\n                            <\/font>\n                          <\/font>\n                        <\/font>\n                      <\/font>\n                    <\/font>\n                  <\/font>\n                <\/p>\n                <p class=\"u-text u-text-3\">\n                  <font style=\"vertical-align: inherit;\">\n                    <font style=\"vertical-align: inherit;\">\n                      <font style=\"vertical-align: inherit;\">\n                        <font style=\"vertical-align: inherit;\">\n                          <font style=\"vertical-align: inherit;\">\n                            <font style=\"vertical-align: inherit;\">\n                              <font style=\"vertical-align: inherit;\">\n                                <font style=\"vertical-align: inherit;\">\n                                  <font style=\"vertical-align: inherit;\">\n                                    <font style=\"vertical-align: inherit;\">\n                                      <font style=\"vertical-align: inherit;\">\n                                        <font style=\"vertical-align: inherit;\">\n                                          <font style=\"vertical-align: inherit;\">\n                                            <font style=\"vertical-align: inherit;\">\n                                              <font style=\"vertical-align: inherit;\">\n                                                <font style=\"vertical-align: inherit;\">\n                                                  <font style=\"vertical-align: inherit;\">\n                                                    <font style=\"vertical-align: inherit;\">350 5ta Avenida, Nueva York, NY 10118<\/font>\n                                                  <\/font>\n                                                <\/font>\n                                              <\/font>\n                                            <\/font>\n                                          <\/font>\n                                        <\/font>\n                                      <\/font>\n                                    <\/font>\n                                  <\/font>\n                                <\/font>\n                              <\/font>\n                            <\/font>\n                          <\/font>\n                        <\/font>\n                      <\/font>\n                    <\/font>\n                  <\/font>\n                <\/p>\n              <\/div>\n            <\/div>\n          <\/div>\n        <\/div>\n      <\/div>\n    <\/section>\n    <section class=\"u-clearfix u-section-7\" id=\"sec-bd5d\">\n      <div class=\"u-clearfix u-sheet u-sheet-1\">\n        <div class=\"custom-expanded data-layout-selected u-clearfix u-gutter-30 u-layout-wrap u-layout-wrap-1\">\n          <div class=\"u-layout\">\n            <div class=\"u-layout-row\">\n              <div class=\"u-align-center u-container-align-center u-container-style u-image u-layout-cell u-left-cell u-size-23 u-image-1\" data-image-width=\"3468\" data-image-height=\"3640\" style=\"background-image: url(&quot;http:\/\/intsuperior.edu.ec\/wp-content\/uploads\/2025\/02\/Billasis-scaled.jpg&quot;);\">\n                <div class=\"u-container-layout u-valign-middle u-container-layout-1\"><\/div>\n              <\/div>\n              <div class=\"u-container-align-left u-container-style u-layout-cell u-right-cell u-size-37 u-layout-cell-2\">\n                <div class=\"u-container-layout u-container-layout-2\">\n                  <h2 class=\"u-align-left u-text u-text-default u-text-1\">Msc. <b>\n                      <font style=\"vertical-align: inherit;\">\n                        <font style=\"vertical-align: inherit;\">\n                          <font style=\"vertical-align: inherit;\">\n                            <font style=\"vertical-align: inherit;\">\n                              <font style=\"vertical-align: inherit;\">\n                                <font style=\"vertical-align: inherit;\">\n                                  <font style=\"vertical-align: inherit;\">\n                                    <font style=\"vertical-align: inherit;\">\n                                      <font style=\"vertical-align: inherit;\">\n                                        <font style=\"vertical-align: inherit;\">\n                                          <font style=\"vertical-align: inherit;\">\n                                            <font style=\"vertical-align: inherit;\">Graciela Villacis<\/font>\n                                          <\/font>\n                                        <\/font>\n                                      <\/font>\n                                    <\/font>\n                                  <\/font>\n                                <\/font>\n                              <\/font>\n                            <\/font>\n                          <\/font>\n                        <\/font>\n                      <\/font><\/b>\n                  <\/h2>\n                  <h6 class=\"u-align-left u-text u-text-custom-color-23 u-text-2\">\n                    <font style=\"vertical-align: inherit;\">\n                      <font style=\"vertical-align: inherit;\">\n                        <font style=\"vertical-align: inherit;\">\n                          <font style=\"vertical-align: inherit;\">\n                            <font style=\"vertical-align: inherit;\">\n                              <font style=\"vertical-align: inherit;\">\n                                <font style=\"vertical-align: inherit;\">\n                                  <font style=\"vertical-align: inherit;\">\n                                    <font style=\"vertical-align: inherit;\">\n                                      <font style=\"vertical-align: inherit;\">\n                                        <font style=\"vertical-align: inherit;\">\n                                          <font style=\"vertical-align: inherit;\">Coordinadora \u200bAdministraci\u00f3n<\/font>\n                                        <\/font>\n                                      <\/font>\n                                    <\/font>\n                                  <\/font>\n                                <\/font>\n                              <\/font>\n                            <\/font>\n                          <\/font>\n                        <\/font>\n                      <\/font>\n                    <\/font>\n                  <\/h6>\n                  <p class=\"u-align-justify u-custom-font u-font-montserrat u-text u-text-3\">\n                    <font style=\"vertical-align: inherit;\">\n                      <font style=\"vertical-align: inherit;\">\n                        <font style=\"vertical-align: inherit;\">\n                          <font style=\"vertical-align: inherit;\">\n                            <font style=\"vertical-align: inherit;\">\n                              <font style=\"vertical-align: inherit;\">\n                                <font style=\"vertical-align: inherit;\">\n                                  <font style=\"vertical-align: inherit;\">\n                                    <font style=\"vertical-align: inherit;\">\n                                      <font style=\"vertical-align: inherit;\">\n                                        <font style=\"vertical-align: inherit;\">\n                                          <font style=\"vertical-align: inherit;\"> Profesional en educaci\u00f3n con amplia experiencia docente y s\u00f3lida formaci\u00f3n acad\u00e9mica.&nbsp; <\/font>\n                                        <\/font>\n                                      <\/font>\n                                    <\/font>\n                                  <\/font>\n                                <\/font>\n                              <\/font>\n                            <\/font>\n                          <\/font>\n                        <\/font>\n                        <br>\n                        <br>\n                        <font style=\"vertical-align: inherit;\">\n                          <font style=\"vertical-align: inherit;\">\n                            <font style=\"vertical-align: inherit;\">\n                              <font style=\"vertical-align: inherit;\">\n                                <font style=\"vertical-align: inherit;\">\n                                  <font style=\"vertical-align: inherit;\">\n                                    <font style=\"vertical-align: inherit;\">\n                                      <font style=\"vertical-align: inherit;\">\n                                        <font style=\"vertical-align: inherit;\">\n                                          <font style=\"vertical-align: inherit;\">Licenciada en Marketing y Gesti\u00f3n de Negocios por la Universidad T\u00e9cnica de Ambato y tiene una maestr\u00eda en Direcci\u00f3n de Empresas por la Universidad de La Rioja, Espa\u00f1a, enfocada en liderazgo y estrategias.\n&nbsp; <\/font>\n                                        <\/font>\n                                      <\/font>\n                                    <\/font>\n                                  <\/font>\n                                <\/font>\n                              <\/font>\n                            <\/font>\n                          <\/font>\n                        <\/font>\n                      <\/font>\n                    <\/font>\n                  <\/p>\n                  <p class=\"u-align-left u-text u-text-4\">\n                    <font style=\"vertical-align: inherit;\">\n                      <font style=\"vertical-align: inherit;\">\n                        <font style=\"vertical-align: inherit;\">\n                          <font style=\"vertical-align: inherit;\">\n                            <font style=\"vertical-align: inherit;\">\n                              <font style=\"vertical-align: inherit;\">\n                                <font style=\"vertical-align: inherit;\">\n                                  <font style=\"vertical-align: inherit;\">\n                                    <font style=\"vertical-align: inherit;\">\n                                      <font style=\"vertical-align: inherit;\">\n                                        <font style=\"vertical-align: inherit;\">\n                                          <font style=\"vertical-align: inherit;\">P\u00e1rrafo. Lorem ipsum dolor sit amet, consectetur adipiscing elit. Curabitur id suscipit ex. Suspendisse rhoncus laoreet purus quis elementum. Phasellus sed efficitur dolor, et ultricies sapien. Quisque fringilla sit amet dolor commodo efficitur. Aliquam et sem odio. In ullamcorper nisi nunc, et molestie ipsum iaculis sit amet.<\/font>\n                                        <\/font>\n                                      <\/font>\n                                    <\/font>\n                                  <\/font>\n                                <\/font>\n                              <\/font>\n                            <\/font>\n                          <\/font>\n                        <\/font>\n                      <\/font>\n                    <\/font>\n                  <\/p>\n                <\/div>\n              <\/div>\n            <\/div>\n          <\/div>\n        <\/div>\n      <\/div>\n    <\/section>\n    <section class=\"u-clearfix u-section-8\" id=\"carousel_4e38\">\n      <div class=\"u-clearfix u-sheet u-sheet-1\">\n        <div class=\"u-border-3 u-border-grey-dark-1 u-line u-line-horizontal u-line-1\"><\/div>\n        <div class=\"data-layout-selected u-clearfix u-expanded-width u-gutter-30 u-layout-wrap u-layout-wrap-1\">\n          <div class=\"u-layout\">\n            <div class=\"u-layout-row\">\n              <div class=\"u-container-style u-layout-cell u-right-cell u-size-37 u-layout-cell-1\">\n                <div class=\"u-container-layout u-container-layout-1\">\n                  <h2 class=\"u-align-left u-text u-text-default u-text-1\">Msc.<b>\n                      <font style=\"vertical-align: inherit;\">\n                        <font style=\"vertical-align: inherit;\">\n                          <font style=\"vertical-align: inherit;\">\n                            <font style=\"vertical-align: inherit;\">\n                              <font style=\"vertical-align: inherit;\">\n                                <font style=\"vertical-align: inherit;\">\n                                  <font style=\"vertical-align: inherit;\">\n                                    <font style=\"vertical-align: inherit;\">\n                                      <font style=\"vertical-align: inherit;\">\n                                        <font style=\"vertical-align: inherit;\">\n                                          <font style=\"vertical-align: inherit;\">\n                                            <font style=\"vertical-align: inherit;\">\n                                              <font style=\"vertical-align: inherit;\">\n                                                <font style=\"vertical-align: inherit;\">\n                                                  <font style=\"vertical-align: inherit;\">\n                                                    <font style=\"vertical-align: inherit;\"> Carlos Acosta<\/font>\n                                                  <\/font>\n                                                <\/font>\n                                              <\/font>\n                                            <\/font>\n                                          <\/font>\n                                        <\/font>\n                                      <\/font>\n                                    <\/font>\n                                  <\/font>\n                                <\/font>\n                              <\/font>\n                            <\/font>\n                          <\/font>\n                        <\/font>\n                      <\/font><\/b>\n                  <\/h2>\n                  <h6 class=\"u-align-left u-text u-text-custom-color-23 u-text-2\">\n                    <font style=\"vertical-align: inherit;\">\n                      <font style=\"vertical-align: inherit;\">\n                        <font style=\"vertical-align: inherit;\">\n                          <font style=\"vertical-align: inherit;\">\n                            <font style=\"vertical-align: inherit;\">\n                              <font style=\"vertical-align: inherit;\">\n                                <font style=\"vertical-align: inherit;\">\n                                  <font style=\"vertical-align: inherit;\">\n                                    <font style=\"vertical-align: inherit;\">\n                                      <font style=\"vertical-align: inherit;\">\n                                        <font style=\"vertical-align: inherit;\">\n                                          <font style=\"vertical-align: inherit;\">\n                                            <font style=\"vertical-align: inherit;\">\n                                              <font style=\"vertical-align: inherit;\">\n                                                <font style=\"vertical-align: inherit;\">\n                                                  <font style=\"vertical-align: inherit;\">Coordinador \u200bDesarollo de Software<\/font>\n                                                <\/font>\n                                              <\/font>\n                                            <\/font>\n                                          <\/font>\n                                        <\/font>\n                                      <\/font>\n                                    <\/font>\n                                  <\/font>\n                                <\/font>\n                              <\/font>\n                            <\/font>\n                          <\/font>\n                        <\/font>\n                      <\/font>\n                    <\/font>\n                  <\/h6>\n                  <p class=\"u-align-justify u-custom-font u-font-montserrat u-text u-text-3\">\n                    <font style=\"vertical-align: inherit;\">\n                      <font style=\"vertical-align: inherit;\">\n                        <font style=\"vertical-align: inherit;\">\n                          <font style=\"vertical-align: inherit;\">\n                            <font style=\"vertical-align: inherit;\">\n                              <font style=\"vertical-align: inherit;\">\n                                <font style=\"vertical-align: inherit;\">\n                                  <font style=\"vertical-align: inherit;\">\n                                    <font style=\"vertical-align: inherit;\">\n                                      <font style=\"vertical-align: inherit;\">\n                                        <font style=\"vertical-align: inherit;\">\n                                          <font style=\"vertical-align: inherit;\">\n                                            <font style=\"vertical-align: inherit;\">\n                                              <font style=\"vertical-align: inherit;\">\n                                                <font style=\"vertical-align: inherit;\">\n                                                  <font style=\"vertical-align: inherit;\">Ingeniero<\/font>\n                                                <\/font>\n                                              <\/font>\n                                            <\/font>\n                                          <\/font>\n                                        <\/font>\n                                      <\/font>\n                                    <\/font>\n                                  <\/font>\n                                <\/font>\n                              <\/font>\n                            <\/font>\n                          <\/font>\n                        <\/font>\n                      <\/font>\n                    <\/font>\n                    <font style=\"vertical-align: inherit;\">\n                      <font style=\"vertical-align: inherit;\">\n                        <font style=\"vertical-align: inherit;\">\n                          <font style=\"vertical-align: inherit;\">\n                            <font style=\"vertical-align: inherit;\">\n                              <font style=\"vertical-align: inherit;\"> en Mecatr\u00f3nica con amplia experiencia en sistemas automatizados.&nbsp; <\/font>\n                            <\/font>\n                          <\/font>\n                        <\/font>\n                      <\/font>\n                    <\/font>\n                    <br>\n                    <br>\n                    <font style=\"vertical-align: inherit;\">\n                      <font style=\"vertical-align: inherit;\">\n                        <font style=\"vertical-align: inherit;\">\n                          <font style=\"vertical-align: inherit;\">\n                            <font style=\"vertical-align: inherit;\">\n                              <font style=\"vertical-align: inherit;\">M\u00e1ster en Dise\u00f1o y Gesti\u00f3n de Proyectos Tecnol\u00f3gicos, cursa un M\u00e1ster en Ingenier\u00eda Matem\u00e1tica y Computaci\u00f3n (UNIR, Espa\u00f1a).<\/font>\n                            <\/font>\n                          <\/font>\n                        <\/font>\n                        <br>\n                        <br>\n                        <font style=\"vertical-align: inherit;\">\n                          <font style=\"vertical-align: inherit;\">\n                            <font style=\"vertical-align: inherit;\">\n                              <font style=\"vertical-align: inherit;\">Doctorado en Educaci\u00f3n (UNR, Argentina).&nbsp; &nbsp; &nbsp;<\/font>\n                            <\/font>\n                          <\/font>\n                        <\/font>\n                      <\/font>\n                    <\/font>\n                  <\/p>\n                  <p class=\"u-align-left u-text u-text-4\">\n                    <font style=\"vertical-align: inherit;\">\n                      <font style=\"vertical-align: inherit;\">\n                        <font style=\"vertical-align: inherit;\">\n                          <font style=\"vertical-align: inherit;\">\n                            <font style=\"vertical-align: inherit;\">\n                              <font style=\"vertical-align: inherit;\">\n                                <font style=\"vertical-align: inherit;\">\n                                  <font style=\"vertical-align: inherit;\">\n                                    <font style=\"vertical-align: inherit;\">\n                                      <font style=\"vertical-align: inherit;\">\n                                        <font style=\"vertical-align: inherit;\">\n                                          <font style=\"vertical-align: inherit;\">\n                                            <font style=\"vertical-align: inherit;\">\n                                              <font style=\"vertical-align: inherit;\">\n                                                <font style=\"vertical-align: inherit;\">\n                                                  <font style=\"vertical-align: inherit;\">P\u00e1rrafo. Lorem ipsum dolor sit amet, consectetur adipiscing elit. Curabitur id suscipit ex. Suspendisse rhoncus laoreet purus quis elementum. Phasellus sed efficitur dolor, et ultricies sapien. Quisque fringilla sit amet dolor commodo efficitur. Aliquam et sem odio. In ullamcorper nisi nunc, et molestie ipsum iaculis sit amet.<\/font>\n                                                <\/font>\n                                              <\/font>\n                                            <\/font>\n                                          <\/font>\n                                        <\/font>\n                                      <\/font>\n                                    <\/font>\n                                  <\/font>\n                                <\/font>\n                              <\/font>\n                            <\/font>\n                          <\/font>\n                        <\/font>\n                      <\/font>\n                    <\/font>\n                  <\/p>\n                <\/div>\n              <\/div>\n              <div class=\"u-align-center u-container-align-center u-container-style u-image u-layout-cell u-left-cell u-size-23 u-image-1\" data-image-width=\"3468\" data-image-height=\"3999\" style=\"background-image: url(&quot;http:\/\/intsuperior.edu.ec\/wp-content\/uploads\/2025\/02\/Carlos-scaled.jpg&quot;);\">\n                <div class=\"u-container-layout u-valign-middle u-container-layout-2\"><\/div>\n              <\/div>\n            <\/div>\n          <\/div>\n        <\/div>\n      <\/div>\n    <\/section>\n    <section class=\"u-clearfix u-section-9\" id=\"carousel_74b7\">\n      <div class=\"u-clearfix u-sheet u-sheet-1\">\n        <div class=\"u-border-3 u-border-grey-dark-1 u-line u-line-horizontal u-line-1\"><\/div>\n        <div class=\"data-layout-selected u-clearfix u-expanded-width u-gutter-30 u-layout-wrap u-layout-wrap-1\">\n          <div class=\"u-layout\">\n            <div class=\"u-layout-row\">\n              <div class=\"u-align-center u-container-align-center u-container-style u-image u-image-default u-layout-cell u-left-cell u-size-23 u-image-1\" data-image-width=\"3468\" data-image-height=\"3544\" style=\"background-image: url(&quot;http:\/\/intsuperior.edu.ec\/wp-content\/uploads\/2025\/02\/Vanesa-scaled.jpg&quot;);\">\n                <div class=\"u-container-layout u-valign-middle u-container-layout-1\"><\/div>\n              <\/div>\n              <div class=\"u-container-align-left u-container-style u-layout-cell u-right-cell u-size-37 u-layout-cell-2\">\n                <div class=\"u-container-layout u-container-layout-2\">\n                  <h2 class=\"u-align-left u-text u-text-default u-text-1\">\n                    <font style=\"vertical-align: inherit;\">\n                      <font style=\"vertical-align: inherit;\">\n                        <font style=\"vertical-align: inherit;\">\n                          <font style=\"vertical-align: inherit;\">\n                            <font style=\"vertical-align: inherit;\">\n                              <font style=\"vertical-align: inherit;\">\n                                <font style=\"vertical-align: inherit;\">\n                                  <font style=\"vertical-align: inherit;\">\n                                    <font style=\"vertical-align: inherit;\">\n                                      <font style=\"vertical-align: inherit;\">\n                                        <font style=\"vertical-align: inherit;\">\n                                          <font style=\"vertical-align: inherit;\">\n                                            <font style=\"vertical-align: inherit;\">\n                                              <font style=\"vertical-align: inherit;\"><\/font>\n                                            <\/font>\n                                          <\/font>\n                                        <\/font>\n                                      <\/font>\n                                    <\/font>\n                                  <\/font>\n                                <\/font>\n                              <\/font>\n                            <\/font>\n                          <\/font>\n                        <\/font>\n                      <\/font>\n                    <\/font>Msc.<b>\n                      <font style=\"vertical-align: inherit;\">\n                        <font style=\"vertical-align: inherit;\">\n                          <font style=\"vertical-align: inherit;\">\n                            <font style=\"vertical-align: inherit;\">\n                              <font style=\"vertical-align: inherit;\">\n                                <font style=\"vertical-align: inherit;\">\n                                  <font style=\"vertical-align: inherit;\">\n                                    <font style=\"vertical-align: inherit;\">\n                                      <font style=\"vertical-align: inherit;\">\n                                        <font style=\"vertical-align: inherit;\"> Vanesa Cajo<\/font>\n                                      <\/font>\n                                    <\/font>\n                                  <\/font>\n                                <\/font>\n                              <\/font>\n                            <\/font>\n                          <\/font>\n                        <\/font>\n                      <\/font><\/b>\n                  <\/h2>\n                  <h6 class=\"u-align-left u-text u-text-custom-color-23 u-text-2\">\n                    <font style=\"vertical-align: inherit;\">\n                      <font style=\"vertical-align: inherit;\">\n                        <font style=\"vertical-align: inherit;\">\n                          <font style=\"vertical-align: inherit;\">\n                            <font style=\"vertical-align: inherit;\">\n                              <font style=\"vertical-align: inherit;\">\n                                <font style=\"vertical-align: inherit;\">\n                                  <font style=\"vertical-align: inherit;\">\n                                    <font style=\"vertical-align: inherit;\">\n                                      <font style=\"vertical-align: inherit;\">\n                                        <font style=\"vertical-align: inherit;\">\n                                          <font style=\"vertical-align: inherit;\">\n                                            <font style=\"vertical-align: inherit;\">\n                                              <font style=\"vertical-align: inherit;\">Coordinadora \u200bDise\u00f1o Gr\u00e1fico y Multimedia<\/font>\n                                            <\/font>\n                                          <\/font>\n                                        <\/font>\n                                      <\/font>\n                                    <\/font>\n                                  <\/font>\n                                <\/font>\n                              <\/font>\n                            <\/font>\n                          <\/font>\n                        <\/font>\n                      <\/font>\n                    <\/font>\n                  <\/h6>\n                  <p class=\"u-align-justify u-custom-font u-font-montserrat u-text u-text-3\">\n                    <font style=\"vertical-align: inherit;\">\n                      <font style=\"vertical-align: inherit;\">\n                        <font style=\"vertical-align: inherit;\">\n                          <font style=\"vertical-align: inherit;\">\n                            <font style=\"vertical-align: inherit;\">\n                              <font style=\"vertical-align: inherit;\">\n                                <font style=\"vertical-align: inherit;\">\n                                  <font style=\"vertical-align: inherit;\">\n                                    <font style=\"vertical-align: inherit;\">\n                                      <font style=\"vertical-align: inherit;\">\n                                        <font style=\"vertical-align: inherit;\">\n                                          <font style=\"vertical-align: inherit;\">\n                                            <font style=\"vertical-align: inherit;\">\n                                              <font style=\"vertical-align: inherit;\">Ingeniera<\/font>\n                                            <\/font>\n                                          <\/font>\n                                        <\/font>\n                                      <\/font>\n                                    <\/font>\n                                  <\/font>\n                                <\/font>\n                              <\/font>\n                            <\/font>\n                          <\/font>\n                        <\/font>\n                      <\/font>\n                    <\/font>\n                    <font style=\"vertical-align: inherit;\">\n                      <font style=\"vertical-align: inherit;\">\n                        <font style=\"vertical-align: inherit;\">\n                          <font style=\"vertical-align: inherit;\">\n                            <font style=\"vertical-align: inherit;\">\n                              <font style=\"vertical-align: inherit;\"> en Dise\u00f1o Gr\u00e1fico Empresarial y M\u00e1ster en Dise\u00f1o Gr\u00e1fico Empresarial por la Universidad Internacional de La Rioja.&nbsp; <\/font>\n                            <\/font>\n                          <\/font>\n                        <\/font>\n                      <\/font>\n                    <\/font>\n                    <br>\n                    <br>\n                    <font style=\"vertical-align: inherit;\">\n                      <font style=\"vertical-align: inherit;\">\n                        <font style=\"vertical-align: inherit;\">\n                          <font style=\"vertical-align: inherit;\">\n                            <font style=\"vertical-align: inherit;\">\n                              <font style=\"vertical-align: inherit;\">Cuenta con 6 a\u00f1os de experiencia como docente de Dise\u00f1o Gr\u00e1fico en el Instituto Tecnol\u00f3gico Superior Nelson Torres, especializado en comunicaci\u00f3n visual y estrategias gr\u00e1ficas.&nbsp;&nbsp;<\/font>\n                            <\/font>\n                          <\/font>\n                        <\/font>\n                      <\/font>\n                    <\/font>\n                  <\/p>\n                  <p class=\"u-align-left u-text u-text-4\">\n                    <font style=\"vertical-align: inherit;\">\n                      <font style=\"vertical-align: inherit;\">\n                        <font style=\"vertical-align: inherit;\">\n                          <font style=\"vertical-align: inherit;\">\n                            <font style=\"vertical-align: inherit;\">\n                              <font style=\"vertical-align: inherit;\">\n                                <font style=\"vertical-align: inherit;\">\n                                  <font style=\"vertical-align: inherit;\">\n                                    <font style=\"vertical-align: inherit;\">\n                                      <font style=\"vertical-align: inherit;\">\n                                        <font style=\"vertical-align: inherit;\">\n                                          <font style=\"vertical-align: inherit;\">\n                                            <font style=\"vertical-align: inherit;\">\n                                              <font style=\"vertical-align: inherit;\">P\u00e1rrafo. Lorem ipsum dolor sit amet, consectetur adipiscing elit. Curabitur id suscipit ex. Suspendisse rhoncus laoreet purus quis elementum. Phasellus sed efficitur dolor, et ultricies sapien. Quisque fringilla sit amet dolor commodo efficitur. Aliquam et sem odio. In ullamcorper nisi nunc, et molestie ipsum iaculis sit amet.<\/font>\n                                            <\/font>\n                                          <\/font>\n                                        <\/font>\n                                      <\/font>\n                                    <\/font>\n                                  <\/font>\n                                <\/font>\n                              <\/font>\n                            <\/font>\n                          <\/font>\n                        <\/font>\n                      <\/font>\n                    <\/font>\n                  <\/p>\n                <\/div>\n              <\/div>\n            <\/div>\n          <\/div>\n        <\/div>\n      <\/div>\n    <\/section>\n    <section class=\"u-clearfix u-section-10\" id=\"carousel_c0d7\">\n      <div class=\"u-clearfix u-sheet u-sheet-1\">\n        <div class=\"u-border-3 u-border-grey-dark-1 u-line u-line-horizontal u-line-1\"><\/div>\n        <div class=\"data-layout-selected u-clearfix u-expanded-width u-gutter-30 u-layout-wrap u-layout-wrap-1\">\n          <div class=\"u-layout\">\n            <div class=\"u-layout-row\">\n              <div class=\"u-container-style u-layout-cell u-right-cell u-size-37 u-layout-cell-1\">\n                <div class=\"u-container-layout u-container-layout-1\">\n                  <h2 class=\"u-align-left u-text u-text-default u-text-1\">\n                    <font style=\"vertical-align: inherit;\">\n                      <font style=\"vertical-align: inherit;\">\n                        <font style=\"vertical-align: inherit;\">\n                          <font style=\"vertical-align: inherit;\">\n                            <font style=\"vertical-align: inherit;\">\n                              <font style=\"vertical-align: inherit;\">\n                                <font style=\"vertical-align: inherit;\">\n                                  <font style=\"vertical-align: inherit;\">\n                                    <font style=\"vertical-align: inherit;\">\n                                      <font style=\"vertical-align: inherit;\">\n                                        <font style=\"vertical-align: inherit;\">\n                                          <font style=\"vertical-align: inherit;\">\n                                            <font style=\"vertical-align: inherit;\">\n                                              <font style=\"vertical-align: inherit;\">\n                                                <font style=\"vertical-align: inherit;\">\n                                                  <font style=\"vertical-align: inherit;\">\n                                                    <font style=\"vertical-align: inherit;\">\n                                                      <font style=\"vertical-align: inherit;\"><\/font>\n                                                    <\/font>\n                                                  <\/font>\n                                                <\/font>\n                                              <\/font>\n                                            <\/font>\n                                          <\/font>\n                                        <\/font>\n                                      <\/font>\n                                    <\/font>\n                                  <\/font>\n                                <\/font>\n                              <\/font>\n                            <\/font>\n                          <\/font>\n                        <\/font>\n                      <\/font>\n                    <\/font>Msc.<b>\n                      <font style=\"vertical-align: inherit;\">\n                        <font style=\"vertical-align: inherit;\">\n                          <font style=\"vertical-align: inherit;\">\n                            <font style=\"vertical-align: inherit;\">\n                              <font style=\"vertical-align: inherit;\">\n                                <font style=\"vertical-align: inherit;\">\n                                  <font style=\"vertical-align: inherit;\">\n                                    <font style=\"vertical-align: inherit;\">\n                                      <font style=\"vertical-align: inherit;\">\n                                        <font style=\"vertical-align: inherit;\">\n                                          <font style=\"vertical-align: inherit;\">\n                                            <font style=\"vertical-align: inherit;\">\n                                              <font style=\"vertical-align: inherit;\">\n                                                <font style=\"vertical-align: inherit;\">\n                                                  <font style=\"vertical-align: inherit;\">\n                                                    <font style=\"vertical-align: inherit;\">\n                                                      <font style=\"vertical-align: inherit;\">\n                                                        <font style=\"vertical-align: inherit;\"><\/font>\n                                                      <\/font>\n                                                    <\/font>\n                                                  <\/font>\n                                                <\/font>\n                                              <\/font>\n                                            <\/font>\n                                          <\/font>\n                                        <\/font>\n                                      <\/font>\n                                    <\/font>\n                                  <\/font>\n                                <\/font>\n                              <\/font>\n                            <\/font>\n                          <\/font>\n                        <\/font>\n                      <\/font><\/b><b>\n                      <font style=\"vertical-align: inherit;\">\n                        <font style=\"vertical-align: inherit;\">Elizabeth Rojas<\/font>\n                      <\/font><\/b>\n                  <\/h2>\n                  <h6 class=\"u-align-left u-text u-text-custom-color-23 u-text-2\">\n                    <font style=\"vertical-align: inherit;\">\n                      <font style=\"vertical-align: inherit;\">\n                        <font style=\"vertical-align: inherit;\">\n                          <font style=\"vertical-align: inherit;\">\n                            <font style=\"vertical-align: inherit;\">\n                              <font style=\"vertical-align: inherit;\">\n                                <font style=\"vertical-align: inherit;\">\n                                  <font style=\"vertical-align: inherit;\">\n                                    <font style=\"vertical-align: inherit;\">\n                                      <font style=\"vertical-align: inherit;\">\n                                        <font style=\"vertical-align: inherit;\">\n                                          <font style=\"vertical-align: inherit;\">\n                                            <font style=\"vertical-align: inherit;\">\n                                              <font style=\"vertical-align: inherit;\">\n                                                <font style=\"vertical-align: inherit;\">\n                                                  <font style=\"vertical-align: inherit;\">\n                                                    <font style=\"vertical-align: inherit;\">\n                                                      <font style=\"vertical-align: inherit;\">Coordinadora Centro de Idiomas<\/font>\n                                                    <\/font>\n                                                  <\/font>\n                                                <\/font>\n                                              <\/font>\n                                            <\/font>\n                                          <\/font>\n                                        <\/font>\n                                      <\/font>\n                                    <\/font>\n                                  <\/font>\n                                <\/font>\n                              <\/font>\n                            <\/font>\n                          <\/font>\n                        <\/font>\n                      <\/font>\n                    <\/font>\n                  <\/h6>\n                  <p class=\"u-align-justify u-custom-font u-font-montserrat u-text u-text-3\">\n                    <font style=\"vertical-align: inherit;\">\n                      <font style=\"vertical-align: inherit;\">\n                        <font style=\"vertical-align: inherit;\">\n                          <font style=\"vertical-align: inherit;\">\n                            <font style=\"vertical-align: inherit;\">\n                              <font style=\"vertical-align: inherit;\">\n                                <font style=\"vertical-align: inherit;\">\n                                  <font style=\"vertical-align: inherit;\">\n                                    <font style=\"vertical-align: inherit;\">\n                                      <font style=\"vertical-align: inherit;\">\n                                        <font style=\"vertical-align: inherit;\">\n                                          <font style=\"vertical-align: inherit;\">\n                                            <font style=\"vertical-align: inherit;\">\n                                              <font style=\"vertical-align: inherit;\">\n                                                <font style=\"vertical-align: inherit;\">\n                                                  <font style=\"vertical-align: inherit;\">\n                                                    <font style=\"vertical-align: inherit;\">\n                                                      <font style=\"vertical-align: inherit;\"><\/font>\n                                                    <\/font>\n                                                  <\/font>\n                                                <\/font>\n                                              <\/font>\n                                            <\/font>\n                                          <\/font>\n                                        <\/font>\n                                      <\/font>\n                                    <\/font>\n                                  <\/font>\n                                <\/font>\n                              <\/font>\n                            <\/font>\n                          <\/font>\n                        <\/font>\n                      <\/font>\n                    <\/font>\n                    <font style=\"vertical-align: inherit;\">\n                      <font style=\"vertical-align: inherit;\">\n                        <font style=\"vertical-align: inherit;\">\n                          <font style=\"vertical-align: inherit;\">\n                            <font style=\"vertical-align: inherit;\">\n                              <font style=\"vertical-align: inherit;\">\n                                <font style=\"vertical-align: inherit;\">\n                                  <font style=\"vertical-align: inherit;\">Profesional en ense\u00f1anza del ingl\u00e9s, licenciada\nen Ling\u00fc\u00edstica Aplicada por la Universidad de las Fuerzas Armadas ESPE.&nbsp;<br>\n                                    <br>Tiene\nuna maestr\u00eda en Gesti\u00f3n del Aprendizaje con TICs de la Universidad Israel y\ncursa un doctorado en Educaci\u00f3n en la Universidad de Rosario, Argentina,\ndestac\u00e1ndose por su liderazgo innovador.&nbsp; &nbsp; &nbsp;\n                                  <\/font>\n                                <\/font>\n                              <\/font>\n                            <\/font>\n                          <\/font>\n                        <\/font>\n                      <\/font>\n                    <\/font>\n                  <\/p>\n                  <p class=\"u-align-left u-text u-text-4\">\n                    <font style=\"vertical-align: inherit;\">\n                      <font style=\"vertical-align: inherit;\">\n                        <font style=\"vertical-align: inherit;\">\n                          <font style=\"vertical-align: inherit;\">\n                            <font style=\"vertical-align: inherit;\">\n                              <font style=\"vertical-align: inherit;\">\n                                <font style=\"vertical-align: inherit;\">\n                                  <font style=\"vertical-align: inherit;\">\n                                    <font style=\"vertical-align: inherit;\">\n                                      <font style=\"vertical-align: inherit;\">\n                                        <font style=\"vertical-align: inherit;\">\n                                          <font style=\"vertical-align: inherit;\">\n                                            <font style=\"vertical-align: inherit;\">\n                                              <font style=\"vertical-align: inherit;\">\n                                                <font style=\"vertical-align: inherit;\">\n                                                  <font style=\"vertical-align: inherit;\">\n                                                    <font style=\"vertical-align: inherit;\">\n                                                      <font style=\"vertical-align: inherit;\">P\u00e1rrafo. Lorem ipsum dolor sit amet, consectetur adipiscing elit. Curabitur id suscipit ex. Suspendisse rhoncus laoreet purus quis elementum. Phasellus sed efficitur dolor, et ultricies sapien. Quisque fringilla sit amet dolor commodo efficitur. Aliquam et sem odio. In ullamcorper nisi nunc, et molestie ipsum iaculis sit amet.<\/font>\n                                                    <\/font>\n                                                  <\/font>\n                                                <\/font>\n                                              <\/font>\n                                            <\/font>\n                                          <\/font>\n                                        <\/font>\n                                      <\/font>\n                                    <\/font>\n                                  <\/font>\n                                <\/font>\n                              <\/font>\n                            <\/font>\n                          <\/font>\n                        <\/font>\n                      <\/font>\n                    <\/font>\n                  <\/p>\n                <\/div>\n              <\/div>\n              <div class=\"u-align-center u-container-align-center u-container-style u-image u-layout-cell u-left-cell u-size-23 u-image-1\" data-image-width=\"3468\" data-image-height=\"3508\" style=\"background-image: url(&quot;http:\/\/intsuperior.edu.ec\/wp-content\/uploads\/2025\/02\/Alizabht-scaled.jpg&quot;);\">\n                <div class=\"u-container-layout u-valign-middle u-container-layout-2\"><\/div>\n              <\/div>\n            <\/div>\n          <\/div>\n        <\/div>\n      <\/div>\n    <\/section>\n    <section class=\"u-clearfix u-grey-75 u-section-11\" id=\"carousel_edf1\">\n      <div class=\"data-layout-selected u-clearfix u-expanded-width u-gutter-0 u-layout-wrap u-layout-wrap-1\">\n        <div class=\"u-gutter-0 u-layout\">\n          <div class=\"u-layout-row\">\n            <div class=\"u-align-left u-container-style u-layout-cell u-left-cell u-size-60 u-layout-cell-1\">\n              <div class=\"u-container-layout u-container-layout-1\">\n                <h2 class=\"u-align-left u-text u-text-1\">\n                  <font style=\"vertical-align: inherit;\">\n                    <font style=\"vertical-align: inherit;\">\n                      <span class=\"u-text-palette-2-base\">\n                        <font style=\"vertical-align: inherit;\">\n                          <font style=\"vertical-align: inherit;\">\n                            <font color=\"#ffffff\">\n                              <font style=\"vertical-align: inherit;\">\n                                <font style=\"vertical-align: inherit;\">\n                                  <font style=\"vertical-align: inherit;\">\n                                    <font style=\"vertical-align: inherit;\">\n                                      <font style=\"vertical-align: inherit;\">\n                                        <font style=\"vertical-align: inherit;\">\n                                          <font style=\"vertical-align: inherit;\">\n                                            <font style=\"vertical-align: inherit;\">\n                                              <font style=\"vertical-align: inherit;\">\n                                                <font style=\"vertical-align: inherit;\">\n                                                  <font style=\"vertical-align: inherit;\">\n                                                    <font style=\"vertical-align: inherit;\">\n                                                      <font style=\"vertical-align: inherit;\">\n                                                        <font style=\"vertical-align: inherit;\">\u00c1reas Sustantivas&nbsp;<\/font>\n                                                      <\/font>\n                                                    <\/font>\n                                                  <\/font>\n                                                <\/font>\n                                              <\/font>\n                                            <\/font>\n                                          <\/font>\n                                        <\/font>\n                                      <\/font>\n                                    <\/font>\n                                  <\/font>\n                                <\/font>\n                              <\/font>\n                            <\/font>\n                            <font style=\"vertical-align: inherit;\">\n                              <font style=\"vertical-align: inherit;\">\n                                <font style=\"vertical-align: inherit;\">\n                                  <font style=\"vertical-align: inherit;\">\n                                    <font style=\"vertical-align: inherit;\">\n                                      <font style=\"vertical-align: inherit;\">\n                                        <font style=\"vertical-align: inherit;\">\n                                          <font style=\"vertical-align: inherit;\">\n                                            <font style=\"vertical-align: inherit;\">\n                                              <font style=\"vertical-align: inherit;\">\n                                                <font style=\"vertical-align: inherit;\">\n                                                  <font style=\"vertical-align: inherit;\">\n                                                    <font style=\"vertical-align: inherit;\">\n                                                      <font style=\"vertical-align: inherit;\"> INT<\/font>\n                                                    <\/font>\n                                                  <\/font>\n                                                <\/font>\n                                              <\/font>\n                                            <\/font>\n                                          <\/font>\n                                        <\/font>\n                                      <\/font>\n                                    <\/font>\n                                  <\/font>\n                                <\/font>\n                              <\/font>\n                            <\/font>\n                          <\/font>\n                        <\/font>\n                      <\/span>\n                    <\/font>\n                  <\/font>\n                <\/h2>\n                <p class=\"u-text u-text-2\">\n                  <font style=\"vertical-align: inherit;\">\n                    <font style=\"vertical-align: inherit;\">\n                      <font style=\"vertical-align: inherit;\">\n                        <font style=\"vertical-align: inherit;\">\n                          <font style=\"vertical-align: inherit;\">\n                            <font style=\"vertical-align: inherit;\">\n                              <font style=\"vertical-align: inherit;\">\n                                <font style=\"vertical-align: inherit;\">\n                                  <font style=\"vertical-align: inherit;\">\n                                    <font style=\"vertical-align: inherit;\">\n                                      <font style=\"vertical-align: inherit;\">\n                                        <font style=\"vertical-align: inherit;\">\n                                          <font style=\"vertical-align: inherit;\">\n                                            <font style=\"vertical-align: inherit;\">\n                                              <font style=\"vertical-align: inherit;\">\n                                                <font style=\"vertical-align: inherit;\">\n                                                  <font style=\"vertical-align: inherit;\">\n                                                    <font style=\"vertical-align: inherit;\">\n                                                      <font style=\"vertical-align: inherit;\">\n                                                        <font style=\"vertical-align: inherit;\">Texto de muestra. Haz clic para seleccionar el elemento de Texto.<\/font>\n                                                      <\/font>\n                                                    <\/font>\n                                                  <\/font>\n                                                <\/font>\n                                              <\/font>\n                                            <\/font>\n                                          <\/font>\n                                        <\/font>\n                                      <\/font>\n                                    <\/font>\n                                  <\/font>\n                                <\/font>\n                              <\/font>\n                            <\/font>\n                          <\/font>\n                        <\/font>\n                      <\/font>\n                    <\/font>\n                  <\/font>\n                <\/p>\n                <p class=\"u-text u-text-3\">\n                  <font style=\"vertical-align: inherit;\">\n                    <font style=\"vertical-align: inherit;\">\n                      <font style=\"vertical-align: inherit;\">\n                        <font style=\"vertical-align: inherit;\">\n                          <font style=\"vertical-align: inherit;\">\n                            <font style=\"vertical-align: inherit;\">\n                              <font style=\"vertical-align: inherit;\">\n                                <font style=\"vertical-align: inherit;\">\n                                  <font style=\"vertical-align: inherit;\">\n                                    <font style=\"vertical-align: inherit;\">\n                                      <font style=\"vertical-align: inherit;\">\n                                        <font style=\"vertical-align: inherit;\">\n                                          <font style=\"vertical-align: inherit;\">\n                                            <font style=\"vertical-align: inherit;\">\n                                              <font style=\"vertical-align: inherit;\">\n                                                <font style=\"vertical-align: inherit;\">\n                                                  <font style=\"vertical-align: inherit;\">\n                                                    <font style=\"vertical-align: inherit;\">\n                                                      <font style=\"vertical-align: inherit;\">\n                                                        <font style=\"vertical-align: inherit;\">350 5ta Avenida, Nueva York, NY 10118<\/font>\n                                                      <\/font>\n                                                    <\/font>\n                                                  <\/font>\n                                                <\/font>\n                                              <\/font>\n                                            <\/font>\n                                          <\/font>\n                                        <\/font>\n                                      <\/font>\n                                    <\/font>\n                                  <\/font>\n                                <\/font>\n                              <\/font>\n                            <\/font>\n                          <\/font>\n                        <\/font>\n                      <\/font>\n                    <\/font>\n                  <\/font>\n                <\/p>\n              <\/div>\n            <\/div>\n          <\/div>\n        <\/div>\n      <\/div>\n    <\/section>\n    <section class=\"u-clearfix u-section-12\" id=\"carousel_158f\">\n      <div class=\"u-clearfix u-sheet u-sheet-1\">\n        <div class=\"data-layout-selected u-clearfix u-expanded-width u-gutter-30 u-layout-wrap u-layout-wrap-1\">\n          <div class=\"u-layout\">\n            <div class=\"u-layout-row\">\n              <div class=\"u-align-center u-container-align-center u-container-style u-image u-layout-cell u-left-cell u-size-23 u-image-1\" data-image-width=\"3468\" data-image-height=\"3748\" style=\"background-image: url(&quot;http:\/\/intsuperior.edu.ec\/wp-content\/uploads\/2025\/02\/Marlon-scaled.jpg&quot;);\">\n                <div class=\"u-container-layout u-valign-middle u-container-layout-1\"><\/div>\n              <\/div>\n              <div class=\"u-container-align-left u-container-style u-layout-cell u-right-cell u-size-37 u-layout-cell-2\">\n                <div class=\"u-container-layout u-container-layout-2\">\n                  <h2 class=\"u-align-left u-text u-text-default u-text-1\">\n                    <font style=\"vertical-align: inherit;\">\n                      <font style=\"vertical-align: inherit;\">\n                        <font style=\"vertical-align: inherit;\">\n                          <font style=\"vertical-align: inherit;\">\n                            <font style=\"vertical-align: inherit;\">\n                              <font style=\"vertical-align: inherit;\">\n                                <font style=\"vertical-align: inherit;\">\n                                  <font style=\"vertical-align: inherit;\">\n                                    <font style=\"vertical-align: inherit;\">\n                                      <font style=\"vertical-align: inherit;\">\n                                        <font style=\"vertical-align: inherit;\">\n                                          <font style=\"vertical-align: inherit;\">\n                                            <font style=\"vertical-align: inherit;\">\n                                              <font style=\"vertical-align: inherit;\">Msc. <\/font>\n                                            <\/font>\n                                          <\/font>\n                                        <\/font>\n                                      <\/font>\n                                    <\/font>\n                                  <\/font>\n                                <\/font>\n                              <\/font>\n                            <\/font>\n                          <\/font>\n                        <\/font>\n                      <\/font>\n                    <\/font><b>\n                      <font style=\"vertical-align: inherit;\">\n                        <font style=\"vertical-align: inherit;\">\n                          <font style=\"vertical-align: inherit;\">\n                            <font style=\"vertical-align: inherit;\">\n                              <font style=\"vertical-align: inherit;\">\n                                <font style=\"vertical-align: inherit;\">\n                                  <font style=\"vertical-align: inherit;\">\n                                    <font style=\"vertical-align: inherit;\">\n                                      <font style=\"vertical-align: inherit;\">\n                                        <font style=\"vertical-align: inherit;\">\n                                          <font style=\"vertical-align: inherit;\">\n                                            <font style=\"vertical-align: inherit;\">\n                                              <font style=\"vertical-align: inherit;\">\n                                                <font style=\"vertical-align: inherit;\">Marlon Gaibor<\/font>\n                                              <\/font>\n                                            <\/font>\n                                          <\/font>\n                                        <\/font>\n                                      <\/font>\n                                    <\/font>\n                                  <\/font>\n                                <\/font>\n                              <\/font>\n                            <\/font>\n                          <\/font>\n                        <\/font>\n                      <\/font><\/b>\n                  <\/h2>\n                  <h6 class=\"u-align-left u-text u-text-custom-color-23 u-text-2\">\n                    <font style=\"vertical-align: inherit;\">\n                      <font style=\"vertical-align: inherit;\">\n                        <font style=\"vertical-align: inherit;\">\n                          <font style=\"vertical-align: inherit;\">\n                            <font style=\"vertical-align: inherit;\">\n                              <font style=\"vertical-align: inherit;\">\n                                <font style=\"vertical-align: inherit;\">\n                                  <font style=\"vertical-align: inherit;\">\n                                    <font style=\"vertical-align: inherit;\">\n                                      <font style=\"vertical-align: inherit;\">\n                                        <font style=\"vertical-align: inherit;\">\n                                          <font style=\"vertical-align: inherit;\">\n                                            <font style=\"vertical-align: inherit;\">\n                                              <font style=\"vertical-align: inherit;\">Coordinador \u200bde Vinculaci\u00f3n con la sociedad<\/font>\n                                            <\/font>\n                                          <\/font>\n                                        <\/font>\n                                      <\/font>\n                                    <\/font>\n                                  <\/font>\n                                <\/font>\n                              <\/font>\n                            <\/font>\n                          <\/font>\n                        <\/font>\n                      <\/font>\n                    <\/font>\n                  <\/h6>\n                  <p class=\"u-align-justify u-custom-font u-font-montserrat u-text u-text-3\">\n                    <font style=\"vertical-align: inherit;\">\n                      <font style=\"vertical-align: inherit;\">\n                        <font style=\"vertical-align: inherit;\">\n                          <font style=\"vertical-align: inherit;\">\n                            <font style=\"vertical-align: inherit;\">\n                              <font style=\"vertical-align: inherit;\">\n                                <font style=\"vertical-align: inherit;\">\n                                  <font style=\"vertical-align: inherit;\">\n                                    <font style=\"vertical-align: inherit;\">\n                                      <font style=\"vertical-align: inherit;\">\n                                        <font style=\"vertical-align: inherit;\">\n                                          <font style=\"vertical-align: inherit;\">\n                                            <font style=\"vertical-align: inherit;\">\n                                              <font style=\"vertical-align: inherit;\">Profesional<\/font>\n                                            <\/font>\n                                          <\/font>\n                                        <\/font>\n                                      <\/font>\n                                    <\/font>\n                                  <\/font>\n                                <\/font>\n                              <\/font>\n                            <\/font>\n                          <\/font>\n                        <\/font>\n                      <\/font>\n                    <\/font>\n                    <font style=\"vertical-align: inherit;\">\n                      <font style=\"vertical-align: inherit;\">\n                        <font style=\"vertical-align: inherit;\">\n                          <font style=\"vertical-align: inherit;\"> con 18 a\u00f1os de experiencia en el \u00e1mbito p\u00fablico y privado, M\u00e1ster en Comunicaci\u00f3n Organizacional (Madrid, Espa\u00f1a).<\/font>\n                        <\/font>\n                      <\/font>\n                    <\/font>\n                    <br>\n                    <br>\n                    <font style=\"vertical-align: inherit;\">\n                      <font style=\"vertical-align: inherit;\">\n                        <font style=\"vertical-align: inherit;\">\n                          <font style=\"vertical-align: inherit;\">Ocup\u00f3 cargos directivos, sido capacitador y consultor en planificaci\u00f3n estrat\u00e9gica, docente, autor, ponente e impulsor de proyectos comunitarios.&nbsp;&nbsp;<\/font>\n                        <\/font>\n                      <\/font>\n                    <\/font>\n                  <\/p>\n                  <p class=\"u-align-left u-text u-text-4\">\n                    <font style=\"vertical-align: inherit;\">\n                      <font style=\"vertical-align: inherit;\">\n                        <font style=\"vertical-align: inherit;\">\n                          <font style=\"vertical-align: inherit;\">\n                            <font style=\"vertical-align: inherit;\">\n                              <font style=\"vertical-align: inherit;\">\n                                <font style=\"vertical-align: inherit;\">\n                                  <font style=\"vertical-align: inherit;\">\n                                    <font style=\"vertical-align: inherit;\">\n                                      <font style=\"vertical-align: inherit;\">\n                                        <font style=\"vertical-align: inherit;\">\n                                          <font style=\"vertical-align: inherit;\">\n                                            <font style=\"vertical-align: inherit;\">\n                                              <font style=\"vertical-align: inherit;\">P\u00e1rrafo. Lorem ipsum dolor sit amet, consectetur adipiscing elit. Curabitur id suscipit ex. Suspendisse rhoncus laoreet purus quis elementum. Phasellus sed efficitur dolor, et ultricies sapien. Quisque fringilla sit amet dolor commodo efficitur. Aliquam et sem odio. In ullamcorper nisi nunc, et molestie ipsum iaculis sit amet.<\/font>\n                                            <\/font>\n                                          <\/font>\n                                        <\/font>\n                                      <\/font>\n                                    <\/font>\n                                  <\/font>\n                                <\/font>\n                              <\/font>\n                            <\/font>\n                          <\/font>\n                        <\/font>\n                      <\/font>\n                    <\/font>\n                  <\/p>\n                <\/div>\n              <\/div>\n            <\/div>\n          <\/div>\n        <\/div>\n      <\/div>\n    <\/section>\n    <section class=\"u-clearfix u-section-13\" id=\"carousel_5840\">\n      <div class=\"u-clearfix u-sheet u-sheet-1\">\n        <div class=\"u-border-3 u-border-palette-2-base u-line u-line-horizontal u-line-1\"><\/div>\n        <div class=\"data-layout-selected u-clearfix u-expanded-width u-gutter-30 u-layout-wrap u-layout-wrap-1\">\n          <div class=\"u-layout\">\n            <div class=\"u-layout-row\">\n              <div class=\"u-container-style u-layout-cell u-right-cell u-size-37 u-layout-cell-1\">\n                <div class=\"u-container-layout u-container-layout-1\">\n                  <h2 class=\"u-align-left u-text u-text-default u-text-1\">Msc.<b>\n                      <font style=\"vertical-align: inherit;\">\n                        <font style=\"vertical-align: inherit;\">\n                          <font style=\"vertical-align: inherit;\">\n                            <font style=\"vertical-align: inherit;\">\n                              <font style=\"vertical-align: inherit;\">\n                                <font style=\"vertical-align: inherit;\">\n                                  <font style=\"vertical-align: inherit;\">\n                                    <font style=\"vertical-align: inherit;\">\n                                      <font style=\"vertical-align: inherit;\">\n                                        <font style=\"vertical-align: inherit;\">\n                                          <font style=\"vertical-align: inherit;\">\n                                            <font style=\"vertical-align: inherit;\">\n                                              <font style=\"vertical-align: inherit;\">\n                                                <font style=\"vertical-align: inherit;\">\n                                                  <font style=\"vertical-align: inherit;\">\n                                                    <font style=\"vertical-align: inherit;\">\n                                                      <font style=\"vertical-align: inherit;\">\n                                                        <font style=\"vertical-align: inherit;\"> Rebeca Rea&nbsp;<\/font>\n                                                      <\/font>\n                                                    <\/font>\n                                                  <\/font>\n                                                <\/font>\n                                              <\/font>\n                                            <\/font>\n                                          <\/font>\n                                        <\/font>\n                                      <\/font>\n                                    <\/font>\n                                  <\/font>\n                                <\/font>\n                              <\/font>\n                            <\/font>\n                          <\/font>\n                        <\/font>\n                      <\/font><\/b>\n                  <\/h2>\n                  <h6 class=\"u-align-left u-text u-text-custom-color-23 u-text-2\">\n                    <font style=\"vertical-align: inherit;\">\n                      <font style=\"vertical-align: inherit;\">\n                        <font style=\"vertical-align: inherit;\">\n                          <font style=\"vertical-align: inherit;\">\n                            <font style=\"vertical-align: inherit;\">\n                              <font style=\"vertical-align: inherit;\">\n                                <font style=\"vertical-align: inherit;\">\n                                  <font style=\"vertical-align: inherit;\">\n                                    <font style=\"vertical-align: inherit;\">\n                                      <font style=\"vertical-align: inherit;\">\n                                        <font style=\"vertical-align: inherit;\">\n                                          <font style=\"vertical-align: inherit;\">\n                                            <font style=\"vertical-align: inherit;\">\n                                              <font style=\"vertical-align: inherit;\">\n                                                <font style=\"vertical-align: inherit;\">\n                                                  <font style=\"vertical-align: inherit;\">\n                                                    <font style=\"vertical-align: inherit;\">\n                                                      <font style=\"vertical-align: inherit;\">Directora \u200bPr\u00e1cticas Preprofesionales<\/font>\n                                                    <\/font>\n                                                  <\/font>\n                                                <\/font>\n                                              <\/font>\n                                            <\/font>\n                                          <\/font>\n                                        <\/font>\n                                      <\/font>\n                                    <\/font>\n                                  <\/font>\n                                <\/font>\n                              <\/font>\n                            <\/font>\n                          <\/font>\n                        <\/font>\n                      <\/font>\n                    <\/font>\n                  <\/h6>\n                  <p class=\"u-align-justify u-custom-font u-font-montserrat u-text u-text-3\">\n                    <font style=\"vertical-align: inherit;\">\n                      <font style=\"vertical-align: inherit;\">\n                        <font style=\"vertical-align: inherit;\">\n                          <font style=\"vertical-align: inherit;\">\n                            <font style=\"vertical-align: inherit;\">\n                              <font style=\"vertical-align: inherit;\">\n                                <font style=\"vertical-align: inherit;\">\n                                  <font style=\"vertical-align: inherit;\">\n                                    <font style=\"vertical-align: inherit;\">\n                                      <font style=\"vertical-align: inherit;\">\n                                        <font style=\"vertical-align: inherit;\">\n                                          <font style=\"vertical-align: inherit;\">\n                                            <font style=\"vertical-align: inherit;\">\n                                              <font style=\"vertical-align: inherit;\">\n                                                <font style=\"vertical-align: inherit;\">\n                                                  <font style=\"vertical-align: inherit;\">\n                                                    <font style=\"vertical-align: inherit;\">\n                                                      <font style=\"vertical-align: inherit;\"><\/font>\n                                                    <\/font>\n                                                  <\/font>\n                                                <\/font>\n                                              <\/font>\n                                            <\/font>\n                                          <\/font>\n                                        <\/font>\n                                      <\/font>\n                                    <\/font>\n                                  <\/font>\n                                <\/font>\n                              <\/font>\n                            <\/font>\n                          <\/font>\n                        <\/font>\n                      <\/font>\n                    <\/font>\n                    <font style=\"vertical-align: inherit;\">\n                      <font style=\"vertical-align: inherit;\">\n                        <font style=\"vertical-align: inherit;\">\n                          <font style=\"vertical-align: inherit;\">\n                            <font style=\"vertical-align: inherit;\">\n                              <font style=\"vertical-align: inherit;\">\n                                <font style=\"vertical-align: inherit;\">\n                                  <font style=\"vertical-align: inherit;\">Contador P\u00fablico Autorizado\n(CPA) y Mag\u00edster en Contabilidad y Auditor\u00eda, con especializaci\u00f3n en Riesgos\nOperativos y Financieros.<br>\n                                    <br>Con amplia experiencia docente en \u00e1reas clave como\nContabilidad y Estados Financieros, fomento el pensamiento cr\u00edtico y la aplicaci\u00f3n\npr\u00e1ctica.\n&nbsp;&nbsp;&nbsp;&nbsp; &nbsp; &nbsp;\n                                  <\/font>\n                                <\/font>\n                              <\/font>\n                            <\/font>\n                          <\/font>\n                        <\/font>\n                      <\/font>\n                    <\/font>\n                  <\/p>\n                  <p class=\"u-align-left u-text u-text-4\">\n                    <font style=\"vertical-align: inherit;\">\n                      <font style=\"vertical-align: inherit;\">\n                        <font style=\"vertical-align: inherit;\">\n                          <font style=\"vertical-align: inherit;\">\n                            <font style=\"vertical-align: inherit;\">\n                              <font style=\"vertical-align: inherit;\">\n                                <font style=\"vertical-align: inherit;\">\n                                  <font style=\"vertical-align: inherit;\">\n                                    <font style=\"vertical-align: inherit;\">\n                                      <font style=\"vertical-align: inherit;\">\n                                        <font style=\"vertical-align: inherit;\">\n                                          <font style=\"vertical-align: inherit;\">\n                                            <font style=\"vertical-align: inherit;\">\n                                              <font style=\"vertical-align: inherit;\">\n                                                <font style=\"vertical-align: inherit;\">\n                                                  <font style=\"vertical-align: inherit;\">\n                                                    <font style=\"vertical-align: inherit;\">\n                                                      <font style=\"vertical-align: inherit;\">P\u00e1rrafo. Lorem ipsum dolor sit amet, consectetur adipiscing elit. Curabitur id suscipit ex. Suspendisse rhoncus laoreet purus quis elementum. Phasellus sed efficitur dolor, et ultricies sapien. Quisque fringilla sit amet dolor commodo efficitur. Aliquam et sem odio. In ullamcorper nisi nunc, et molestie ipsum iaculis sit amet.<\/font>\n                                                    <\/font>\n                                                  <\/font>\n                                                <\/font>\n                                              <\/font>\n                                            <\/font>\n                                          <\/font>\n                                        <\/font>\n                                      <\/font>\n                                    <\/font>\n                                  <\/font>\n                                <\/font>\n                              <\/font>\n                            <\/font>\n                          <\/font>\n                        <\/font>\n                      <\/font>\n                    <\/font>\n                  <\/p>\n                <\/div>\n              <\/div>\n              <div class=\"u-align-center u-container-align-center u-container-style u-image u-layout-cell u-left-cell u-size-23 u-image-1\" data-image-width=\"3468\" data-image-height=\"3772\" style=\"background-image: url(&quot;http:\/\/intsuperior.edu.ec\/wp-content\/uploads\/2025\/02\/Rebeca-scaled.jpg&quot;);\">\n                <div class=\"u-container-layout u-valign-middle u-container-layout-2\"><\/div>\n              <\/div>\n            <\/div>\n          <\/div>\n        <\/div>\n      <\/div>\n    <\/section>\n    <section class=\"u-clearfix u-section-14\" id=\"carousel_3a32\">\n      <div class=\"u-clearfix u-sheet u-sheet-1\">\n        <div class=\"u-align-center u-border-3 u-border-custom-color-23 u-line u-line-horizontal u-line-1\"><\/div>\n        <div class=\"data-layout-selected u-clearfix u-expanded-width u-gutter-30 u-layout-wrap u-layout-wrap-1\">\n          <div class=\"u-layout\" style=\"\">\n            <div class=\"u-layout-row\" style=\"\">\n              <div class=\"u-align-center u-container-align-center u-container-style u-image u-layout-cell u-left-cell u-size-23 u-image-1\" data-image-width=\"4817\" data-image-height=\"5668\" style=\"background-image: url(&quot;http:\/\/intsuperior.edu.ec\/wp-content\/uploads\/2025\/02\/Marianita-scaled.jpg&quot;);\">\n                <div class=\"u-container-layout u-valign-middle u-container-layout-1\"><\/div>\n              <\/div>\n              <div class=\"u-container-align-left u-container-style u-layout-cell u-right-cell u-size-37 u-layout-cell-2\">\n                <div class=\"u-container-layout u-container-layout-2\">\n                  <h2 class=\"u-align-left u-text u-text-default u-text-1\">\n                    <font style=\"vertical-align: inherit;\">\n                      <font style=\"vertical-align: inherit;\">\n                        <font style=\"vertical-align: inherit;\">\n                          <font style=\"vertical-align: inherit;\">\n                            <font style=\"vertical-align: inherit;\">\n                              <font style=\"vertical-align: inherit;\">\n                                <font style=\"vertical-align: inherit;\">\n                                  <font style=\"vertical-align: inherit;\">\n                                    <font style=\"vertical-align: inherit;\">\n                                      <font style=\"vertical-align: inherit;\">\n                                        <font style=\"vertical-align: inherit;\">\n                                          <font style=\"vertical-align: inherit;\">\n                                            <font style=\"vertical-align: inherit;\">\n                                              <font style=\"vertical-align: inherit;\">\n                                                <font style=\"vertical-align: inherit;\">\n                                                  <font style=\"vertical-align: inherit;\">Msc.&nbsp;<\/font>\n                                                <\/font>\n                                              <\/font>\n                                            <\/font>\n                                          <\/font>\n                                        <\/font>\n                                      <\/font>\n                                    <\/font>\n                                  <\/font>\n                                <\/font>\n                              <\/font>\n                            <\/font>\n                          <\/font>\n                        <\/font>\n                      <\/font>\n                    <\/font><b>\n                      <font style=\"vertical-align: inherit;\">\n                        <font style=\"vertical-align: inherit;\">\n                          <font style=\"vertical-align: inherit;\">\n                            <font style=\"vertical-align: inherit;\">\n                              <font style=\"vertical-align: inherit;\">\n                                <font style=\"vertical-align: inherit;\">\n                                  <font style=\"vertical-align: inherit;\">\n                                    <font style=\"vertical-align: inherit;\">\n                                      <font style=\"vertical-align: inherit;\">\n                                        <font style=\"vertical-align: inherit;\">\n                                          <font style=\"vertical-align: inherit;\">\n                                            <font style=\"vertical-align: inherit;\">\n                                              <font style=\"vertical-align: inherit;\">\n                                                <font style=\"vertical-align: inherit;\">\n                                                  <font style=\"vertical-align: inherit;\">\n                                                    <font style=\"vertical-align: inherit;\">Mariana Carvajal<\/font>\n                                                  <\/font>\n                                                <\/font>\n                                              <\/font>\n                                            <\/font>\n                                          <\/font>\n                                        <\/font>\n                                      <\/font>\n                                    <\/font>\n                                  <\/font>\n                                <\/font>\n                              <\/font>\n                            <\/font>\n                          <\/font>\n                        <\/font>\n                      <\/font><\/b>\n                  <\/h2>\n                  <h6 class=\"u-align-left u-text u-text-custom-color-23 u-text-2\">\n                    <font style=\"vertical-align: inherit;\">\n                      <font style=\"vertical-align: inherit;\">\n                        <font style=\"vertical-align: inherit;\">\n                          <font style=\"vertical-align: inherit;\">\n                            <font style=\"vertical-align: inherit;\">\n                              <font style=\"vertical-align: inherit;\">\n                                <font style=\"vertical-align: inherit;\">\n                                  <font style=\"vertical-align: inherit;\">\n                                    <font style=\"vertical-align: inherit;\">\n                                      <font style=\"vertical-align: inherit;\">\n                                        <font style=\"vertical-align: inherit;\">\n                                          <font style=\"vertical-align: inherit;\">\n                                            <font style=\"vertical-align: inherit;\">\n                                              <font style=\"vertical-align: inherit;\">\n                                                <font style=\"vertical-align: inherit;\">\n                                                  <font style=\"vertical-align: inherit;\">Coordinadora de Investigaci\u00f3n<\/font>\n                                                <\/font>\n                                              <\/font>\n                                            <\/font>\n                                          <\/font>\n                                        <\/font>\n                                      <\/font>\n                                    <\/font>\n                                  <\/font>\n                                <\/font>\n                              <\/font>\n                            <\/font>\n                          <\/font>\n                        <\/font>\n                      <\/font>\n                    <\/font>\n                  <\/h6>\n                  <p class=\"u-align-justify u-custom-font u-font-montserrat u-text u-text-3\">\n                    <font style=\"vertical-align: inherit;\">\n                      <font style=\"vertical-align: inherit;\">\n                        <font style=\"vertical-align: inherit;\">\n                          <font style=\"vertical-align: inherit;\">\n                            <font style=\"vertical-align: inherit;\">\n                              <font style=\"vertical-align: inherit;\">\n                                <font style=\"vertical-align: inherit;\">\n                                  <font style=\"vertical-align: inherit;\">\n                                    <font style=\"vertical-align: inherit;\">\n                                      <font style=\"vertical-align: inherit;\">\n                                        <font style=\"vertical-align: inherit;\">\n                                          <font style=\"vertical-align: inherit;\">\n                                            <font style=\"vertical-align: inherit;\">\n                                              <font style=\"vertical-align: inherit;\">\n                                                <font style=\"vertical-align: inherit;\">\n                                                  <font style=\"vertical-align: inherit;\"><\/font>\n                                                <\/font>\n                                              <\/font>\n                                            <\/font>\n                                          <\/font>\n                                        <\/font>\n                                      <\/font>\n                                    <\/font>\n                                  <\/font>\n                                <\/font>\n                              <\/font>\n                            <\/font>\n                          <\/font>\n                        <\/font>\n                      <\/font>\n                    <\/font>\n                    <font style=\"vertical-align: inherit;\">\n                      <font style=\"vertical-align: inherit;\">\n                        <font style=\"vertical-align: inherit;\">\n                          <font style=\"vertical-align: inherit;\">\n                            <font style=\"vertical-align: inherit;\">\n                              <font style=\"vertical-align: inherit;\">Licenciada en Contabilidad Superior, Auditor\u00eda y\nFinanzas (CPA) y Mag\u00edster en Contabilidad y Finanzas con menci\u00f3n en Gesti\u00f3n\nFiscal, Financiera y Tributaria.&nbsp;<br>\n                                <br>Docente con experiencia, experta en an\u00e1lisis\nfinanciero, auditor\u00edas y estrategias fiscales, enfocada en la excelencia\neducativa.&nbsp;&nbsp;&nbsp;\n                              <\/font>\n                            <\/font>\n                          <\/font>\n                        <\/font>\n                      <\/font>\n                    <\/font>\n                  <\/p>\n                  <p class=\"u-align-left u-text u-text-4\">\n                    <font style=\"vertical-align: inherit;\">\n                      <font style=\"vertical-align: inherit;\">\n                        <font style=\"vertical-align: inherit;\">\n                          <font style=\"vertical-align: inherit;\">\n                            <font style=\"vertical-align: inherit;\">\n                              <font style=\"vertical-align: inherit;\">\n                                <font style=\"vertical-align: inherit;\">\n                                  <font style=\"vertical-align: inherit;\">\n                                    <font style=\"vertical-align: inherit;\">\n                                      <font style=\"vertical-align: inherit;\">\n                                        <font style=\"vertical-align: inherit;\">\n                                          <font style=\"vertical-align: inherit;\">\n                                            <font style=\"vertical-align: inherit;\">\n                                              <font style=\"vertical-align: inherit;\">\n                                                <font style=\"vertical-align: inherit;\">\n                                                  <font style=\"vertical-align: inherit;\">P\u00e1rrafo. Lorem ipsum dolor sit amet, consectetur adipiscing elit. Curabitur id suscipit ex. Suspendisse rhoncus laoreet purus quis elementum. Phasellus sed efficitur dolor, et ultricies sapien. Quisque fringilla sit amet dolor commodo efficitur. Aliquam et sem odio. In ullamcorper nisi nunc, et molestie ipsum iaculis sit amet.<\/font>\n                                                <\/font>\n                                              <\/font>\n                                            <\/font>\n                                          <\/font>\n                                        <\/font>\n                                      <\/font>\n                                    <\/font>\n                                  <\/font>\n                                <\/font>\n                              <\/font>\n                            <\/font>\n                          <\/font>\n                        <\/font>\n                      <\/font>\n                    <\/font>\n                  <\/p>\n                <\/div>\n              <\/div>\n            <\/div>\n          <\/div>\n        <\/div>\n      <\/div>\n    <\/section>\n    \n    \n    \n    \n  \n<\/div>","protected":false},"excerpt":{"rendered":"<p>Rector INT Texto de muestra. Haz clic para seleccionar el elemento de Texto. 350 5ta Avenida, Nueva York, NY 10118 [&hellip;]<\/p>\n","protected":false},"author":1,"featured_media":0,"parent":0,"menu_order":0,"comment_status":"closed","ping_status":"closed","template":"","meta":{"site-sidebar-layout":"default","site-content-layout":"","ast-site-content-layout":"","site-content-style":"default","site-sidebar-style":"default","ast-global-header-display":"","ast-banner-title-visibility":"","ast-main-header-display":"","ast-hfb-above-header-display":"","ast-hfb-below-header-display":"","ast-hfb-mobile-header-display":"","site-post-title":"","ast-breadcrumbs-content":"","ast-featured-img":"","footer-sml-layout":"","theme-transparent-header-meta":"","adv-header-id-meta":"","stick-header-meta":"","header-above-stick-meta":"","header-main-stick-meta":"","header-below-stick-meta":"","astra-migrate-meta-layouts":"default","ast-page-background-enabled":"default","ast-page-background-meta":{"desktop":{"background-color":"var(--ast-global-color-4)","background-image":"","background-repeat":"repeat","background-position":"center center","background-size":"auto","background-attachment":"scroll","background-type":"","background-media":"","overlay-type":"","overlay-color":"","overlay-gradient":""},"tablet":{"background-color":"","background-image":"","background-repeat":"repeat","background-position":"center center","background-size":"auto","background-attachment":"scroll","background-type":"","background-media":"","overlay-type":"","overlay-color":"","overlay-gradient":""},"mobile":{"background-color":"","background-image":"","background-repeat":"repeat","background-position":"center center","background-size":"auto","background-attachment":"scroll","background-type":"","background-media":"","overlay-type":"","overlay-color":"","overlay-gradient":""}},"ast-content-background-meta":{"desktop":{"background-color":"var(--ast-global-color-5)","background-image":"","background-repeat":"repeat","background-position":"center center","background-size":"auto","background-attachment":"scroll","background-type":"","background-media":"","overlay-type":"","overlay-color":"","overlay-gradient":""},"tablet":{"background-color":"var(--ast-global-color-5)","background-image":"","background-repeat":"repeat","background-position":"center center","background-size":"auto","background-attachment":"scroll","background-type":"","background-media":"","overlay-type":"","overlay-color":"","overlay-gradient":""},"mobile":{"background-color":"var(--ast-global-color-5)","background-image":"","background-repeat":"repeat","background-position":"center center","background-size":"auto","background-attachment":"scroll","background-type":"","background-media":"","overlay-type":"","overlay-color":"","overlay-gradient":""}},"footnotes":""},"_links":{"self":[{"href":"http:\/\/intsuperior.edu.ec\/index.php?rest_route=\/wp\/v2\/pages\/1209"}],"collection":[{"href":"http:\/\/intsuperior.edu.ec\/index.php?rest_route=\/wp\/v2\/pages"}],"about":[{"href":"http:\/\/intsuperior.edu.ec\/index.php?rest_route=\/wp\/v2\/types\/page"}],"author":[{"embeddable":true,"href":"http:\/\/intsuperior.edu.ec\/index.php?rest_route=\/wp\/v2\/users\/1"}],"replies":[{"embeddable":true,"href":"http:\/\/intsuperior.edu.ec\/index.php?rest_route=%2Fwp%2Fv2%2Fcomments&post=1209"}],"version-history":[{"count":34,"href":"http:\/\/intsuperior.edu.ec\/index.php?rest_route=\/wp\/v2\/pages\/1209\/revisions"}],"predecessor-version":[{"id":6345,"href":"http:\/\/intsuperior.edu.ec\/index.php?rest_route=\/wp\/v2\/pages\/1209\/revisions\/6345"}],"wp:attachment":[{"href":"http:\/\/intsuperior.edu.ec\/index.php?rest_route=%2Fwp%2Fv2%2Fmedia&parent=1209"}],"curies":[{"name":"wp","href":"https:\/\/api.w.org\/{rel}","templated":true}]}}